{"id":991400,"date":"2026-04-29T11:42:03","date_gmt":"2026-04-29T09:42:03","guid":{"rendered":"https:\/\/franziskazimmermann.de\/?page_id=991400"},"modified":"2026-04-29T16:15:33","modified_gmt":"2026-04-29T14:15:33","slug":"moderatorin-duesseldorf","status":"publish","type":"page","link":"https:\/\/franziskazimmermann.de\/en\/moderatorin-duesseldorf\/","title":{"rendered":"TV presenter, D\u00fcsseldorf"},"content":{"rendered":"\t\t<div data-elementor-type=\"wp-page\" data-elementor-id=\"991400\" class=\"elementor elementor-991400\" data-elementor-post-type=\"page\">\n\t\t\t\t<div class=\"elementor-element elementor-element-e1e085c e-flex e-con-boxed e-con e-parent\" data-id=\"e1e085c\" data-element_type=\"container\" data-e-type=\"container\">\n\t\t\t\t\t<div class=\"e-con-inner\">\n\t\t<div class=\"elementor-element elementor-element-677311a e-con-full e-flex e-con e-child\" data-id=\"677311a\" data-element_type=\"container\" data-e-type=\"container\" data-settings=\"{&quot;background_background&quot;:&quot;classic&quot;}\">\n\t\t\t\t<div class=\"elementor-element elementor-element-03d1124 elementor-widget elementor-widget-image\" data-id=\"03d1124\" data-element_type=\"widget\" data-e-type=\"widget\" data-widget_type=\"image.default\">\n\t\t\t\t<div class=\"elementor-widget-container\">\n\t\t\t\t\t\t\t\t\t\t\t\t\t\t\t<img fetchpriority=\"high\" decoding=\"async\" width=\"1978\" height=\"2560\" src=\"https:\/\/franziskazimmermann.de\/wp-content\/uploads\/2026\/04\/Franziska-Zimmermann-Headshot-Portrait-lachend-@Ralph-Geiling-scaled.jpg\" class=\"attachment-full size-full wp-image-991409\" alt=\"Moderatorin D\u00fcsseldorf Franziska Zimmermann \u2013 Eventmoderatorin f\u00fcr Events, Messen und Kongresse in NRW\" srcset=\"https:\/\/franziskazimmermann.de\/wp-content\/uploads\/2026\/04\/Franziska-Zimmermann-Headshot-Portrait-lachend-@Ralph-Geiling-scaled.jpg 1978w, https:\/\/franziskazimmermann.de\/wp-content\/uploads\/2026\/04\/Franziska-Zimmermann-Headshot-Portrait-lachend-@Ralph-Geiling-232x300.jpg 232w, https:\/\/franziskazimmermann.de\/wp-content\/uploads\/2026\/04\/Franziska-Zimmermann-Headshot-Portrait-lachend-@Ralph-Geiling-791x1024.jpg 791w, https:\/\/franziskazimmermann.de\/wp-content\/uploads\/2026\/04\/Franziska-Zimmermann-Headshot-Portrait-lachend-@Ralph-Geiling-768x994.jpg 768w, https:\/\/franziskazimmermann.de\/wp-content\/uploads\/2026\/04\/Franziska-Zimmermann-Headshot-Portrait-lachend-@Ralph-Geiling-1187x1536.jpg 1187w, https:\/\/franziskazimmermann.de\/wp-content\/uploads\/2026\/04\/Franziska-Zimmermann-Headshot-Portrait-lachend-@Ralph-Geiling-1582x2048.jpg 1582w, https:\/\/franziskazimmermann.de\/wp-content\/uploads\/2026\/04\/Franziska-Zimmermann-Headshot-Portrait-lachend-@Ralph-Geiling-9x12.jpg 9w\" sizes=\"(max-width: 1978px) 100vw, 1978px\" \/>\t\t\t\t\t\t\t\t\t\t\t\t\t\t\t<\/div>\n\t\t\t\t<\/div>\n\t\t\t\t<\/div>\n\t\t<div class=\"elementor-element elementor-element-3794e72 e-con-full e-flex e-con e-child\" data-id=\"3794e72\" data-element_type=\"container\" data-e-type=\"container\">\n\t\t\t\t<div class=\"elementor-element elementor-element-57fdc8a elementor-widget__width-initial elementor-widget-tablet__width-initial elementor-widget-mobile__width-inherit elementor-widget elementor-widget-heading\" data-id=\"57fdc8a\" data-element_type=\"widget\" data-e-type=\"widget\" data-widget_type=\"heading.default\">\n\t\t\t\t<div class=\"elementor-widget-container\">\n\t\t\t\t\t<h1 class=\"elementor-heading-title elementor-size-default\">Moderatorin D\u00fcsseldorf \u2013 Ihre Eventmoderatorin f\u00fcr Events in NRW<\/h1>\t\t\t\t<\/div>\n\t\t\t\t<\/div>\n\t\t\t\t<div class=\"elementor-element elementor-element-f34a3b3 elementor-widget__width-initial elementor-widget-tablet__width-inherit elementor-widget elementor-widget-text-editor\" data-id=\"f34a3b3\" data-element_type=\"widget\" data-e-type=\"widget\" data-widget_type=\"text-editor.default\">\n\t\t\t\t<div class=\"elementor-widget-container\">\n\t\t\t\t\t\t\t\t\t<p data-start=\"947\" data-end=\"1128\">D\u00fcsseldorf z\u00e4hlt zu den wichtigsten Event- und Messestandorten in Deutschland \u2013 und ist f\u00fcr mich als Moderatorin einer der zentralen Orte f\u00fcr Veranstaltungen in Nordrhein-Westfalen.<\/p><p data-start=\"1130\" data-end=\"1286\">Als <strong>Moderatorin in D\u00fcsseldorf<\/strong> und ganz NRW begleite ich Events in der Region \u2013 von K\u00f6ln \u00fcber Dortmund bis hin zu weiteren bedeutenden Wirtschaftsstandorten.<\/p><p>Ob <strong>Fachkongress<\/strong>, <strong>Messe<\/strong>, <strong>Paneldiskussion<\/strong>, <strong>Abendgala<\/strong> oder <strong>Corporate Event<\/strong>: Als erfahrene Business- &amp; Eventmoderatorin begleite ich Veranstaltungen in D\u00fcsseldorf und ganz Nordrhein-Westfalen\u00a0so, dass sie im Kopf bleiben!<\/p><p>Mein Moderationsfokus: <strong>Wirtschaft, Technologie &amp; Innovation, K\u00fcnstliche Intelligenz<\/strong> und <strong>Finance<\/strong> \u2013 Themen, die gerade hier auf hochkar\u00e4tigen B\u00fchnen gefragt sind.<\/p><p><strong>Ihr Vorteil:<\/strong> eine erfahrene Eventmoderatorin, die sich schnell in Themen einarbeitet, Diskussionen strukturiert f\u00fchrt und Ihr Event und Ihre Marke mit Charme und Energie zum Strahlen bringt!<\/p>\t\t\t\t\t\t\t\t<\/div>\n\t\t\t\t<\/div>\n\t\t\t\t<div class=\"elementor-element elementor-element-99856a0 elementor-mobile-align-center elementor-align-left elementor-widget elementor-widget-button\" data-id=\"99856a0\" data-element_type=\"widget\" data-e-type=\"widget\" data-widget_type=\"button.default\">\n\t\t\t\t<div class=\"elementor-widget-container\">\n\t\t\t\t\t\t\t\t\t<div class=\"elementor-button-wrapper\">\n\t\t\t\t\t<a class=\"elementor-button elementor-button-link elementor-size-sm\" href=\"https:\/\/franziskazimmermann.de\/about\/\">\n\t\t\t\t\t\t<span class=\"elementor-button-content-wrapper\">\n\t\t\t\t\t\t<span class=\"elementor-button-icon\">\n\t\t\t\t<i aria-hidden=\"true\" class=\"vamtamtheme- vamtam-theme-arrow-right\"><\/i>\t\t\t<\/span>\n\t\t\t\t\t\t\t\t\t<span class=\"elementor-button-text\">Mehr \u00fcber mich<\/span>\n\t\t\t\t\t<\/span>\n\t\t\t\t\t<\/a>\n\t\t\t\t<\/div>\n\t\t\t\t\t\t\t\t<\/div>\n\t\t\t\t<\/div>\n\t\t\t\t<\/div>\n\t\t\t\t\t<\/div>\n\t\t\t\t<\/div>\n\t\t\t\t<section class=\"elementor-section elementor-top-section elementor-element elementor-element-bf08b85 elementor-section-boxed elementor-section-height-default elementor-section-height-default\" data-id=\"bf08b85\" data-element_type=\"section\" data-e-type=\"section\">\n\t\t\t\t\t\t<div class=\"elementor-container elementor-column-gap-no\">\n\t\t\t\t\t<div class=\"elementor-column elementor-col-100 elementor-top-column elementor-element elementor-element-822b131\" data-id=\"822b131\" data-element_type=\"column\" data-e-type=\"column\" data-settings=\"{&quot;background_background&quot;:&quot;classic&quot;}\">\n\t\t\t<div class=\"elementor-widget-wrap elementor-element-populated\">\n\t\t\t\t\t\t<div class=\"elementor-element elementor-element-e82ce22 elementor-widget elementor-widget-spacer\" data-id=\"e82ce22\" data-element_type=\"widget\" data-e-type=\"widget\" data-widget_type=\"spacer.default\">\n\t\t\t\t<div class=\"elementor-widget-container\">\n\t\t\t\t\t\t\t<div class=\"elementor-spacer\">\n\t\t\t<div class=\"elementor-spacer-inner\"><\/div>\n\t\t<\/div>\n\t\t\t\t\t\t<\/div>\n\t\t\t\t<\/div>\n\t\t\t\t\t<\/div>\n\t\t<\/div>\n\t\t\t\t\t<\/div>\n\t\t<\/section>\n\t\t\t\t<section class=\"elementor-section elementor-top-section elementor-element elementor-element-f465e45 elementor-section-height-min-height elementor-section-items-bottom elementor-section-boxed elementor-section-height-default\" data-id=\"f465e45\" data-element_type=\"section\" data-e-type=\"section\" data-settings=\"{&quot;background_background&quot;:&quot;classic&quot;,&quot;background_motion_fx_motion_fx_scrolling&quot;:&quot;yes&quot;,&quot;background_motion_fx_translateY_effect&quot;:&quot;yes&quot;,&quot;background_motion_fx_translateY_direction&quot;:&quot;negative&quot;,&quot;shape_divider_bottom&quot;:&quot;opacity-tilt&quot;,&quot;background_motion_fx_translateY_speed&quot;:{&quot;unit&quot;:&quot;px&quot;,&quot;size&quot;:4,&quot;sizes&quot;:[]},&quot;background_motion_fx_translateY_affectedRange&quot;:{&quot;unit&quot;:&quot;%&quot;,&quot;size&quot;:&quot;&quot;,&quot;sizes&quot;:{&quot;start&quot;:0,&quot;end&quot;:100}},&quot;background_motion_fx_devices&quot;:[&quot;desktop&quot;,&quot;tablet&quot;,&quot;mobile&quot;]}\">\n\t\t\t\t\t\t\t<div class=\"elementor-background-overlay\"><\/div>\n\t\t\t\t\t\t<div class=\"elementor-shape elementor-shape-bottom\" aria-hidden=\"true\" data-negative=\"false\">\n\t\t\t<svg xmlns=\"http:\/\/www.w3.org\/2000\/svg\" viewBox=\"0 0 2600 131.1\" preserveAspectRatio=\"none\">\n\t<path class=\"elementor-shape-fill\" d=\"M0 0L2600 0 2600 69.1 0 0z\"\/>\n\t<path class=\"elementor-shape-fill\" style=\"opacity:0.5\" d=\"M0 0L2600 0 2600 69.1 0 69.1z\"\/>\n\t<path class=\"elementor-shape-fill\" style=\"opacity:0.25\" d=\"M2600 0L0 0 0 130.1 2600 69.1z\"\/>\n<\/svg>\t\t<\/div>\n\t\t\t\t\t<div class=\"elementor-container elementor-column-gap-default\">\n\t\t\t\t\t<div class=\"elementor-column elementor-col-100 elementor-top-column elementor-element elementor-element-5172df2\" data-id=\"5172df2\" data-element_type=\"column\" data-e-type=\"column\">\n\t\t\t<div class=\"elementor-widget-wrap elementor-element-populated\">\n\t\t\t\t\t\t<div class=\"elementor-element elementor-element-28e641f elementor-widget__width-initial elementor-widget-mobile__width-initial elementor-widget elementor-widget-heading\" data-id=\"28e641f\" data-element_type=\"widget\" data-e-type=\"widget\" data-widget_type=\"heading.default\">\n\t\t\t\t<div class=\"elementor-widget-container\">\n\t\t\t\t\t<h2 class=\"elementor-heading-title elementor-size-default\">Moderatorin D\u00fcsseldorf<\/h2>\t\t\t\t<\/div>\n\t\t\t\t<\/div>\n\t\t\t\t<div class=\"elementor-element elementor-element-3d89a1b elementor-widget__width-initial elementor-widget elementor-widget-text-editor\" data-id=\"3d89a1b\" data-element_type=\"widget\" data-e-type=\"widget\" data-widget_type=\"text-editor.default\">\n\t\t\t\t<div class=\"elementor-widget-container\">\n\t\t\t\t\t\t\t\t\t<p>f\u00fcr Events, Konferenzen, Messen &amp; Galaveranstaltungen<\/p>\t\t\t\t\t\t\t\t<\/div>\n\t\t\t\t<\/div>\n\t\t\t\t\t<\/div>\n\t\t<\/div>\n\t\t\t\t\t<\/div>\n\t\t<\/section>\n\t\t<div class=\"elementor-element elementor-element-8d30df9 e-flex e-con-boxed e-con e-parent\" data-id=\"8d30df9\" data-element_type=\"container\" data-e-type=\"container\">\n\t\t\t\t\t<div class=\"e-con-inner\">\n\t\t\t\t<div class=\"elementor-element elementor-element-7b88c2e elementor-widget__width-initial elementor-widget-tablet__width-initial elementor-widget elementor-widget-heading\" data-id=\"7b88c2e\" data-element_type=\"widget\" data-e-type=\"widget\" data-widget_type=\"heading.default\">\n\t\t\t\t<div class=\"elementor-widget-container\">\n\t\t\t\t\t<h2 class=\"elementor-heading-title elementor-size-default\">Jetzt Moderatorin f\u00fcr Ihr Event in D\u00fcsseldorf anfragen!<\/h2>\t\t\t\t<\/div>\n\t\t\t\t<\/div>\n\t\t\t\t<div class=\"elementor-element elementor-element-86e16fe elementor-mobile-align-center elementor-align-center elementor-widget__width-initial elementor-widget elementor-widget-button\" data-id=\"86e16fe\" data-element_type=\"widget\" data-e-type=\"widget\" data-widget_type=\"button.default\">\n\t\t\t\t<div class=\"elementor-widget-container\">\n\t\t\t\t\t\t\t\t\t<div class=\"elementor-button-wrapper\">\n\t\t\t\t\t<a class=\"elementor-button elementor-button-link elementor-size-sm\" href=\"https:\/\/franziskazimmermann.de\/kontakt\/\">\n\t\t\t\t\t\t<span class=\"elementor-button-content-wrapper\">\n\t\t\t\t\t\t<span class=\"elementor-button-icon\">\n\t\t\t\t<i aria-hidden=\"true\" class=\"vamtamtheme- vamtam-theme-arrow-right\"><\/i>\t\t\t<\/span>\n\t\t\t\t\t\t\t\t\t<span class=\"elementor-button-text\">Jetzt kostenfrei Angebot anfordern!<\/span>\n\t\t\t\t\t<\/span>\n\t\t\t\t\t<\/a>\n\t\t\t\t<\/div>\n\t\t\t\t\t\t\t\t<\/div>\n\t\t\t\t<\/div>\n\t\t\t\t<div class=\"elementor-element elementor-element-833a76c elementor-widget__width-initial elementor-widget-tablet__width-inherit elementor-widget elementor-widget-text-editor\" data-id=\"833a76c\" data-element_type=\"widget\" data-e-type=\"widget\" data-widget_type=\"text-editor.default\">\n\t\t\t\t<div class=\"elementor-widget-container\">\n\t\t\t\t\t\t\t\t\t<p data-start=\"419\" data-end=\"682\">Als <strong><a href=\"https:\/\/franziskazimmermann.de\/wirtschaftsmoderatorin-fuer-politik-finance-tech-und-ki\/\" data-wplink-edit=\"true\">Wirtschafts<\/a>&#8211; und <a href=\"https:\/\/franziskazimmermann.de\/event-moderator\/\">Eventmoderatorin<\/a><\/strong> in D\u00fcsseldorf begleite ich Veranstaltungen in unterschiedlichen Formaten \u2013 von <a href=\"https:\/\/franziskazimmermann.de\/kongress-moderator\/\"><strong data-start=\"535\" data-end=\"557\">Kongressmoderation<\/strong><\/a> und <a href=\"https:\/\/franziskazimmermann.de\/messe-moderatorin\/\"><strong data-start=\"562\" data-end=\"581\">Messemoderation<\/strong><\/a> \u00fcber <a href=\"https:\/\/franziskazimmermann.de\/panel-moderatorin\/\"><strong data-start=\"587\" data-end=\"606\">Panel Talks &amp; Fireside Chats <\/strong><\/a>bis hin zu Preisverleihungen und Galaabenden.<\/p><p data-start=\"684\" data-end=\"845\">Ich liebe es, mich tief in neue und noch tiefer in schon bekannte Themen einzuarbeiten. Dabei ist mein Anspruch immer, fachliche Inhalte zu verbinden mit Leichtigkeit und Dynamik! Denn Ihr Publikum soll schlie\u00dflich nicht einschlafen, sondern mit einem L\u00e4cheln im Gesicht nach Hause gehen! \ud83d\ude42<\/p><p data-start=\"684\" data-end=\"845\">Meine Fokusthemen bei Moderationen sind <strong>Wirtschaft, Politik &amp; Gesellschaft,<\/strong> <strong>Finanzen &amp; Investments<\/strong> sowie <strong>Technologie<\/strong> und <a href=\"https:\/\/franziskazimmermann.de\/ki-moderatorin\/\"><strong>K\u00fcnstliche Intelligenz.\u00a0 <\/strong><\/a>Ich brenne aber genauso f\u00fcr Fashion, Kulinarik, Kultur und Reisen.\u00a0<\/p><p data-start=\"684\" data-end=\"845\">Sie planen eine Fachkonferenz, einen Messeauftritt, eine Paneldiskussion oder ein Abendevent in D\u00fcsseldorf oder Nordrhein-Westfalen? Dann lassen Sie uns unverbindlich sprechen und herausfinden, ob ich die passende Moderatorin f\u00fcr Sie sein kann!<\/p>\t\t\t\t\t\t\t\t<\/div>\n\t\t\t\t<\/div>\n\t\t\t\t\t<\/div>\n\t\t\t\t<\/div>\n\t\t<div class=\"elementor-element elementor-element-599c1caf e-flex e-con-boxed e-con e-parent\" data-id=\"599c1caf\" data-element_type=\"container\" data-e-type=\"container\" data-settings=\"{&quot;background_background&quot;:&quot;classic&quot;,&quot;shape_divider_bottom&quot;:&quot;opacity-tilt&quot;}\">\n\t\t\t\t\t<div class=\"e-con-inner\">\n\t\t\t\t<div class=\"elementor-shape elementor-shape-bottom\" aria-hidden=\"true\" data-negative=\"false\">\n\t\t\t<svg xmlns=\"http:\/\/www.w3.org\/2000\/svg\" viewBox=\"0 0 2600 131.1\" preserveAspectRatio=\"none\">\n\t<path class=\"elementor-shape-fill\" d=\"M0 0L2600 0 2600 69.1 0 0z\"\/>\n\t<path class=\"elementor-shape-fill\" style=\"opacity:0.5\" d=\"M0 0L2600 0 2600 69.1 0 69.1z\"\/>\n\t<path class=\"elementor-shape-fill\" style=\"opacity:0.25\" d=\"M2600 0L0 0 0 130.1 2600 69.1z\"\/>\n<\/svg>\t\t<\/div>\n\t\t<div class=\"elementor-element elementor-element-1b22977d e-con-full e-flex e-con e-child\" data-id=\"1b22977d\" data-element_type=\"container\" data-e-type=\"container\">\n\t\t\t\t<div class=\"elementor-element elementor-element-76a3236e elementor-widget elementor-widget-image\" data-id=\"76a3236e\" data-element_type=\"widget\" data-e-type=\"widget\" data-widget_type=\"image.default\">\n\t\t\t\t<div class=\"elementor-widget-container\">\n\t\t\t\t\t\t\t\t\t\t\t\t<figure class=\"wp-caption\">\n\t\t\t\t\t\t\t\t\t\t<img decoding=\"async\" width=\"2560\" height=\"1706\" src=\"https:\/\/franziskazimmermann.de\/wp-content\/uploads\/2026\/04\/Moderatorin-Duesseldorf-Franziska-Zimmermann-Areal-Boehler-Summit-scaled.jpg\" class=\"attachment-full size-full wp-image-991439\" alt=\"Moderatorin D\u00fcsseldorf Franziska Zimmermann beim Accounting &amp; Controlling Summit im Areal B\u00f6hler \u2013 lachend auf der B\u00fchne bei einer Awardverleihung\" srcset=\"https:\/\/franziskazimmermann.de\/wp-content\/uploads\/2026\/04\/Moderatorin-Duesseldorf-Franziska-Zimmermann-Areal-Boehler-Summit-scaled.jpg 2560w, https:\/\/franziskazimmermann.de\/wp-content\/uploads\/2026\/04\/Moderatorin-Duesseldorf-Franziska-Zimmermann-Areal-Boehler-Summit-300x200.jpg 300w, https:\/\/franziskazimmermann.de\/wp-content\/uploads\/2026\/04\/Moderatorin-Duesseldorf-Franziska-Zimmermann-Areal-Boehler-Summit-1024x683.jpg 1024w, https:\/\/franziskazimmermann.de\/wp-content\/uploads\/2026\/04\/Moderatorin-Duesseldorf-Franziska-Zimmermann-Areal-Boehler-Summit-768x512.jpg 768w, https:\/\/franziskazimmermann.de\/wp-content\/uploads\/2026\/04\/Moderatorin-Duesseldorf-Franziska-Zimmermann-Areal-Boehler-Summit-1536x1024.jpg 1536w, https:\/\/franziskazimmermann.de\/wp-content\/uploads\/2026\/04\/Moderatorin-Duesseldorf-Franziska-Zimmermann-Areal-Boehler-Summit-2048x1365.jpg 2048w, https:\/\/franziskazimmermann.de\/wp-content\/uploads\/2026\/04\/Moderatorin-Duesseldorf-Franziska-Zimmermann-Areal-Boehler-Summit-18x12.jpg 18w\" sizes=\"(max-width: 2560px) 100vw, 2560px\" \/>\t\t\t\t\t\t\t\t\t\t\t<figcaption class=\"widget-image-caption wp-caption-text\">Franziska Zimmermann bei der Moderation des Accounting &amp; Controlling Summits im Areal B\u00f6hler in D\u00fcsseldorf \u2013 live auf der B\u00fchne bei einer Awardverleihung<\/figcaption>\n\t\t\t\t\t\t\t\t\t\t<\/figure>\n\t\t\t\t\t\t\t\t\t<\/div>\n\t\t\t\t<\/div>\n\t\t\t\t<\/div>\n\t\t<div class=\"elementor-element elementor-element-7acdcad0 e-con-full e-flex e-con e-child\" data-id=\"7acdcad0\" data-element_type=\"container\" data-e-type=\"container\">\n\t\t\t\t<div class=\"elementor-element elementor-element-125d08b8 elementor-widget__width-initial elementor-widget-mobile__width-inherit elementor-widget elementor-widget-heading\" data-id=\"125d08b8\" data-element_type=\"widget\" data-e-type=\"widget\" data-widget_type=\"heading.default\">\n\t\t\t\t<div class=\"elementor-widget-container\">\n\t\t\t\t\t<h2 class=\"elementor-heading-title elementor-size-default\">Moderatorin aus der Wirtschaft \u2013 f\u00fcr Events in D\u00fcsseldorf und NRW<\/h2>\t\t\t\t<\/div>\n\t\t\t\t<\/div>\n\t\t\t\t<div class=\"elementor-element elementor-element-17e636f0 elementor-widget__width-initial elementor-widget elementor-widget-text-editor\" data-id=\"17e636f0\" data-element_type=\"widget\" data-e-type=\"widget\" data-widget_type=\"text-editor.default\">\n\t\t\t\t<div class=\"elementor-widget-container\">\n\t\t\t\t\t\t\t\t\t<p data-start=\"606\" data-end=\"732\">Ich komme <strong>aus der Wirtschafts- und Unternehmenswelt.\u00a0<\/strong><\/p><p data-start=\"734\" data-end=\"1055\">In \u00fcber 10 Jahren Personal- und Unternehmensberatung habe ich eng mit Fach- und F\u00fchrungskr\u00e4ften zusammengearbeitet \u2013 vom <strong>Start-up<\/strong> \u00fcber den <strong>Mittelstand<\/strong> bis hin zum <strong>DAX-Konzern<\/strong> \u2013 und die unterschiedlichsten Branchen kennengelernt:<\/p><p data-start=\"734\" data-end=\"1055\">Ob <strong>Automotive, Maschinenbau, Pharma<\/strong> und <strong>Medizintechnik<\/strong> bis hin zu <strong>IT<\/strong> und <strong>Software<\/strong>, <strong>Konsumg\u00fcter<\/strong>, <strong>Handel<\/strong> oder <strong>Tourismus<\/strong> \u2013 all diese Erfahrung bringe ich heute mit auf die B\u00fchne oder in Ihr Online- und Hybrid-Event.<\/p><p data-start=\"1110\" data-end=\"1320\">Als Moderatorin f\u00fcr Ihr Event in D\u00fcsseldorf bedeutet das: Ich spreche auf Augenh\u00f6he mit Entscheidern und C-Level-F\u00fchrungskr\u00e4ften, erfasse auch komplexe Inhalte schnell und f\u00fchre sicher durch anspruchsvolle Gespr\u00e4che und Konferenzen.<\/p>\t\t\t\t\t\t\t\t<\/div>\n\t\t\t\t<\/div>\n\t\t\t\t<\/div>\n\t\t\t\t\t<\/div>\n\t\t\t\t<\/div>\n\t\t<div class=\"elementor-element elementor-element-52ed02d5 e-flex e-con-boxed e-con e-parent\" data-id=\"52ed02d5\" data-element_type=\"container\" data-e-type=\"container\">\n\t\t\t\t\t<div class=\"e-con-inner\">\n\t\t<div class=\"elementor-element elementor-element-1c437b02 e-con-full e-flex e-con e-child\" data-id=\"1c437b02\" data-element_type=\"container\" data-e-type=\"container\" data-settings=\"{&quot;background_background&quot;:&quot;classic&quot;}\">\n\t\t\t\t<\/div>\n\t\t<div class=\"elementor-element elementor-element-1859aaa7 e-con-full e-flex e-con e-child\" data-id=\"1859aaa7\" data-element_type=\"container\" data-e-type=\"container\">\n\t\t\t\t<div class=\"elementor-element elementor-element-546defe3 elementor-widget__width-initial elementor-widget-tablet__width-initial elementor-widget-mobile__width-inherit elementor-widget elementor-widget-heading\" data-id=\"546defe3\" data-element_type=\"widget\" data-e-type=\"widget\" data-widget_type=\"heading.default\">\n\t\t\t\t<div class=\"elementor-widget-container\">\n\t\t\t\t\t<h2 class=\"elementor-heading-title elementor-size-default\">Das sagen Kunden \u00fcber meine Moderation in D\u00fcsseldorf und NRW<\/h2>\t\t\t\t<\/div>\n\t\t\t\t<\/div>\n\t\t\t\t<div class=\"elementor-element elementor-element-5cfda4e4 elementor-widget__width-initial elementor-widget-tablet__width-initial elementor-widget-mobile__width-inherit elementor-widget elementor-widget-heading\" data-id=\"5cfda4e4\" data-element_type=\"widget\" data-e-type=\"widget\" data-widget_type=\"heading.default\">\n\t\t\t\t<div class=\"elementor-widget-container\">\n\t\t\t\t\t<p class=\"elementor-heading-title elementor-size-default\">Kundenfeedback 1:  <\/p>\t\t\t\t<\/div>\n\t\t\t\t<\/div>\n\t\t\t\t<div class=\"elementor-element elementor-element-7fca295 elementor-widget__width-initial elementor-widget-tablet__width-inherit elementor-widget elementor-widget-text-editor\" data-id=\"7fca295\" data-element_type=\"widget\" data-e-type=\"widget\" data-widget_type=\"text-editor.default\">\n\t\t\t\t<div class=\"elementor-widget-container\">\n\t\t\t\t\t\t\t\t\t<p>\u00a0<\/p><div class=\" __aliyun_node_has_color __aliyun_node_has_bgcolor\"><p style=\"font-weight: 400;\">Franziska hat schon zum zweiten Mal f\u00fcr uns moderiert \u2013 und wieder absolut \u00fcberzeugt!<\/p><p style=\"font-weight: 400;\">Mit ihrer professionellen, sympathischen Art und ihrem tiefen Verst\u00e4ndnis f\u00fcr die Inhalte hat sie die FINANCE SUMMIT Mainstage auf dem Accounting, Controlling- und Finance Summit souver\u00e4n geleitet.<\/p><p style=\"font-weight: 400;\">Besonders stark: Ihre elegante Moderation auf Deutsch und Englisch sowie die zus\u00e4tzliche Unterst\u00fctzung \u00fcber ihr LinkedIn-Netzwerk. Wir freuen uns sehr auf die n\u00e4chste Zusammenarbeit!<\/p><\/div><div class=\" __aliyun_node_has_color __aliyun_node_has_bgcolor\"><em>(<span style=\"letter-spacing: var( --e-global-typography-vamtam_h1-letter-spacing, normal ); text-transform: var( --e-global-typography-vamtam_h1-transform, none );\">Benjamin Cordes-Vorberg, Head of Conference @Trailblazer Summits)<\/span><em><br \/><\/em><\/em><\/div>\t\t\t\t\t\t\t\t<\/div>\n\t\t\t\t<\/div>\n\t\t\t\t<\/div>\n\t\t\t\t\t<\/div>\n\t\t\t\t<\/div>\n\t\t<div class=\"elementor-element elementor-element-5ccd1107 e-flex e-con-boxed e-con e-parent\" data-id=\"5ccd1107\" data-element_type=\"container\" data-e-type=\"container\">\n\t\t\t\t\t<div class=\"e-con-inner\">\n\t\t<div class=\"elementor-element elementor-element-73e83960 e-con-full e-flex e-con e-child\" data-id=\"73e83960\" data-element_type=\"container\" data-e-type=\"container\">\n\t\t\t\t<div class=\"elementor-element elementor-element-578a8be elementor-widget__width-initial elementor-widget-tablet__width-initial elementor-widget-mobile__width-inherit elementor-widget elementor-widget-heading\" data-id=\"578a8be\" data-element_type=\"widget\" data-e-type=\"widget\" data-widget_type=\"heading.default\">\n\t\t\t\t<div class=\"elementor-widget-container\">\n\t\t\t\t\t<p class=\"elementor-heading-title elementor-size-default\">Kundenfeedback 2:<\/p>\t\t\t\t<\/div>\n\t\t\t\t<\/div>\n\t\t\t\t<div class=\"elementor-element elementor-element-3f5123f5 elementor-widget__width-initial elementor-widget-tablet__width-inherit elementor-widget elementor-widget-text-editor\" data-id=\"3f5123f5\" data-element_type=\"widget\" data-e-type=\"widget\" data-widget_type=\"text-editor.default\">\n\t\t\t\t<div class=\"elementor-widget-container\">\n\t\t\t\t\t\t\t\t\t<p style=\"font-weight: 400;\">&#8222;Franziska war die perfekte Gastgeberin auf unserer \u201edigital &amp; events stage\u201c und hat sich schon im Vorfeld aktiv mit Ideen eingebracht. Immer mitdenkend, l\u00f6sungsorientiert und unkompliziert \u2013 und auf der B\u00fchne mit starker Pr\u00e4senz und toller Energie.&#8220;<\/p><p style=\"font-weight: 400;\"><em>(Eva Mengeringhausen, Event Managerin der Westfalenhallen Dortmund GmbH &amp; Leitung Rahmenprogramm der boe international Messe)<\/em><\/p>\t\t\t\t\t\t\t\t<\/div>\n\t\t\t\t<\/div>\n\t\t\t\t<\/div>\n\t\t<div class=\"elementor-element elementor-element-d5c6863 e-con-full e-flex e-con e-child\" data-id=\"d5c6863\" data-element_type=\"container\" data-e-type=\"container\">\n\t\t\t\t<div class=\"elementor-element elementor-element-0c86eef elementor-widget__width-initial elementor-widget-tablet__width-initial elementor-widget-mobile__width-inherit elementor-widget elementor-widget-heading\" data-id=\"0c86eef\" data-element_type=\"widget\" data-e-type=\"widget\" data-widget_type=\"heading.default\">\n\t\t\t\t<div class=\"elementor-widget-container\">\n\t\t\t\t\t<p class=\"elementor-heading-title elementor-size-default\">Kundenfeedback 3:<\/p>\t\t\t\t<\/div>\n\t\t\t\t<\/div>\n\t\t\t\t<div class=\"elementor-element elementor-element-3f46d00 elementor-widget__width-initial elementor-widget-tablet__width-inherit elementor-widget elementor-widget-text-editor\" data-id=\"3f46d00\" data-element_type=\"widget\" data-e-type=\"widget\" data-widget_type=\"text-editor.default\">\n\t\t\t\t<div class=\"elementor-widget-container\">\n\t\t\t\t\t\t\t\t\t<p>\u201eDer Panel Talk war mein pers\u00f6nliches Highlight des Sommerfestes. Es kam ganz viel Gef\u00fchl r\u00fcber! Ganz herzlichen Dank allen Frauen und dir f\u00fcr die starke Moderation.\u201c\u00a0<\/p><p><em>(Dr. Stefan Rassau, CEO ara shoes GmbH)<\/em><\/p>\t\t\t\t\t\t\t\t<\/div>\n\t\t\t\t<\/div>\n\t\t\t\t<\/div>\n\t\t\t\t\t<\/div>\n\t\t\t\t<\/div>\n\t\t\t\t<section class=\"elementor-section elementor-top-section elementor-element elementor-element-127f5d7 elementor-section-boxed elementor-section-height-default elementor-section-height-default\" data-id=\"127f5d7\" data-element_type=\"section\" data-e-type=\"section\" data-settings=\"{&quot;background_background&quot;:&quot;classic&quot;}\">\n\t\t\t\t\t\t<div class=\"elementor-container elementor-column-gap-default\">\n\t\t\t\t\t<div class=\"elementor-column elementor-col-50 elementor-top-column elementor-element elementor-element-ff3c3fa elementor-invisible\" data-id=\"ff3c3fa\" data-element_type=\"column\" data-e-type=\"column\" data-settings=\"{&quot;animation&quot;:&quot;fadeIn&quot;,&quot;animation_tablet&quot;:&quot;none&quot;,&quot;animation_mobile&quot;:&quot;none&quot;,&quot;animation_delay&quot;:400}\">\n\t\t\t<div class=\"elementor-widget-wrap elementor-element-populated\">\n\t\t\t\t\t\t<div class=\"elementor-element elementor-element-999d45c elementor-widget elementor-widget-image\" data-id=\"999d45c\" data-element_type=\"widget\" data-e-type=\"widget\" data-widget_type=\"image.default\">\n\t\t\t\t<div class=\"elementor-widget-container\">\n\t\t\t\t\t\t\t\t\t\t\t\t\t\t\t\t<a href=\"https:\/\/franziskazimmermann.de\/wp-content\/uploads\/2026\/04\/Panel-Moderatorin-Duesseldorf-Franziska-Zimmermann-hoch-scaled.jpg\" data-elementor-open-lightbox=\"yes\" data-e-action-hash=\"#elementor-action%3Aaction%3Dlightbox%26settings%3DeyJpZCI6OTkxNDUyLCJ1cmwiOiJodHRwczpcL1wvZnJhbnppc2themltbWVybWFubi5kZVwvd3AtY29udGVudFwvdXBsb2Fkc1wvMjAyNlwvMDRcL1BhbmVsLU1vZGVyYXRvcmluLUR1ZXNzZWxkb3JmLUZyYW56aXNrYS1aaW1tZXJtYW5uLWhvY2gtc2NhbGVkLmpwZyJ9\">\n\t\t\t\t\t\t\t<img decoding=\"async\" width=\"2005\" height=\"2560\" src=\"https:\/\/franziskazimmermann.de\/wp-content\/uploads\/2026\/04\/Panel-Moderatorin-Duesseldorf-Franziska-Zimmermann-hoch-scaled.jpg\" class=\"attachment-full size-full wp-image-991452\" alt=\"Moderatorin D\u00fcsseldorf Franziska Zimmermann als Panelmoderatorin \u2013 moderiert im Sessel mit Moderationskarte ein Gespr\u00e4ch auf der B\u00fchne\" srcset=\"https:\/\/franziskazimmermann.de\/wp-content\/uploads\/2026\/04\/Panel-Moderatorin-Duesseldorf-Franziska-Zimmermann-hoch-scaled.jpg 2005w, https:\/\/franziskazimmermann.de\/wp-content\/uploads\/2026\/04\/Panel-Moderatorin-Duesseldorf-Franziska-Zimmermann-hoch-235x300.jpg 235w, https:\/\/franziskazimmermann.de\/wp-content\/uploads\/2026\/04\/Panel-Moderatorin-Duesseldorf-Franziska-Zimmermann-hoch-802x1024.jpg 802w, https:\/\/franziskazimmermann.de\/wp-content\/uploads\/2026\/04\/Panel-Moderatorin-Duesseldorf-Franziska-Zimmermann-hoch-768x981.jpg 768w, https:\/\/franziskazimmermann.de\/wp-content\/uploads\/2026\/04\/Panel-Moderatorin-Duesseldorf-Franziska-Zimmermann-hoch-1203x1536.jpg 1203w, https:\/\/franziskazimmermann.de\/wp-content\/uploads\/2026\/04\/Panel-Moderatorin-Duesseldorf-Franziska-Zimmermann-hoch-1604x2048.jpg 1604w, https:\/\/franziskazimmermann.de\/wp-content\/uploads\/2026\/04\/Panel-Moderatorin-Duesseldorf-Franziska-Zimmermann-hoch-9x12.jpg 9w\" sizes=\"(max-width: 2005px) 100vw, 2005px\" \/>\t\t\t\t\t\t\t\t<\/a>\n\t\t\t\t\t\t\t\t\t\t\t\t\t\t\t<\/div>\n\t\t\t\t<\/div>\n\t\t\t\t\t<\/div>\n\t\t<\/div>\n\t\t\t\t<div class=\"elementor-column elementor-col-50 elementor-top-column elementor-element elementor-element-9381f87 elementor-invisible\" data-id=\"9381f87\" data-element_type=\"column\" data-e-type=\"column\" data-settings=\"{&quot;animation&quot;:&quot;fadeIn&quot;,&quot;animation_tablet&quot;:&quot;none&quot;,&quot;animation_mobile&quot;:&quot;none&quot;,&quot;animation_delay&quot;:600}\">\n\t\t\t<div class=\"elementor-widget-wrap elementor-element-populated\">\n\t\t\t\t\t\t<div class=\"elementor-element elementor-element-d237eb5 elementor-widget elementor-widget-image\" data-id=\"d237eb5\" data-element_type=\"widget\" data-e-type=\"widget\" data-widget_type=\"image.default\">\n\t\t\t\t<div class=\"elementor-widget-container\">\n\t\t\t\t\t\t\t\t\t\t\t\t\t\t\t\t<a href=\"https:\/\/franziskazimmermann.de\/wp-content\/uploads\/2026\/04\/Panel-Moderatorin-Franziska-Zimmermann-Feedback.png\" data-elementor-open-lightbox=\"yes\" data-e-action-hash=\"#elementor-action%3Aaction%3Dlightbox%26settings%3DeyJpZCI6OTkxNDQ5LCJ1cmwiOiJodHRwczpcL1wvZnJhbnppc2themltbWVybWFubi5kZVwvd3AtY29udGVudFwvdXBsb2Fkc1wvMjAyNlwvMDRcL1BhbmVsLU1vZGVyYXRvcmluLUZyYW56aXNrYS1aaW1tZXJtYW5uLUZlZWRiYWNrLnBuZyJ9\">\n\t\t\t\t\t\t\t<img loading=\"lazy\" decoding=\"async\" width=\"1350\" height=\"1080\" src=\"https:\/\/franziskazimmermann.de\/wp-content\/uploads\/2026\/04\/Panel-Moderatorin-Franziska-Zimmermann-Feedback.png\" class=\"attachment-full size-full wp-image-991449\" alt=\"\" srcset=\"https:\/\/franziskazimmermann.de\/wp-content\/uploads\/2026\/04\/Panel-Moderatorin-Franziska-Zimmermann-Feedback.png 1350w, https:\/\/franziskazimmermann.de\/wp-content\/uploads\/2026\/04\/Panel-Moderatorin-Franziska-Zimmermann-Feedback-300x240.png 300w, https:\/\/franziskazimmermann.de\/wp-content\/uploads\/2026\/04\/Panel-Moderatorin-Franziska-Zimmermann-Feedback-1024x819.png 1024w, https:\/\/franziskazimmermann.de\/wp-content\/uploads\/2026\/04\/Panel-Moderatorin-Franziska-Zimmermann-Feedback-768x614.png 768w, https:\/\/franziskazimmermann.de\/wp-content\/uploads\/2026\/04\/Panel-Moderatorin-Franziska-Zimmermann-Feedback-15x12.png 15w\" sizes=\"(max-width: 1350px) 100vw, 1350px\" \/>\t\t\t\t\t\t\t\t<\/a>\n\t\t\t\t\t\t\t\t\t\t\t\t\t\t\t<\/div>\n\t\t\t\t<\/div>\n\t\t\t\t<div class=\"elementor-element elementor-element-1801620 elementor-widget elementor-widget-image\" data-id=\"1801620\" data-element_type=\"widget\" data-e-type=\"widget\" data-widget_type=\"image.default\">\n\t\t\t\t<div class=\"elementor-widget-container\">\n\t\t\t\t\t\t\t\t\t\t\t\t\t\t\t\t<a href=\"https:\/\/franziskazimmermann.de\/wp-content\/uploads\/2026\/04\/Eventmoderatorin-Franziska-Zimmermann-mit-Kesch-@-BOE-2026-scaled.jpg\" data-elementor-open-lightbox=\"yes\" data-e-action-hash=\"#elementor-action%3Aaction%3Dlightbox%26settings%3DeyJpZCI6OTkxNDg5LCJ1cmwiOiJodHRwczpcL1wvZnJhbnppc2themltbWVybWFubi5kZVwvd3AtY29udGVudFwvdXBsb2Fkc1wvMjAyNlwvMDRcL0V2ZW50bW9kZXJhdG9yaW4tRnJhbnppc2thLVppbW1lcm1hbm4tbWl0LUtlc2NoLUAtQk9FLTIwMjYtc2NhbGVkLmpwZyJ9\">\n\t\t\t\t\t\t\t<img loading=\"lazy\" decoding=\"async\" width=\"2560\" height=\"1920\" src=\"https:\/\/franziskazimmermann.de\/wp-content\/uploads\/2026\/04\/Eventmoderatorin-Franziska-Zimmermann-mit-Kesch-@-BOE-2026-scaled.jpg\" class=\"attachment-full size-full wp-image-991489\" alt=\"Moderatorin NRW Franziska Zimmermann bei der BOE International in Dortmund \u2013 Eventmoderation auf der B\u00fchne\" srcset=\"https:\/\/franziskazimmermann.de\/wp-content\/uploads\/2026\/04\/Eventmoderatorin-Franziska-Zimmermann-mit-Kesch-@-BOE-2026-scaled.jpg 2560w, https:\/\/franziskazimmermann.de\/wp-content\/uploads\/2026\/04\/Eventmoderatorin-Franziska-Zimmermann-mit-Kesch-@-BOE-2026-300x225.jpg 300w, https:\/\/franziskazimmermann.de\/wp-content\/uploads\/2026\/04\/Eventmoderatorin-Franziska-Zimmermann-mit-Kesch-@-BOE-2026-1024x768.jpg 1024w, https:\/\/franziskazimmermann.de\/wp-content\/uploads\/2026\/04\/Eventmoderatorin-Franziska-Zimmermann-mit-Kesch-@-BOE-2026-768x576.jpg 768w, https:\/\/franziskazimmermann.de\/wp-content\/uploads\/2026\/04\/Eventmoderatorin-Franziska-Zimmermann-mit-Kesch-@-BOE-2026-1536x1152.jpg 1536w, https:\/\/franziskazimmermann.de\/wp-content\/uploads\/2026\/04\/Eventmoderatorin-Franziska-Zimmermann-mit-Kesch-@-BOE-2026-2048x1536.jpg 2048w, https:\/\/franziskazimmermann.de\/wp-content\/uploads\/2026\/04\/Eventmoderatorin-Franziska-Zimmermann-mit-Kesch-@-BOE-2026-16x12.jpg 16w\" sizes=\"(max-width: 2560px) 100vw, 2560px\" \/>\t\t\t\t\t\t\t\t<\/a>\n\t\t\t\t\t\t\t\t\t\t\t\t\t\t\t<\/div>\n\t\t\t\t<\/div>\n\t\t\t\t\t<\/div>\n\t\t<\/div>\n\t\t\t\t\t<\/div>\n\t\t<\/section>\n\t\t<div class=\"elementor-element elementor-element-54e08f38 e-con-full e-flex e-con e-child\" data-id=\"54e08f38\" data-element_type=\"container\" data-e-type=\"container\">\n\t\t\t\t<div class=\"elementor-element elementor-element-7d07b396 elementor-view-default elementor-widget elementor-widget-icon\" data-id=\"7d07b396\" data-element_type=\"widget\" data-e-type=\"widget\" data-widget_type=\"icon.default\">\n\t\t\t\t<div class=\"elementor-widget-container\">\n\t\t\t\t\t\t\t<div class=\"elementor-icon-wrapper\">\n\t\t\t<div class=\"elementor-icon\">\n\t\t\t<i aria-hidden=\"true\" class=\"fas fa-film\"><\/i>\t\t\t<\/div>\n\t\t<\/div>\n\t\t\t\t\t\t<\/div>\n\t\t\t\t<\/div>\n\t\t\t\t<div class=\"elementor-element elementor-element-69d3c79 elementor-widget__width-initial elementor-widget-tablet__width-inherit elementor-widget elementor-widget-heading\" data-id=\"69d3c79\" data-element_type=\"widget\" data-e-type=\"widget\" data-widget_type=\"heading.default\">\n\t\t\t\t<div class=\"elementor-widget-container\">\n\t\t\t\t\t<h3 class=\"elementor-heading-title elementor-size-default\">Mein Showreel als Moderatorin f\u00fcr Ihr Event in D\u00fcsseldorf &amp; NRW: <\/h3>\t\t\t\t<\/div>\n\t\t\t\t<\/div>\n\t\t\t\t<div class=\"elementor-element elementor-element-77ecf4a8 elementor-widget__width-initial elementor-widget-tablet__width-inherit elementor-widget elementor-widget-text-editor\" data-id=\"77ecf4a8\" data-element_type=\"widget\" data-e-type=\"widget\" data-widget_type=\"text-editor.default\">\n\t\t\t\t<div class=\"elementor-widget-container\">\n\t\t\t\t\t\t\t\t\t<p><span style=\"font-weight: 400;\">Gewinnen Sie in diesen 2,5 Minuten selbst einen Eindruck von meinem Moderationsstil und melden Sie sich gern direkt danach f\u00fcr die gemeinsame Planung Ihres Events in D\u00fcsseldorf\/NRW, das (nach)wirkt!<\/span><\/p>\t\t\t\t\t\t\t\t<\/div>\n\t\t\t\t<\/div>\n\t\t\t\t<div class=\"elementor-element elementor-element-2ae0a2a3 elementor-widget__width-initial elementor-widget elementor-widget-video\" data-id=\"2ae0a2a3\" data-element_type=\"widget\" data-e-type=\"widget\" data-settings=\"{&quot;youtube_url&quot;:&quot;https:\\\/\\\/youtu.be\\\/JqWdjniRoF8?si=pLKyQKtkIyRfGBgK&quot;,&quot;video_type&quot;:&quot;youtube&quot;,&quot;controls&quot;:&quot;yes&quot;}\" data-widget_type=\"video.default\">\n\t\t\t\t<div class=\"elementor-widget-container\">\n\t\t\t\t\t\t\t<div class=\"elementor-wrapper elementor-open-inline\">\n\t\t\t<div class=\"elementor-video\"><\/div>\t\t<\/div>\n\t\t\t\t\t\t<\/div>\n\t\t\t\t<\/div>\n\t\t\t\t<\/div>\n\t\t\t\t<\/div>\n\t\t","protected":false},"excerpt":{"rendered":"<p>Moderatorin D\u00fcsseldorf \u2013 Ihre Eventmoderatorin f\u00fcr Events in NRW D\u00fcsseldorf z\u00e4hlt zu den wichtigsten Event- und Messestandorten in Deutschland \u2013 und ist f\u00fcr mich als Moderatorin einer der zentralen Orte f\u00fcr Veranstaltungen in Nordrhein-Westfalen. Als Moderatorin in D\u00fcsseldorf und ganz NRW begleite ich Events in der Region \u2013 von K\u00f6ln \u00fcber Dortmund bis hin zu&#8230;<\/p>","protected":false},"author":3,"featured_media":989310,"parent":0,"menu_order":0,"comment_status":"closed","ping_status":"closed","template":"","meta":{"footnotes":""},"class_list":["post-991400","page","type-page","status-publish","has-post-thumbnail","hentry"],"yoast_head":"<!-- This site is optimized with the Yoast SEO plugin v27.5 - https:\/\/yoast.com\/product\/yoast-seo-wordpress\/ -->\n<title>Moderatorin D\u00fcsseldorf \u2013 Franziska Zimmermann<\/title>\n<meta name=\"description\" content=\"Profi Business- &amp; Eventmoderatorin D\u00fcsseldorf f\u00fcr Konferenzen, Messen, Panels &amp; Gala in NRW. Fokus WIRTSCHAFT, TECH, KI &amp; FINANCE. DE &amp; EN.\" \/>\n<meta name=\"robots\" content=\"index, follow, max-snippet:-1, max-image-preview:large, max-video-preview:-1\" \/>\n<link rel=\"canonical\" href=\"https:\/\/franziskazimmermann.de\/en\/moderatorin-duesseldorf\/\" \/>\n<meta property=\"og:locale\" content=\"en_GB\" \/>\n<meta property=\"og:type\" content=\"article\" \/>\n<meta property=\"og:title\" content=\"Moderatorin f\u00fcr Events in D\u00fcsseldorf und NRW | Franziska Zimmermann\" \/>\n<meta property=\"og:description\" content=\"Ich begleite Events, Konferenzen und Panels in D\u00fcsseldorf &amp; NRW \u2013 mit klarem Fokus auf Wirtschaft, Tech, KI und Finance. F\u00fcr Events, die strahlen! Deutsch &amp; Englisch.\" \/>\n<meta property=\"og:url\" content=\"https:\/\/franziskazimmermann.de\/en\/moderatorin-duesseldorf\/\" \/>\n<meta property=\"og:site_name\" content=\"Moderator &amp; Speaker Franziska Zimmermann\" \/>\n<meta property=\"article:modified_time\" content=\"2026-04-29T14:15:33+00:00\" \/>\n<meta property=\"og:image\" content=\"https:\/\/franziskazimmermann.de\/wp-content\/uploads\/2026\/04\/Franziska-Zimmermann-Headshot-Portrait-lachend-@Ralph-Geiling-scaled.jpg\" \/>\n\t<meta property=\"og:image:width\" content=\"1978\" \/>\n\t<meta property=\"og:image:height\" content=\"2560\" \/>\n\t<meta property=\"og:image:type\" content=\"image\/jpeg\" \/>\n<meta name=\"twitter:card\" content=\"summary_large_image\" \/>\n<meta name=\"twitter:label1\" content=\"Estimated reading time\" \/>\n\t<meta name=\"twitter:data1\" content=\"5 minutes\" \/>\n<script type=\"application\/ld+json\" class=\"yoast-schema-graph\">{\"@context\":\"https:\\\/\\\/schema.org\",\"@graph\":[{\"@type\":\"WebPage\",\"@id\":\"https:\\\/\\\/franziskazimmermann.de\\\/moderatorin-duesseldorf\\\/\",\"url\":\"https:\\\/\\\/franziskazimmermann.de\\\/moderatorin-duesseldorf\\\/\",\"name\":\"Moderatorin D\u00fcsseldorf \u2013 Franziska Zimmermann\",\"isPartOf\":{\"@id\":\"https:\\\/\\\/franziskazimmermann.de\\\/#website\"},\"primaryImageOfPage\":{\"@id\":\"https:\\\/\\\/franziskazimmermann.de\\\/moderatorin-duesseldorf\\\/#primaryimage\"},\"image\":{\"@id\":\"https:\\\/\\\/franziskazimmermann.de\\\/moderatorin-duesseldorf\\\/#primaryimage\"},\"thumbnailUrl\":\"https:\\\/\\\/franziskazimmermann.de\\\/wp-content\\\/uploads\\\/2025\\\/05\\\/franziska-zimmermann-dresden-moderatorin-scaled.webp\",\"datePublished\":\"2026-04-29T09:42:03+00:00\",\"dateModified\":\"2026-04-29T14:15:33+00:00\",\"description\":\"Profi Business- & Eventmoderatorin D\u00fcsseldorf f\u00fcr Konferenzen, Messen, Panels & Gala in NRW. Fokus WIRTSCHAFT, TECH, KI & FINANCE. DE & EN.\",\"breadcrumb\":{\"@id\":\"https:\\\/\\\/franziskazimmermann.de\\\/moderatorin-duesseldorf\\\/#breadcrumb\"},\"inLanguage\":\"en-GB\",\"potentialAction\":[{\"@type\":\"ReadAction\",\"target\":[\"https:\\\/\\\/franziskazimmermann.de\\\/moderatorin-duesseldorf\\\/\"]}]},{\"@type\":\"ImageObject\",\"inLanguage\":\"en-GB\",\"@id\":\"https:\\\/\\\/franziskazimmermann.de\\\/moderatorin-duesseldorf\\\/#primaryimage\",\"url\":\"https:\\\/\\\/franziskazimmermann.de\\\/wp-content\\\/uploads\\\/2025\\\/05\\\/franziska-zimmermann-dresden-moderatorin-scaled.webp\",\"contentUrl\":\"https:\\\/\\\/franziskazimmermann.de\\\/wp-content\\\/uploads\\\/2025\\\/05\\\/franziska-zimmermann-dresden-moderatorin-scaled.webp\",\"width\":1961,\"height\":2560,\"caption\":\"Portr\u00e4t der Dresdner Moderatorin Franziska Zimmermann mit Brille, zur Seite lachend, in einem wei\u00dfen Nadelstreifen-Blazer\"},{\"@type\":\"BreadcrumbList\",\"@id\":\"https:\\\/\\\/franziskazimmermann.de\\\/moderatorin-duesseldorf\\\/#breadcrumb\",\"itemListElement\":[{\"@type\":\"ListItem\",\"position\":1,\"name\":\"Startseite\",\"item\":\"https:\\\/\\\/franziskazimmermann.de\\\/\"},{\"@type\":\"ListItem\",\"position\":2,\"name\":\"Moderatorin D\u00fcsseldorf\"}]},{\"@type\":\"WebSite\",\"@id\":\"https:\\\/\\\/franziskazimmermann.de\\\/#website\",\"url\":\"https:\\\/\\\/franziskazimmermann.de\\\/\",\"name\":\"Moderator &amp; Speaker Franziska Zimmermann\",\"description\":\"\",\"publisher\":{\"@id\":\"https:\\\/\\\/franziskazimmermann.de\\\/#organization\"},\"potentialAction\":[{\"@type\":\"SearchAction\",\"target\":{\"@type\":\"EntryPoint\",\"urlTemplate\":\"https:\\\/\\\/franziskazimmermann.de\\\/?s={search_term_string}\"},\"query-input\":{\"@type\":\"PropertyValueSpecification\",\"valueRequired\":true,\"valueName\":\"search_term_string\"}}],\"inLanguage\":\"en-GB\"},{\"@type\":\"Organization\",\"@id\":\"https:\\\/\\\/franziskazimmermann.de\\\/#organization\",\"name\":\"Moderator &amp; Speaker Franziska Zimmermann\",\"url\":\"https:\\\/\\\/franziskazimmermann.de\\\/\",\"logo\":{\"@type\":\"ImageObject\",\"inLanguage\":\"en-GB\",\"@id\":\"https:\\\/\\\/franziskazimmermann.de\\\/#\\\/schema\\\/logo\\\/image\\\/\",\"url\":\"https:\\\/\\\/franziskazimmermann.de\\\/wp-content\\\/uploads\\\/2025\\\/05\\\/Eventmoderator-Speaker-Franziska-Zimmermann-Logo-beige.jpg\",\"contentUrl\":\"https:\\\/\\\/franziskazimmermann.de\\\/wp-content\\\/uploads\\\/2025\\\/05\\\/Eventmoderator-Speaker-Franziska-Zimmermann-Logo-beige.jpg\",\"width\":625,\"height\":165,\"caption\":\"Moderator &amp; Speaker Franziska Zimmermann\"},\"image\":{\"@id\":\"https:\\\/\\\/franziskazimmermann.de\\\/#\\\/schema\\\/logo\\\/image\\\/\"}}]}<\/script>\n<!-- \/ Yoast SEO plugin. -->","yoast_head_json":{"title":"Moderatorin D\u00fcsseldorf \u2013 Franziska Zimmermann","description":"Profi Business- & Eventmoderatorin D\u00fcsseldorf f\u00fcr Konferenzen, Messen, Panels & Gala in NRW. Fokus WIRTSCHAFT, TECH, KI & FINANCE. DE & EN.","robots":{"index":"index","follow":"follow","max-snippet":"max-snippet:-1","max-image-preview":"max-image-preview:large","max-video-preview":"max-video-preview:-1"},"canonical":"https:\/\/franziskazimmermann.de\/en\/moderatorin-duesseldorf\/","og_locale":"en_GB","og_type":"article","og_title":"Moderatorin f\u00fcr Events in D\u00fcsseldorf und NRW | Franziska Zimmermann","og_description":"Ich begleite Events, Konferenzen und Panels in D\u00fcsseldorf & NRW \u2013 mit klarem Fokus auf Wirtschaft, Tech, KI und Finance. F\u00fcr Events, die strahlen! Deutsch & Englisch.","og_url":"https:\/\/franziskazimmermann.de\/en\/moderatorin-duesseldorf\/","og_site_name":"Moderator &amp; Speaker Franziska Zimmermann","article_modified_time":"2026-04-29T14:15:33+00:00","og_image":[{"width":1978,"height":2560,"url":"https:\/\/franziskazimmermann.de\/wp-content\/uploads\/2026\/04\/Franziska-Zimmermann-Headshot-Portrait-lachend-@Ralph-Geiling-scaled.jpg","type":"image\/jpeg"}],"twitter_card":"summary_large_image","twitter_misc":{"Estimated reading time":"5 minutes"},"schema":{"@context":"https:\/\/schema.org","@graph":[{"@type":"WebPage","@id":"https:\/\/franziskazimmermann.de\/moderatorin-duesseldorf\/","url":"https:\/\/franziskazimmermann.de\/moderatorin-duesseldorf\/","name":"Moderatorin D\u00fcsseldorf \u2013 Franziska Zimmermann","isPartOf":{"@id":"https:\/\/franziskazimmermann.de\/#website"},"primaryImageOfPage":{"@id":"https:\/\/franziskazimmermann.de\/moderatorin-duesseldorf\/#primaryimage"},"image":{"@id":"https:\/\/franziskazimmermann.de\/moderatorin-duesseldorf\/#primaryimage"},"thumbnailUrl":"https:\/\/franziskazimmermann.de\/wp-content\/uploads\/2025\/05\/franziska-zimmermann-dresden-moderatorin-scaled.webp","datePublished":"2026-04-29T09:42:03+00:00","dateModified":"2026-04-29T14:15:33+00:00","description":"Profi Business- & Eventmoderatorin D\u00fcsseldorf f\u00fcr Konferenzen, Messen, Panels & Gala in NRW. Fokus WIRTSCHAFT, TECH, KI & FINANCE. DE & EN.","breadcrumb":{"@id":"https:\/\/franziskazimmermann.de\/moderatorin-duesseldorf\/#breadcrumb"},"inLanguage":"en-GB","potentialAction":[{"@type":"ReadAction","target":["https:\/\/franziskazimmermann.de\/moderatorin-duesseldorf\/"]}]},{"@type":"ImageObject","inLanguage":"en-GB","@id":"https:\/\/franziskazimmermann.de\/moderatorin-duesseldorf\/#primaryimage","url":"https:\/\/franziskazimmermann.de\/wp-content\/uploads\/2025\/05\/franziska-zimmermann-dresden-moderatorin-scaled.webp","contentUrl":"https:\/\/franziskazimmermann.de\/wp-content\/uploads\/2025\/05\/franziska-zimmermann-dresden-moderatorin-scaled.webp","width":1961,"height":2560,"caption":"Portr\u00e4t der Dresdner Moderatorin Franziska Zimmermann mit Brille, zur Seite lachend, in einem wei\u00dfen Nadelstreifen-Blazer"},{"@type":"BreadcrumbList","@id":"https:\/\/franziskazimmermann.de\/moderatorin-duesseldorf\/#breadcrumb","itemListElement":[{"@type":"ListItem","position":1,"name":"Startseite","item":"https:\/\/franziskazimmermann.de\/"},{"@type":"ListItem","position":2,"name":"Moderatorin D\u00fcsseldorf"}]},{"@type":"WebSite","@id":"https:\/\/franziskazimmermann.de\/#website","url":"https:\/\/franziskazimmermann.de\/","name":"Moderator &amp; Speaker Franziska Zimmermann","description":"","publisher":{"@id":"https:\/\/franziskazimmermann.de\/#organization"},"potentialAction":[{"@type":"SearchAction","target":{"@type":"EntryPoint","urlTemplate":"https:\/\/franziskazimmermann.de\/?s={search_term_string}"},"query-input":{"@type":"PropertyValueSpecification","valueRequired":true,"valueName":"search_term_string"}}],"inLanguage":"en-GB"},{"@type":"Organization","@id":"https:\/\/franziskazimmermann.de\/#organization","name":"Moderator &amp; Speaker Franziska Zimmermann","url":"https:\/\/franziskazimmermann.de\/","logo":{"@type":"ImageObject","inLanguage":"en-GB","@id":"https:\/\/franziskazimmermann.de\/#\/schema\/logo\/image\/","url":"https:\/\/franziskazimmermann.de\/wp-content\/uploads\/2025\/05\/Eventmoderator-Speaker-Franziska-Zimmermann-Logo-beige.jpg","contentUrl":"https:\/\/franziskazimmermann.de\/wp-content\/uploads\/2025\/05\/Eventmoderator-Speaker-Franziska-Zimmermann-Logo-beige.jpg","width":625,"height":165,"caption":"Moderator &amp; Speaker Franziska Zimmermann"},"image":{"@id":"https:\/\/franziskazimmermann.de\/#\/schema\/logo\/image\/"}}]}},"_links":{"self":[{"href":"https:\/\/franziskazimmermann.de\/en\/wp-json\/wp\/v2\/pages\/991400","targetHints":{"allow":["GET"]}}],"collection":[{"href":"https:\/\/franziskazimmermann.de\/en\/wp-json\/wp\/v2\/pages"}],"about":[{"href":"https:\/\/franziskazimmermann.de\/en\/wp-json\/wp\/v2\/types\/page"}],"author":[{"embeddable":true,"href":"https:\/\/franziskazimmermann.de\/en\/wp-json\/wp\/v2\/users\/3"}],"replies":[{"embeddable":true,"href":"https:\/\/franziskazimmermann.de\/en\/wp-json\/wp\/v2\/comments?post=991400"}],"version-history":[{"count":10,"href":"https:\/\/franziskazimmermann.de\/en\/wp-json\/wp\/v2\/pages\/991400\/revisions"}],"predecessor-version":[{"id":991523,"href":"https:\/\/franziskazimmermann.de\/en\/wp-json\/wp\/v2\/pages\/991400\/revisions\/991523"}],"wp:featuredmedia":[{"embeddable":true,"href":"https:\/\/franziskazimmermann.de\/en\/wp-json\/wp\/v2\/media\/989310"}],"wp:attachment":[{"href":"https:\/\/franziskazimmermann.de\/en\/wp-json\/wp\/v2\/media?parent=991400"}],"curies":[{"name":"wp","href":"https:\/\/api.w.org\/{rel}","templated":true}]}}