{"id":989113,"date":"2025-05-11T10:31:30","date_gmt":"2025-05-11T08:31:30","guid":{"rendered":"https:\/\/franziskazimmermann.de\/?page_id=989113"},"modified":"2026-05-01T00:08:47","modified_gmt":"2026-04-30T22:08:47","slug":"moderatorin-stuttgart-baden-wuerttemberg","status":"publish","type":"page","link":"https:\/\/franziskazimmermann.de\/en\/moderatorin-stuttgart-baden-wuerttemberg\/","title":{"rendered":"Moderator &amp; Host Stuttgart"},"content":{"rendered":"\t\t<div data-elementor-type=\"wp-page\" data-elementor-id=\"989113\" class=\"elementor elementor-989113\" data-elementor-post-type=\"page\">\n\t\t\t\t\t\t<section class=\"elementor-section elementor-top-section elementor-element elementor-element-bf08b85 elementor-section-boxed elementor-section-height-default elementor-section-height-default\" data-id=\"bf08b85\" data-element_type=\"section\" data-e-type=\"section\">\n\t\t\t\t\t\t<div class=\"elementor-container elementor-column-gap-no\">\n\t\t\t\t\t<div class=\"elementor-column elementor-col-100 elementor-top-column elementor-element elementor-element-822b131\" data-id=\"822b131\" data-element_type=\"column\" data-e-type=\"column\" data-settings=\"{&quot;background_background&quot;:&quot;classic&quot;}\">\n\t\t\t<div class=\"elementor-widget-wrap elementor-element-populated\">\n\t\t\t\t\t\t<div class=\"elementor-element elementor-element-e82ce22 elementor-widget elementor-widget-spacer\" data-id=\"e82ce22\" data-element_type=\"widget\" data-e-type=\"widget\" data-widget_type=\"spacer.default\">\n\t\t\t\t<div class=\"elementor-widget-container\">\n\t\t\t\t\t\t\t<div class=\"elementor-spacer\">\n\t\t\t<div class=\"elementor-spacer-inner\"><\/div>\n\t\t<\/div>\n\t\t\t\t\t\t<\/div>\n\t\t\t\t<\/div>\n\t\t\t\t\t<\/div>\n\t\t<\/div>\n\t\t\t\t\t<\/div>\n\t\t<\/section>\n\t\t\t\t<section class=\"elementor-section elementor-top-section elementor-element elementor-element-38697c0 elementor-section-height-min-height elementor-section-items-bottom elementor-section-boxed elementor-section-height-default\" data-id=\"38697c0\" data-element_type=\"section\" data-e-type=\"section\" data-settings=\"{&quot;background_background&quot;:&quot;classic&quot;,&quot;background_motion_fx_motion_fx_scrolling&quot;:&quot;yes&quot;,&quot;background_motion_fx_translateY_effect&quot;:&quot;yes&quot;,&quot;background_motion_fx_translateY_direction&quot;:&quot;negative&quot;,&quot;shape_divider_bottom&quot;:&quot;opacity-tilt&quot;,&quot;background_motion_fx_translateY_speed&quot;:{&quot;unit&quot;:&quot;px&quot;,&quot;size&quot;:4,&quot;sizes&quot;:[]},&quot;background_motion_fx_translateY_affectedRange&quot;:{&quot;unit&quot;:&quot;%&quot;,&quot;size&quot;:&quot;&quot;,&quot;sizes&quot;:{&quot;start&quot;:0,&quot;end&quot;:100}},&quot;background_motion_fx_devices&quot;:[&quot;desktop&quot;,&quot;tablet&quot;,&quot;mobile&quot;]}\">\n\t\t\t\t\t\t\t<div class=\"elementor-background-overlay\"><\/div>\n\t\t\t\t\t\t<div class=\"elementor-shape elementor-shape-bottom\" aria-hidden=\"true\" data-negative=\"false\">\n\t\t\t<svg xmlns=\"http:\/\/www.w3.org\/2000\/svg\" viewBox=\"0 0 2600 131.1\" preserveAspectRatio=\"none\">\n\t<path class=\"elementor-shape-fill\" d=\"M0 0L2600 0 2600 69.1 0 0z\"\/>\n\t<path class=\"elementor-shape-fill\" style=\"opacity:0.5\" d=\"M0 0L2600 0 2600 69.1 0 69.1z\"\/>\n\t<path class=\"elementor-shape-fill\" style=\"opacity:0.25\" d=\"M2600 0L0 0 0 130.1 2600 69.1z\"\/>\n<\/svg>\t\t<\/div>\n\t\t\t\t\t<div class=\"elementor-container elementor-column-gap-default\">\n\t\t\t\t\t<div class=\"elementor-column elementor-col-100 elementor-top-column elementor-element elementor-element-b165118\" data-id=\"b165118\" data-element_type=\"column\" data-e-type=\"column\">\n\t\t\t<div class=\"elementor-widget-wrap elementor-element-populated\">\n\t\t\t\t\t\t<div class=\"elementor-element elementor-element-703ad9f elementor-widget__width-initial elementor-widget-mobile__width-initial elementor-widget elementor-widget-heading\" data-id=\"703ad9f\" data-element_type=\"widget\" data-e-type=\"widget\" data-widget_type=\"heading.default\">\n\t\t\t\t<div class=\"elementor-widget-container\">\n\t\t\t\t\t<h1 class=\"elementor-heading-title elementor-size-default\">Moderatorin Stuttgart Moderation<\/h1>\t\t\t\t<\/div>\n\t\t\t\t<\/div>\n\t\t\t\t<div class=\"elementor-element elementor-element-85f096c elementor-widget__width-initial elementor-widget elementor-widget-text-editor\" data-id=\"85f096c\" data-element_type=\"widget\" data-e-type=\"widget\" data-widget_type=\"text-editor.default\">\n\t\t\t\t<div class=\"elementor-widget-container\">\n\t\t\t\t\t\t\t\t\t<p>Sie planen gerade ein Event, eine Messe, eine Paneldiskussion oder einen Galaabend in Stuttgart oder der Region?<br \/><strong>Dann sind Sie hier genau richtig.<\/strong><\/p>\t\t\t\t\t\t\t\t<\/div>\n\t\t\t\t<\/div>\n\t\t\t\t\t<\/div>\n\t\t<\/div>\n\t\t\t\t\t<\/div>\n\t\t<\/section>\n\t\t<div class=\"elementor-element elementor-element-e1e085c e-flex e-con-boxed e-con e-parent\" data-id=\"e1e085c\" data-element_type=\"container\" data-e-type=\"container\">\n\t\t\t\t\t<div class=\"e-con-inner\">\n\t\t<div class=\"elementor-element elementor-element-7d87e1a e-con-full e-flex e-con e-child\" data-id=\"7d87e1a\" data-element_type=\"container\" data-e-type=\"container\" data-settings=\"{&quot;background_background&quot;:&quot;classic&quot;}\">\n\t\t\t\t<\/div>\n\t\t<div class=\"elementor-element elementor-element-3794e72 e-con-full e-flex e-con e-child\" data-id=\"3794e72\" data-element_type=\"container\" data-e-type=\"container\">\n\t\t\t\t<div class=\"elementor-element elementor-element-57fdc8a elementor-widget__width-initial elementor-widget-tablet__width-initial elementor-widget-mobile__width-inherit elementor-widget elementor-widget-heading\" data-id=\"57fdc8a\" data-element_type=\"widget\" data-e-type=\"widget\" data-widget_type=\"heading.default\">\n\t\t\t\t<div class=\"elementor-widget-container\">\n\t\t\t\t\t<h2 class=\"elementor-heading-title elementor-size-default\">Ich bin Franziska \u2013 Ihre Moderatorin aus Stuttgart.<\/h2>\t\t\t\t<\/div>\n\t\t\t\t<\/div>\n\t\t\t\t<div class=\"elementor-element elementor-element-f34a3b3 elementor-widget__width-initial elementor-widget-tablet__width-inherit elementor-widget elementor-widget-text-editor\" data-id=\"f34a3b3\" data-element_type=\"widget\" data-e-type=\"widget\" data-widget_type=\"text-editor.default\">\n\t\t\t\t<div class=\"elementor-widget-container\">\n\t\t\t\t\t\t\t\t\t<p><span style=\"font-weight: 400;\">Ich stehe seit \u00fcber 20 Jahren auf B\u00fchnen und vor der Kamera \u2013 und bringe au\u00dferdem \u00fcber 10 Jahre Erfahrung in der Personal- und Unternehmensberatung in Stuttgart und Baden-W\u00fcrttemberg mit.<\/span><\/p><p><span style=\"font-weight: 400;\">Als Stuttgarter Business- &amp; Eventmoderatorin begleite ich Veranstaltungen mit Klarheit, Energie und Struktur <\/span><span style=\"font-weight: 400;\">\u2013 vom ersten Programmpunkt bis zum Abschlussapplaus.<\/span><\/p><p><span style=\"font-weight: 400;\">Ob Start-up-Format oder Industriekongress, ob intern oder \u00f6ffentlich: Ich moderiere so, dass Inhalte wirken, Menschen sich abgeholt f\u00fchlen \u2013 und Ihre Veranstaltung nachhaltig in Erinnerung bleibt.<\/span><\/p>\t\t\t\t\t\t\t\t<\/div>\n\t\t\t\t<\/div>\n\t\t\t\t<div class=\"elementor-element elementor-element-99856a0 elementor-mobile-align-center elementor-align-left elementor-widget elementor-widget-button\" data-id=\"99856a0\" data-element_type=\"widget\" data-e-type=\"widget\" data-widget_type=\"button.default\">\n\t\t\t\t<div class=\"elementor-widget-container\">\n\t\t\t\t\t\t\t\t\t<div class=\"elementor-button-wrapper\">\n\t\t\t\t\t<a class=\"elementor-button elementor-button-link elementor-size-sm\" href=\"https:\/\/franziskazimmermann.de\/about\/\">\n\t\t\t\t\t\t<span class=\"elementor-button-content-wrapper\">\n\t\t\t\t\t\t<span class=\"elementor-button-icon\">\n\t\t\t\t<i aria-hidden=\"true\" class=\"vamtamtheme- vamtam-theme-arrow-right\"><\/i>\t\t\t<\/span>\n\t\t\t\t\t\t\t\t\t<span class=\"elementor-button-text\">Mehr \u00fcber die Stuttgarter Moderatorin<\/span>\n\t\t\t\t\t<\/span>\n\t\t\t\t\t<\/a>\n\t\t\t\t<\/div>\n\t\t\t\t\t\t\t\t<\/div>\n\t\t\t\t<\/div>\n\t\t\t\t<\/div>\n\t\t\t\t\t<\/div>\n\t\t\t\t<\/div>\n\t\t<div class=\"elementor-element elementor-element-987bd1d e-flex e-con-boxed e-con e-parent\" data-id=\"987bd1d\" data-element_type=\"container\" data-e-type=\"container\">\n\t\t\t\t\t<div class=\"e-con-inner\">\n\t\t\t\t<div class=\"elementor-element elementor-element-321469d elementor-widget__width-initial elementor-widget-tablet__width-inherit elementor-widget elementor-widget-heading\" data-id=\"321469d\" data-element_type=\"widget\" data-e-type=\"widget\" data-widget_type=\"heading.default\">\n\t\t\t\t<div class=\"elementor-widget-container\">\n\t\t\t\t\t<h2 class=\"elementor-heading-title elementor-size-default\">Nachhaltige Moderation aus Stuttgart \n<\/h2>\t\t\t\t<\/div>\n\t\t\t\t<\/div>\n\t\t\t\t<div class=\"elementor-element elementor-element-e1cbf99 elementor-widget__width-initial elementor-widget-tablet__width-initial elementor-widget-mobile__width-inherit elementor-widget elementor-widget-heading\" data-id=\"e1cbf99\" data-element_type=\"widget\" data-e-type=\"widget\" data-widget_type=\"heading.default\">\n\t\t\t\t<div class=\"elementor-widget-container\">\n\t\t\t\t\t<h3 class=\"elementor-heading-title elementor-size-default\">bewusst regional<\/h3>\t\t\t\t<\/div>\n\t\t\t\t<\/div>\n\t\t\t\t<div class=\"elementor-element elementor-element-a603083 elementor-widget__width-initial elementor-widget-tablet__width-inherit elementor-widget elementor-widget-text-editor\" data-id=\"a603083\" data-element_type=\"widget\" data-e-type=\"widget\" data-widget_type=\"text-editor.default\">\n\t\t\t\t<div class=\"elementor-widget-container\">\n\t\t\t\t\t\t\t\t\t<p><span style=\"font-weight: 400;\">Ich lebe in\u00a0<\/span><b>Esslingen<\/b><span style=\"font-weight: 400;\">\u00a0\u2013 direkt vor den Toren <\/span><b>Stuttgarts<\/b><span style=\"font-weight: 400;\"> \u2013 und bin \u00fcberzeugt davon, dass Nachhaltigkeit schon bei der Wahl der Partner:innen beginnt. Auch f\u00fcr Ihr Event!<\/span><\/p><p><span style=\"font-weight: 400;\">Als\u00a0<\/span><b>Moderatorin aus der Region Stuttgart<\/b><span style=\"font-weight: 400;\">\u00a0bringe ich nicht nur kurze Wege mit, sondern auch ein tiefes Verst\u00e4ndnis f\u00fcr Unternehmen, Branchen und Menschen hier in THE L\u00c4ND! <\/span><\/p><p><span style=\"font-weight: 400;\">Das ist effizient, verantwortungsvoll \u2013 und schafft echte N\u00e4he.<\/span><\/p>\t\t\t\t\t\t\t\t<\/div>\n\t\t\t\t<\/div>\n\t\t\t\t\t<\/div>\n\t\t\t\t<\/div>\n\t\t\t\t<section class=\"elementor-section elementor-top-section elementor-element elementor-element-79bb4bf elementor-section-boxed elementor-section-height-default elementor-section-height-default\" data-id=\"79bb4bf\" data-element_type=\"section\" data-e-type=\"section\" data-settings=\"{&quot;background_background&quot;:&quot;classic&quot;}\">\n\t\t\t\t\t\t<div class=\"elementor-container elementor-column-gap-no\">\n\t\t\t\t\t<div class=\"elementor-column elementor-col-33 elementor-top-column elementor-element elementor-element-057a419\" data-id=\"057a419\" data-element_type=\"column\" data-e-type=\"column\">\n\t\t\t<div class=\"elementor-widget-wrap elementor-element-populated\">\n\t\t\t\t\t\t<div class=\"elementor-element elementor-element-91acc50 elementor-cta--layout-image-above elementor-cta--valign-middle elementor-cta--skin-classic elementor-animated-content elementor-bg-transform elementor-bg-transform-zoom-in elementor-invisible elementor-widget elementor-widget-call-to-action\" data-id=\"91acc50\" data-element_type=\"widget\" data-e-type=\"widget\" data-settings=\"{&quot;_animation&quot;:&quot;fadeIn&quot;,&quot;_animation_tablet&quot;:&quot;none&quot;,&quot;_animation_mobile&quot;:&quot;none&quot;,&quot;_animation_delay&quot;:200}\" data-widget_type=\"call-to-action.team-member\">\n\t\t\t\t<div class=\"elementor-widget-container\">\n\t\t\t\t\t\t\t<a class=\"elementor-cta\" href=\"https:\/\/franziskazimmermann.de\/event-moderator\/\">\n\t\t\t\t\t<div class=\"elementor-cta__bg-wrapper\">\n\t\t\t\t<div class=\"elementor-cta__bg elementor-bg\" style=\"background-image: url(https:\/\/franziskazimmermann.de\/wp-content\/uploads\/2025\/05\/event-moderatorin-stuttgart-gruendergrillen-e1746979329902.webp);\" role=\"img\" aria-label=\"Franziska ZimmermannEvent Moderatorin in Stuttgart, w\u00e4hrend eines Interviews beim, Gr\u00fcndergrillen, im Hintergrund Rollups von Startup Stuttgart\"><\/div>\n\t\t\t\t<div class=\"elementor-cta__bg-overlay\"><\/div>\n\t\t\t<\/div>\n\t\t\t\t\t\t\t<div class=\"elementor-cta__content\">\n\t\t\t\t\n\t\t\t\t\t\t\t\t\t<h3 class=\"elementor-cta__title elementor-cta__content-item elementor-content-item\">\n\t\t\t\t\t\tEvent-Moderatorin Stuttgart\t\t\t\t\t<\/h3>\n\t\t\t\t\n\t\t\t\t\t\t\t\t\t<div class=\"elementor-cta__description elementor-cta__content-item elementor-content-item\">\n\t\t\t\t\t\t<b>F\u00fcr strahlende Events\n<\/b> <br> \nStuttgart ist Event-Hotspot mit unz\u00e4hligen Locations und Formaten \u2013 von Gala bis Netzwerkevent. Was viele Veranstaltungen verbindet: Der Wunsch nach einer Event-Moderatorin, die Struktur schafft, Menschen erreicht und Emotionen transportiert. Genau das kann ich. <br> <br>Ich begleite Ihr Event professionell, pers\u00f6nlich \u2013 und immer mit einem feinen Gesp\u00fcr f\u00fcr Timing, Publikum und Atmosph\u00e4re. Das sch\u00e4tzt z.B. auch der Startup Stuttgart e.V., f\u00fcr den ich regelm\u00e4\u00dfig als Moderatorin das Stuttgarter Gr\u00fcndergrillen begleiten darf.\n\t\t\t\t\t<\/div>\n\t\t\t\t\n\t\t\t\t\t\t\t\t\t<div class=\"elementor-cta__button-wrapper elementor-cta__content-item elementor-content-item \">\n\t\t\t\t\t<span class=\"elementor-cta__button elementor-button elementor-size-\">\n\t\t\t\t\t\t&gt;&gt; Mehr zur Event-Moderatorin\t\t\t\t\t<\/span>\n\t\t\t\t\t<\/div>\n\t\t\t\t\t\t\t<\/div>\n\t\t\t\t\t\t<\/a>\n\t\t\t\t\t\t<\/div>\n\t\t\t\t<\/div>\n\t\t\t\t\t<\/div>\n\t\t<\/div>\n\t\t\t\t<div class=\"elementor-column elementor-col-33 elementor-top-column elementor-element elementor-element-3a92a6f\" data-id=\"3a92a6f\" data-element_type=\"column\" data-e-type=\"column\">\n\t\t\t<div class=\"elementor-widget-wrap elementor-element-populated\">\n\t\t\t\t\t\t<div class=\"elementor-element elementor-element-437e14a elementor-cta--layout-image-above elementor-cta--valign-top elementor-cta--skin-classic elementor-animated-content elementor-bg-transform elementor-bg-transform-zoom-in elementor-invisible elementor-widget elementor-widget-call-to-action\" data-id=\"437e14a\" data-element_type=\"widget\" data-e-type=\"widget\" data-settings=\"{&quot;_animation&quot;:&quot;fadeIn&quot;,&quot;_animation_tablet&quot;:&quot;none&quot;,&quot;_animation_mobile&quot;:&quot;none&quot;,&quot;_animation_delay&quot;:200}\" data-widget_type=\"call-to-action.team-member\">\n\t\t\t\t<div class=\"elementor-widget-container\">\n\t\t\t\t\t\t\t<a class=\"elementor-cta\" href=\"https:\/\/franziskazimmermann.de\/messe-moderatorin\/\">\n\t\t\t\t\t<div class=\"elementor-cta__bg-wrapper\">\n\t\t\t\t<div class=\"elementor-cta__bg elementor-bg\" style=\"background-image: url(https:\/\/franziskazimmermann.de\/wp-content\/uploads\/2025\/05\/messe-moderatorin-stuttgart-franziska-zimmermann-scaled.webp);\" role=\"img\" aria-label=\"Messe Moderatorin Franziska Zimmermann w\u00e4hrend einer Moderation, vor einer orangefarbenen Baumaschine stehend\"><\/div>\n\t\t\t\t<div class=\"elementor-cta__bg-overlay\"><\/div>\n\t\t\t<\/div>\n\t\t\t\t\t\t\t<div class=\"elementor-cta__content\">\n\t\t\t\t\n\t\t\t\t\t\t\t\t\t<h3 class=\"elementor-cta__title elementor-cta__content-item elementor-content-item\">\n\t\t\t\t\t\tMesse Moderatorin Stuttgart\t\t\t\t\t<\/h3>\n\t\t\t\t\n\t\t\t\t\t\t\t\t\t<div class=\"elementor-cta__description elementor-cta__content-item elementor-content-item\">\n\t\t\t\t\t\t<b>Ihre Marke im Mittelpunkt\n<\/b> <br> \nEin Messeauftritt bietet enorme Chancen \u2013 wenn die Ansprache stimmt. Als Messe Moderatorin Stuttgart helfe ich Ihnen, sich im Trubel abzuheben. Ich pr\u00e4sentiere Ihre Themen pr\u00e4zise, sympathisch und auf den Punkt \u2013 damit Sie nicht nur auffallen, sondern in Erinnerung bleiben. Ich verwandle Ihren Stand in eine B\u00fchne \u2013 mit echter Wirkung f\u00fcr Ihre Marke.\n\t\t\t\t\t<\/div>\n\t\t\t\t\n\t\t\t\t\t\t\t\t\t<div class=\"elementor-cta__button-wrapper elementor-cta__content-item elementor-content-item \">\n\t\t\t\t\t<span class=\"elementor-cta__button elementor-button elementor-size-\">\n\t\t\t\t\t\t&gt;&gt; Mehr zu Messe-Moderatorin\t\t\t\t\t<\/span>\n\t\t\t\t\t<\/div>\n\t\t\t\t\t\t\t<\/div>\n\t\t\t\t\t\t<\/a>\n\t\t\t\t\t\t<\/div>\n\t\t\t\t<\/div>\n\t\t\t\t\t<\/div>\n\t\t<\/div>\n\t\t\t\t<div class=\"elementor-column elementor-col-33 elementor-top-column elementor-element elementor-element-bba92a9\" data-id=\"bba92a9\" data-element_type=\"column\" data-e-type=\"column\">\n\t\t\t<div class=\"elementor-widget-wrap elementor-element-populated\">\n\t\t\t\t\t\t<div class=\"elementor-element elementor-element-7280c8e elementor-cta--layout-image-above elementor-cta--valign-top elementor-cta--skin-classic elementor-animated-content elementor-bg-transform elementor-bg-transform-zoom-in elementor-invisible elementor-widget elementor-widget-call-to-action\" data-id=\"7280c8e\" data-element_type=\"widget\" data-e-type=\"widget\" data-settings=\"{&quot;_animation&quot;:&quot;fadeIn&quot;,&quot;_animation_tablet&quot;:&quot;none&quot;,&quot;_animation_mobile&quot;:&quot;none&quot;,&quot;_animation_delay&quot;:200}\" data-widget_type=\"call-to-action.team-member\">\n\t\t\t\t<div class=\"elementor-widget-container\">\n\t\t\t\t\t\t\t<a class=\"elementor-cta\" href=\"https:\/\/franziskazimmermann.de\/kongress-moderator\/\">\n\t\t\t\t\t<div class=\"elementor-cta__bg-wrapper\">\n\t\t\t\t<div class=\"elementor-cta__bg elementor-bg\" style=\"background-image: url(https:\/\/franziskazimmermann.de\/wp-content\/uploads\/2025\/05\/kongress-moderatorin-stuttgart-1-scaled.webp);\" role=\"img\" aria-label=\"Konferenz Moderatorin Franziska Zimmermann in Stuttgart auf der B\u00fchne beim Founder Summit 2025, im Vordergrund das Publikum sitzend\"><\/div>\n\t\t\t\t<div class=\"elementor-cta__bg-overlay\"><\/div>\n\t\t\t<\/div>\n\t\t\t\t\t\t\t<div class=\"elementor-cta__content\">\n\t\t\t\t\n\t\t\t\t\t\t\t\t\t<h3 class=\"elementor-cta__title elementor-cta__content-item elementor-content-item\">\n\t\t\t\t\t\tKongressmoderatorin Stuttgart\t\t\t\t\t<\/h3>\n\t\t\t\t\n\t\t\t\t\t\t\t\t\t<div class=\"elementor-cta__description elementor-cta__content-item elementor-content-item\">\n\t\t\t\t\t\t<b>Struktur f\u00fcr starke Inhalte\n<\/b> <br>Als Kongressmoderatorin in Stuttgart verbinde ich Moderation mit echtem Branchenwissen. Ich habe \u00fcber zehn Jahre lang mit Unternehmen in der Region zusammengearbeitet \u2013 vom Start-up \u00fcber schw\u00e4bische Hidden Champions bis hin zu gro\u00dfen Automobilkonzernen. <br> <br> Diese Erfahrung macht es mir leicht, Themen zu verstehen, relevante Fragen zu stellen und Diskussionen auf den Punkt zu bringen. <br><br> Ich moderiere Ihren Kongress in Stuttgart mit Tiefgang, Struktur und Gesp\u00fcr f\u00fcr Ihr Publikum.\n\t\t\t\t\t<\/div>\n\t\t\t\t\n\t\t\t\t\t\t\t\t\t<div class=\"elementor-cta__button-wrapper elementor-cta__content-item elementor-content-item \">\n\t\t\t\t\t<span class=\"elementor-cta__button elementor-button elementor-size-\">\n\t\t\t\t\t\t&gt;&gt; Mehr zu Kongress-Moderatorin\t\t\t\t\t<\/span>\n\t\t\t\t\t<\/div>\n\t\t\t\t\t\t\t<\/div>\n\t\t\t\t\t\t<\/a>\n\t\t\t\t\t\t<\/div>\n\t\t\t\t<\/div>\n\t\t\t\t\t<\/div>\n\t\t<\/div>\n\t\t\t\t\t<\/div>\n\t\t<\/section>\n\t\t<div class=\"elementor-element elementor-element-9c4f755 e-flex e-con-boxed e-con e-parent\" data-id=\"9c4f755\" data-element_type=\"container\" data-e-type=\"container\">\n\t\t\t\t\t<div class=\"e-con-inner\">\n\t\t<div class=\"elementor-element elementor-element-8c4f321 e-con-full e-flex e-con e-child\" data-id=\"8c4f321\" data-element_type=\"container\" data-e-type=\"container\" data-settings=\"{&quot;background_background&quot;:&quot;classic&quot;}\">\n\t\t\t\t<\/div>\n\t\t<div class=\"elementor-element elementor-element-e5464ef e-con-full e-flex e-con e-child\" data-id=\"e5464ef\" data-element_type=\"container\" data-e-type=\"container\">\n\t\t\t\t<div class=\"elementor-element elementor-element-0748292 elementor-widget__width-initial elementor-widget-tablet__width-initial elementor-widget elementor-widget-heading\" data-id=\"0748292\" data-element_type=\"widget\" data-e-type=\"widget\" data-widget_type=\"heading.default\">\n\t\t\t\t<div class=\"elementor-widget-container\">\n\t\t\t\t\t<h2 class=\"elementor-heading-title elementor-size-default\">Warum Sie mit mir als Stuttgarter Moderatorin arbeiten sollten\n<\/h2>\t\t\t\t<\/div>\n\t\t\t\t<\/div>\n\t\t\t\t<div class=\"elementor-element elementor-element-28361bd elementor-position-inline-start elementor-widget__width-initial elementor-mobile-position-inline-start elementor-widget-mobile__width-inherit elementor-view-default elementor-invisible elementor-widget elementor-widget-icon-box\" data-id=\"28361bd\" data-element_type=\"widget\" data-e-type=\"widget\" data-settings=\"{&quot;_animation&quot;:&quot;fadeIn&quot;}\" data-widget_type=\"icon-box.default\">\n\t\t\t\t<div class=\"elementor-widget-container\">\n\t\t\t\t\t\t\t<div class=\"elementor-icon-box-wrapper\">\n\n\t\t\t\t\t\t<div class=\"elementor-icon-box-icon\">\n\t\t\t\t<span  class=\"elementor-icon\">\n\t\t\t\t<i aria-hidden=\"true\" class=\"vamtamtheme- vamtam-theme-check\"><\/i>\t\t\t\t<\/span>\n\t\t\t<\/div>\n\t\t\t\n\t\t\t\t\t\t<div class=\"elementor-icon-box-content\">\n\n\t\t\t\t\t\t\t\t\t<h3 class=\"elementor-icon-box-title\">\n\t\t\t\t\t\t<span  >\n\t\t\t\t\t\t\tRegional &amp; vernetzt\t\t\t\t\t\t<\/span>\n\t\t\t\t\t<\/h3>\n\t\t\t\t\n\t\t\t\t\t\t\t\t\t<p class=\"elementor-icon-box-description\">\n\t\t\t\t\t\tKurze Wege, lokale Expertise\n\t\t\t\t\t<\/p>\n\t\t\t\t\n\t\t\t<\/div>\n\t\t\t\n\t\t<\/div>\n\t\t\t\t\t\t<\/div>\n\t\t\t\t<\/div>\n\t\t\t\t<div class=\"elementor-element elementor-element-6be3eb1 elementor-position-inline-start elementor-widget__width-initial elementor-mobile-position-inline-start elementor-widget-mobile__width-inherit elementor-view-default elementor-invisible elementor-widget elementor-widget-icon-box\" data-id=\"6be3eb1\" data-element_type=\"widget\" data-e-type=\"widget\" data-settings=\"{&quot;_animation&quot;:&quot;fadeIn&quot;}\" data-widget_type=\"icon-box.default\">\n\t\t\t\t<div class=\"elementor-widget-container\">\n\t\t\t\t\t\t\t<div class=\"elementor-icon-box-wrapper\">\n\n\t\t\t\t\t\t<div class=\"elementor-icon-box-icon\">\n\t\t\t\t<span  class=\"elementor-icon\">\n\t\t\t\t<i aria-hidden=\"true\" class=\"vamtamtheme- vamtam-theme-check\"><\/i>\t\t\t\t<\/span>\n\t\t\t<\/div>\n\t\t\t\n\t\t\t\t\t\t<div class=\"elementor-icon-box-content\">\n\n\t\t\t\t\t\t\t\t\t<h3 class=\"elementor-icon-box-title\">\n\t\t\t\t\t\t<span  >\n\t\t\t\t\t\t\tNachhaltig gedacht\t\t\t\t\t\t<\/span>\n\t\t\t\t\t<\/h3>\n\t\t\t\t\n\t\t\t\t\t\t\t\t\t<p class=\"elementor-icon-box-description\">\n\t\t\t\t\t\tRessourcenschonend &amp; bewusst organisiert\t\t\t\t\t<\/p>\n\t\t\t\t\n\t\t\t<\/div>\n\t\t\t\n\t\t<\/div>\n\t\t\t\t\t\t<\/div>\n\t\t\t\t<\/div>\n\t\t\t\t<div class=\"elementor-element elementor-element-acc5eef elementor-position-inline-start elementor-widget__width-initial elementor-mobile-position-inline-start elementor-widget-mobile__width-inherit elementor-view-default elementor-invisible elementor-widget elementor-widget-icon-box\" data-id=\"acc5eef\" data-element_type=\"widget\" data-e-type=\"widget\" data-settings=\"{&quot;_animation&quot;:&quot;fadeIn&quot;}\" data-widget_type=\"icon-box.default\">\n\t\t\t\t<div class=\"elementor-widget-container\">\n\t\t\t\t\t\t\t<div class=\"elementor-icon-box-wrapper\">\n\n\t\t\t\t\t\t<div class=\"elementor-icon-box-icon\">\n\t\t\t\t<span  class=\"elementor-icon\">\n\t\t\t\t<i aria-hidden=\"true\" class=\"vamtamtheme- vamtam-theme-check\"><\/i>\t\t\t\t<\/span>\n\t\t\t<\/div>\n\t\t\t\n\t\t\t\t\t\t<div class=\"elementor-icon-box-content\">\n\n\t\t\t\t\t\t\t\t\t<h3 class=\"elementor-icon-box-title\">\n\t\t\t\t\t\t<span  >\n\t\t\t\t\t\t\tErfahren &amp; vielseitig\t\t\t\t\t\t<\/span>\n\t\t\t\t\t<\/h3>\n\t\t\t\t\n\t\t\t\t\t\t\t\t\t<p class=\"elementor-icon-box-description\">\n\t\t\t\t\t\tB\u00fchne, Beratung, Business\t\t\t\t\t<\/p>\n\t\t\t\t\n\t\t\t<\/div>\n\t\t\t\n\t\t<\/div>\n\t\t\t\t\t\t<\/div>\n\t\t\t\t<\/div>\n\t\t\t\t<div class=\"elementor-element elementor-element-7e6113e elementor-position-inline-start elementor-widget__width-initial elementor-mobile-position-inline-start elementor-widget-mobile__width-inherit elementor-view-default elementor-invisible elementor-widget elementor-widget-icon-box\" data-id=\"7e6113e\" data-element_type=\"widget\" data-e-type=\"widget\" data-settings=\"{&quot;_animation&quot;:&quot;fadeIn&quot;}\" data-widget_type=\"icon-box.default\">\n\t\t\t\t<div class=\"elementor-widget-container\">\n\t\t\t\t\t\t\t<div class=\"elementor-icon-box-wrapper\">\n\n\t\t\t\t\t\t<div class=\"elementor-icon-box-icon\">\n\t\t\t\t<span  class=\"elementor-icon\">\n\t\t\t\t<i aria-hidden=\"true\" class=\"vamtamtheme- vamtam-theme-check\"><\/i>\t\t\t\t<\/span>\n\t\t\t<\/div>\n\t\t\t\n\t\t\t\t\t\t<div class=\"elementor-icon-box-content\">\n\n\t\t\t\t\t\t\t\t\t<h3 class=\"elementor-icon-box-title\">\n\t\t\t\t\t\t<span  >\n\t\t\t\t\t\t\tZweisprachig\t\t\t\t\t\t<\/span>\n\t\t\t\t\t<\/h3>\n\t\t\t\t\n\t\t\t\t\t\t\t\t\t<p class=\"elementor-icon-box-description\">\n\t\t\t\t\t\tModeration auf Deutsch &amp; Englisch\t\t\t\t\t<\/p>\n\t\t\t\t\n\t\t\t<\/div>\n\t\t\t\n\t\t<\/div>\n\t\t\t\t\t\t<\/div>\n\t\t\t\t<\/div>\n\t\t\t\t<div class=\"elementor-element elementor-element-2fbf3b0 elementor-position-inline-start elementor-widget__width-initial elementor-mobile-position-inline-start elementor-widget-mobile__width-inherit elementor-view-default elementor-invisible elementor-widget elementor-widget-icon-box\" data-id=\"2fbf3b0\" data-element_type=\"widget\" data-e-type=\"widget\" data-settings=\"{&quot;_animation&quot;:&quot;fadeIn&quot;}\" data-widget_type=\"icon-box.default\">\n\t\t\t\t<div class=\"elementor-widget-container\">\n\t\t\t\t\t\t\t<div class=\"elementor-icon-box-wrapper\">\n\n\t\t\t\t\t\t<div class=\"elementor-icon-box-icon\">\n\t\t\t\t<span  class=\"elementor-icon\">\n\t\t\t\t<i aria-hidden=\"true\" class=\"vamtamtheme- vamtam-theme-check\"><\/i>\t\t\t\t<\/span>\n\t\t\t<\/div>\n\t\t\t\n\t\t\t\t\t\t<div class=\"elementor-icon-box-content\">\n\n\t\t\t\t\t\t\t\t\t<h3 class=\"elementor-icon-box-title\">\n\t\t\t\t\t\t<span  >\n\t\t\t\t\t\t\tProfessionell &amp; pers\u00f6nlich\t\t\t\t\t\t<\/span>\n\t\t\t\t\t<\/h3>\n\t\t\t\t\n\t\t\t\t\t\t\t\t\t<p class=\"elementor-icon-box-description\">\n\t\t\t\t\t\tlive, hybrid oder digital\n\t\t\t\t\t<\/p>\n\t\t\t\t\n\t\t\t<\/div>\n\t\t\t\n\t\t<\/div>\n\t\t\t\t\t\t<\/div>\n\t\t\t\t<\/div>\n\t\t\t\t<div class=\"elementor-element elementor-element-fcffbb4 elementor-mobile-align-center elementor-align-left elementor-widget elementor-widget-button\" data-id=\"fcffbb4\" data-element_type=\"widget\" data-e-type=\"widget\" data-widget_type=\"button.default\">\n\t\t\t\t<div class=\"elementor-widget-container\">\n\t\t\t\t\t\t\t\t\t<div class=\"elementor-button-wrapper\">\n\t\t\t\t\t<a class=\"elementor-button elementor-button-link elementor-size-sm\" href=\"https:\/\/franziskazimmermann.de\/kontakt\/\">\n\t\t\t\t\t\t<span class=\"elementor-button-content-wrapper\">\n\t\t\t\t\t\t<span class=\"elementor-button-icon\">\n\t\t\t\t<i aria-hidden=\"true\" class=\"vamtamtheme- vamtam-theme-arrow-right\"><\/i>\t\t\t<\/span>\n\t\t\t\t\t\t\t\t\t<span class=\"elementor-button-text\">Lernen Sie mich pers\u00f6nlich kennen<\/span>\n\t\t\t\t\t<\/span>\n\t\t\t\t\t<\/a>\n\t\t\t\t<\/div>\n\t\t\t\t\t\t\t\t<\/div>\n\t\t\t\t<\/div>\n\t\t\t\t<\/div>\n\t\t\t\t\t<\/div>\n\t\t\t\t<\/div>\n\t\t<div class=\"elementor-element elementor-element-3ad0fecd e-con-full e-flex e-con e-child\" data-id=\"3ad0fecd\" data-element_type=\"container\" data-e-type=\"container\">\n\t\t\t\t<div class=\"elementor-element elementor-element-3c75948d elementor-view-default elementor-widget elementor-widget-icon\" data-id=\"3c75948d\" data-element_type=\"widget\" data-e-type=\"widget\" data-widget_type=\"icon.default\">\n\t\t\t\t<div class=\"elementor-widget-container\">\n\t\t\t\t\t\t\t<div class=\"elementor-icon-wrapper\">\n\t\t\t<div class=\"elementor-icon\">\n\t\t\t<i aria-hidden=\"true\" class=\"fas fa-film\"><\/i>\t\t\t<\/div>\n\t\t<\/div>\n\t\t\t\t\t\t<\/div>\n\t\t\t\t<\/div>\n\t\t\t\t<div class=\"elementor-element elementor-element-bc5a6b7 elementor-widget__width-initial elementor-widget-tablet__width-inherit elementor-widget elementor-widget-heading\" data-id=\"bc5a6b7\" data-element_type=\"widget\" data-e-type=\"widget\" data-widget_type=\"heading.default\">\n\t\t\t\t<div class=\"elementor-widget-container\">\n\t\t\t\t\t<h3 class=\"elementor-heading-title elementor-size-default\">Hear Me speak: Stuttgarter Moderatorin Franziska Zimmermann <\/h3>\t\t\t\t<\/div>\n\t\t\t\t<\/div>\n\t\t\t\t<div class=\"elementor-element elementor-element-2cacd23b elementor-widget__width-initial elementor-widget-tablet__width-inherit elementor-widget elementor-widget-text-editor\" data-id=\"2cacd23b\" data-element_type=\"widget\" data-e-type=\"widget\" data-widget_type=\"text-editor.default\">\n\t\t\t\t<div class=\"elementor-widget-container\">\n\t\t\t\t\t\t\t\t\t<p><span style=\"font-weight: 400;\">Verschaffen Sie sich selbst einen Eindruck meines Moderationsstils<\/span><\/p>\t\t\t\t\t\t\t\t<\/div>\n\t\t\t\t<\/div>\n\t\t\t\t<div class=\"elementor-element elementor-element-71b11968 elementor-widget__width-initial elementor-widget elementor-widget-video\" data-id=\"71b11968\" data-element_type=\"widget\" data-e-type=\"widget\" data-settings=\"{&quot;youtube_url&quot;:&quot;https:\\\/\\\/youtu.be\\\/JqWdjniRoF8?si=6mL0VNMk-yUjXiDL&quot;,&quot;video_type&quot;:&quot;youtube&quot;,&quot;controls&quot;:&quot;yes&quot;}\" data-widget_type=\"video.default\">\n\t\t\t\t<div class=\"elementor-widget-container\">\n\t\t\t\t\t\t\t<div class=\"elementor-wrapper elementor-open-inline\">\n\t\t\t<div class=\"elementor-video\"><\/div>\t\t<\/div>\n\t\t\t\t\t\t<\/div>\n\t\t\t\t<\/div>\n\t\t\t\t<div class=\"elementor-element elementor-element-4dd66d6 elementor-widget__width-initial elementor-widget elementor-widget-video\" data-id=\"4dd66d6\" data-element_type=\"widget\" data-e-type=\"widget\" data-settings=\"{&quot;youtube_url&quot;:&quot;https:\\\/\\\/youtu.be\\\/LKrnxOjdj98&quot;,&quot;video_type&quot;:&quot;youtube&quot;,&quot;controls&quot;:&quot;yes&quot;}\" data-widget_type=\"video.default\">\n\t\t\t\t<div class=\"elementor-widget-container\">\n\t\t\t\t\t\t\t<div class=\"elementor-wrapper elementor-open-inline\">\n\t\t\t<div class=\"elementor-video\"><\/div>\t\t<\/div>\n\t\t\t\t\t\t<\/div>\n\t\t\t\t<\/div>\n\t\t\t\t<\/div>\n\t\t<div class=\"elementor-element elementor-element-8d30df9 e-flex e-con-boxed e-con e-parent\" data-id=\"8d30df9\" data-element_type=\"container\" data-e-type=\"container\">\n\t\t\t\t\t<div class=\"e-con-inner\">\n\t\t\t\t<div class=\"elementor-element elementor-element-7b88c2e elementor-widget__width-initial elementor-widget-tablet__width-initial elementor-widget elementor-widget-heading\" data-id=\"7b88c2e\" data-element_type=\"widget\" data-e-type=\"widget\" data-widget_type=\"heading.default\">\n\t\t\t\t<div class=\"elementor-widget-container\">\n\t\t\t\t\t<h2 class=\"elementor-heading-title elementor-size-default\">Jetzt Ihre Moderatorin Stuttgart direkt anfragen\n<\/h2>\t\t\t\t<\/div>\n\t\t\t\t<\/div>\n\t\t\t\t<div class=\"elementor-element elementor-element-86e16fe elementor-mobile-align-center elementor-align-center elementor-widget__width-initial elementor-widget elementor-widget-button\" data-id=\"86e16fe\" data-element_type=\"widget\" data-e-type=\"widget\" data-widget_type=\"button.default\">\n\t\t\t\t<div class=\"elementor-widget-container\">\n\t\t\t\t\t\t\t\t\t<div class=\"elementor-button-wrapper\">\n\t\t\t\t\t<a class=\"elementor-button elementor-button-link elementor-size-sm\" href=\"https:\/\/franziskazimmermann.de\/kontakt\/\">\n\t\t\t\t\t\t<span class=\"elementor-button-content-wrapper\">\n\t\t\t\t\t\t<span class=\"elementor-button-icon\">\n\t\t\t\t<i aria-hidden=\"true\" class=\"vamtamtheme- vamtam-theme-arrow-right\"><\/i>\t\t\t<\/span>\n\t\t\t\t\t\t\t\t\t<span class=\"elementor-button-text\">Jetzt direkt anfragen &amp; Verf\u00fcgbarkeit pr\u00fcfen<\/span>\n\t\t\t\t\t<\/span>\n\t\t\t\t\t<\/a>\n\t\t\t\t<\/div>\n\t\t\t\t\t\t\t\t<\/div>\n\t\t\t\t<\/div>\n\t\t\t\t<div class=\"elementor-element elementor-element-833a76c elementor-widget__width-initial elementor-widget-tablet__width-inherit elementor-widget elementor-widget-text-editor\" data-id=\"833a76c\" data-element_type=\"widget\" data-e-type=\"widget\" data-widget_type=\"text-editor.default\">\n\t\t\t\t<div class=\"elementor-widget-container\">\n\t\t\t\t\t\t\t\t\t<p>Ich bin in keiner Moderatoren- oder Speakeragentur exklusiv gelistet!<\/p><p><span style=\"font-weight: 400;\">Fragen Sie mich daher gern direkt hier an! Ich freue mich darauf, Ihre Veranstaltung gemeinsam zu einem echten Erlebnis zu machen.<\/span><br style=\"font-weight: 400;\" \/><br style=\"font-weight: 400;\" \/><\/p>\t\t\t\t\t\t\t\t<\/div>\n\t\t\t\t<\/div>\n\t\t\t\t\t<\/div>\n\t\t\t\t<\/div>\n\t\t\t\t<\/div>\n\t\t","protected":false},"excerpt":{"rendered":"<p>Moderator Stuttgart Moderation Are you currently planning an event, a trade fair, a panel discussion, or a gala evening in Stuttgart or the region? Then you&#039;ve come to the right place. I&#039;m Franziska \u2013 your moderator from Stuttgart. I&#039;ve been on stage and in front of the camera for over 20 years \u2013 and I also have over 10 years of experience in...<\/p>","protected":false},"author":4,"featured_media":989148,"parent":0,"menu_order":0,"comment_status":"closed","ping_status":"closed","template":"","meta":{"footnotes":""},"class_list":["post-989113","page","type-page","status-publish","has-post-thumbnail","hentry"],"yoast_head":"<!-- This site is optimized with the Yoast SEO plugin v27.5 - https:\/\/yoast.com\/product\/yoast-seo-wordpress\/ -->\n<title>Professionelle Moderatorin aus Stuttgart | Franziska Zimmermann<\/title>\n<meta name=\"description\" content=\"Business- &amp; Eventmoderatorin aus Stuttgart. Fokus: Wirtschaft, Finance, TECH &amp; KI. F\u00fcr Konferenzen, Panels, Messe &amp; Gala. DE &amp; EN.\" \/>\n<meta name=\"robots\" content=\"index, follow, max-snippet:-1, max-image-preview:large, max-video-preview:-1\" \/>\n<link rel=\"canonical\" href=\"https:\/\/franziskazimmermann.de\/en\/moderatorin-stuttgart-baden-wuerttemberg\/\" \/>\n<meta property=\"og:locale\" content=\"en_GB\" \/>\n<meta property=\"og:type\" content=\"article\" \/>\n<meta property=\"og:title\" content=\"Professionelle Moderatorin aus Stuttgart | Franziska Zimmermann\" \/>\n<meta property=\"og:description\" content=\"Business- &amp; Eventmoderatorin aus Stuttgart f\u00fcr Stuttgart und Baden-W\u00fcrttemberg. Fokus: Wirtschaft, Finance, TECH &amp; KI. F\u00fcr Konferenzen, Panels, Messe &amp; Gala. DE &amp; EN. Direkt buchen!\" \/>\n<meta property=\"og:url\" content=\"https:\/\/franziskazimmermann.de\/en\/moderatorin-stuttgart-baden-wuerttemberg\/\" \/>\n<meta property=\"og:site_name\" content=\"Moderator &amp; Speaker Franziska Zimmermann\" \/>\n<meta property=\"article:modified_time\" content=\"2026-04-30T22:08:47+00:00\" \/>\n<meta property=\"og:image\" content=\"https:\/\/franziskazimmermann.de\/wp-content\/uploads\/2025\/07\/Moderatorin-Stuttgart-Gruendergrillen-Mai-2025-2.jpeg\" \/>\n\t<meta property=\"og:image:width\" content=\"1080\" \/>\n\t<meta property=\"og:image:height\" content=\"1350\" \/>\n\t<meta property=\"og:image:type\" content=\"image\/jpeg\" \/>\n<meta name=\"twitter:card\" content=\"summary_large_image\" \/>\n<meta name=\"twitter:label1\" content=\"Estimated reading time\" \/>\n\t<meta name=\"twitter:data1\" content=\"3 minutes\" \/>\n<script type=\"application\/ld+json\" class=\"yoast-schema-graph\">{\"@context\":\"https:\\\/\\\/schema.org\",\"@graph\":[{\"@type\":\"WebPage\",\"@id\":\"https:\\\/\\\/franziskazimmermann.de\\\/moderatorin-stuttgart-baden-wuerttemberg\\\/\",\"url\":\"https:\\\/\\\/franziskazimmermann.de\\\/moderatorin-stuttgart-baden-wuerttemberg\\\/\",\"name\":\"Professionelle Moderatorin aus Stuttgart | Franziska Zimmermann\",\"isPartOf\":{\"@id\":\"https:\\\/\\\/franziskazimmermann.de\\\/#website\"},\"primaryImageOfPage\":{\"@id\":\"https:\\\/\\\/franziskazimmermann.de\\\/moderatorin-stuttgart-baden-wuerttemberg\\\/#primaryimage\"},\"image\":{\"@id\":\"https:\\\/\\\/franziskazimmermann.de\\\/moderatorin-stuttgart-baden-wuerttemberg\\\/#primaryimage\"},\"thumbnailUrl\":\"https:\\\/\\\/franziskazimmermann.de\\\/wp-content\\\/uploads\\\/2025\\\/05\\\/event-moderator-stuttgart-franziska-zimmermann-scaled.webp\",\"datePublished\":\"2025-05-11T08:31:30+00:00\",\"dateModified\":\"2026-04-30T22:08:47+00:00\",\"description\":\"Business- & Eventmoderatorin aus Stuttgart. Fokus: Wirtschaft, Finance, TECH & KI. F\u00fcr Konferenzen, Panels, Messe & Gala. DE & EN.\",\"breadcrumb\":{\"@id\":\"https:\\\/\\\/franziskazimmermann.de\\\/moderatorin-stuttgart-baden-wuerttemberg\\\/#breadcrumb\"},\"inLanguage\":\"en-GB\",\"potentialAction\":[{\"@type\":\"ReadAction\",\"target\":[\"https:\\\/\\\/franziskazimmermann.de\\\/moderatorin-stuttgart-baden-wuerttemberg\\\/\"]}]},{\"@type\":\"ImageObject\",\"inLanguage\":\"en-GB\",\"@id\":\"https:\\\/\\\/franziskazimmermann.de\\\/moderatorin-stuttgart-baden-wuerttemberg\\\/#primaryimage\",\"url\":\"https:\\\/\\\/franziskazimmermann.de\\\/wp-content\\\/uploads\\\/2025\\\/05\\\/event-moderator-stuttgart-franziska-zimmermann-scaled.webp\",\"contentUrl\":\"https:\\\/\\\/franziskazimmermann.de\\\/wp-content\\\/uploads\\\/2025\\\/05\\\/event-moderator-stuttgart-franziska-zimmermann-scaled.webp\",\"width\":1707,\"height\":2560,\"caption\":\"Franziska Zimmermann, Event Moderator Stuttgart, seitlich fotografiert, auf der B\u00fchne mit Moderationskarten in der Hand und ins Publikum lachend\"},{\"@type\":\"BreadcrumbList\",\"@id\":\"https:\\\/\\\/franziskazimmermann.de\\\/moderatorin-stuttgart-baden-wuerttemberg\\\/#breadcrumb\",\"itemListElement\":[{\"@type\":\"ListItem\",\"position\":1,\"name\":\"Startseite\",\"item\":\"https:\\\/\\\/franziskazimmermann.de\\\/\"},{\"@type\":\"ListItem\",\"position\":2,\"name\":\"Moderatorin Stuttgart\"}]},{\"@type\":\"WebSite\",\"@id\":\"https:\\\/\\\/franziskazimmermann.de\\\/#website\",\"url\":\"https:\\\/\\\/franziskazimmermann.de\\\/\",\"name\":\"Moderator &amp; Speaker Franziska Zimmermann\",\"description\":\"\",\"publisher\":{\"@id\":\"https:\\\/\\\/franziskazimmermann.de\\\/#organization\"},\"potentialAction\":[{\"@type\":\"SearchAction\",\"target\":{\"@type\":\"EntryPoint\",\"urlTemplate\":\"https:\\\/\\\/franziskazimmermann.de\\\/?s={search_term_string}\"},\"query-input\":{\"@type\":\"PropertyValueSpecification\",\"valueRequired\":true,\"valueName\":\"search_term_string\"}}],\"inLanguage\":\"en-GB\"},{\"@type\":\"Organization\",\"@id\":\"https:\\\/\\\/franziskazimmermann.de\\\/#organization\",\"name\":\"Moderator &amp; Speaker Franziska Zimmermann\",\"url\":\"https:\\\/\\\/franziskazimmermann.de\\\/\",\"logo\":{\"@type\":\"ImageObject\",\"inLanguage\":\"en-GB\",\"@id\":\"https:\\\/\\\/franziskazimmermann.de\\\/#\\\/schema\\\/logo\\\/image\\\/\",\"url\":\"https:\\\/\\\/franziskazimmermann.de\\\/wp-content\\\/uploads\\\/2025\\\/05\\\/Eventmoderator-Speaker-Franziska-Zimmermann-Logo-beige.jpg\",\"contentUrl\":\"https:\\\/\\\/franziskazimmermann.de\\\/wp-content\\\/uploads\\\/2025\\\/05\\\/Eventmoderator-Speaker-Franziska-Zimmermann-Logo-beige.jpg\",\"width\":625,\"height\":165,\"caption\":\"Moderator &amp; Speaker Franziska Zimmermann\"},\"image\":{\"@id\":\"https:\\\/\\\/franziskazimmermann.de\\\/#\\\/schema\\\/logo\\\/image\\\/\"}}]}<\/script>\n<!-- \/ Yoast SEO plugin. -->","yoast_head_json":{"title":"Professionelle Moderatorin aus Stuttgart | Franziska Zimmermann","description":"Business- & Eventmoderatorin aus Stuttgart. Fokus: Wirtschaft, Finance, TECH & KI. F\u00fcr Konferenzen, Panels, Messe & Gala. DE & EN.","robots":{"index":"index","follow":"follow","max-snippet":"max-snippet:-1","max-image-preview":"max-image-preview:large","max-video-preview":"max-video-preview:-1"},"canonical":"https:\/\/franziskazimmermann.de\/en\/moderatorin-stuttgart-baden-wuerttemberg\/","og_locale":"en_GB","og_type":"article","og_title":"Professionelle Moderatorin aus Stuttgart | Franziska Zimmermann","og_description":"Business- & Eventmoderatorin aus Stuttgart f\u00fcr Stuttgart und Baden-W\u00fcrttemberg. Fokus: Wirtschaft, Finance, TECH & KI. F\u00fcr Konferenzen, Panels, Messe & Gala. DE & EN. Direkt buchen!","og_url":"https:\/\/franziskazimmermann.de\/en\/moderatorin-stuttgart-baden-wuerttemberg\/","og_site_name":"Moderator &amp; Speaker Franziska Zimmermann","article_modified_time":"2026-04-30T22:08:47+00:00","og_image":[{"width":1080,"height":1350,"url":"https:\/\/franziskazimmermann.de\/wp-content\/uploads\/2025\/07\/Moderatorin-Stuttgart-Gruendergrillen-Mai-2025-2.jpeg","type":"image\/jpeg"}],"twitter_card":"summary_large_image","twitter_misc":{"Estimated reading time":"3 minutes"},"schema":{"@context":"https:\/\/schema.org","@graph":[{"@type":"WebPage","@id":"https:\/\/franziskazimmermann.de\/moderatorin-stuttgart-baden-wuerttemberg\/","url":"https:\/\/franziskazimmermann.de\/moderatorin-stuttgart-baden-wuerttemberg\/","name":"Professionelle Moderatorin aus Stuttgart | Franziska Zimmermann","isPartOf":{"@id":"https:\/\/franziskazimmermann.de\/#website"},"primaryImageOfPage":{"@id":"https:\/\/franziskazimmermann.de\/moderatorin-stuttgart-baden-wuerttemberg\/#primaryimage"},"image":{"@id":"https:\/\/franziskazimmermann.de\/moderatorin-stuttgart-baden-wuerttemberg\/#primaryimage"},"thumbnailUrl":"https:\/\/franziskazimmermann.de\/wp-content\/uploads\/2025\/05\/event-moderator-stuttgart-franziska-zimmermann-scaled.webp","datePublished":"2025-05-11T08:31:30+00:00","dateModified":"2026-04-30T22:08:47+00:00","description":"Business- & Eventmoderatorin aus Stuttgart. Fokus: Wirtschaft, Finance, TECH & KI. F\u00fcr Konferenzen, Panels, Messe & Gala. DE & EN.","breadcrumb":{"@id":"https:\/\/franziskazimmermann.de\/moderatorin-stuttgart-baden-wuerttemberg\/#breadcrumb"},"inLanguage":"en-GB","potentialAction":[{"@type":"ReadAction","target":["https:\/\/franziskazimmermann.de\/moderatorin-stuttgart-baden-wuerttemberg\/"]}]},{"@type":"ImageObject","inLanguage":"en-GB","@id":"https:\/\/franziskazimmermann.de\/moderatorin-stuttgart-baden-wuerttemberg\/#primaryimage","url":"https:\/\/franziskazimmermann.de\/wp-content\/uploads\/2025\/05\/event-moderator-stuttgart-franziska-zimmermann-scaled.webp","contentUrl":"https:\/\/franziskazimmermann.de\/wp-content\/uploads\/2025\/05\/event-moderator-stuttgart-franziska-zimmermann-scaled.webp","width":1707,"height":2560,"caption":"Franziska Zimmermann, Event Moderator Stuttgart, seitlich fotografiert, auf der B\u00fchne mit Moderationskarten in der Hand und ins Publikum lachend"},{"@type":"BreadcrumbList","@id":"https:\/\/franziskazimmermann.de\/moderatorin-stuttgart-baden-wuerttemberg\/#breadcrumb","itemListElement":[{"@type":"ListItem","position":1,"name":"Startseite","item":"https:\/\/franziskazimmermann.de\/"},{"@type":"ListItem","position":2,"name":"Moderatorin Stuttgart"}]},{"@type":"WebSite","@id":"https:\/\/franziskazimmermann.de\/#website","url":"https:\/\/franziskazimmermann.de\/","name":"Moderator &amp; Speaker Franziska Zimmermann","description":"","publisher":{"@id":"https:\/\/franziskazimmermann.de\/#organization"},"potentialAction":[{"@type":"SearchAction","target":{"@type":"EntryPoint","urlTemplate":"https:\/\/franziskazimmermann.de\/?s={search_term_string}"},"query-input":{"@type":"PropertyValueSpecification","valueRequired":true,"valueName":"search_term_string"}}],"inLanguage":"en-GB"},{"@type":"Organization","@id":"https:\/\/franziskazimmermann.de\/#organization","name":"Moderator &amp; Speaker Franziska Zimmermann","url":"https:\/\/franziskazimmermann.de\/","logo":{"@type":"ImageObject","inLanguage":"en-GB","@id":"https:\/\/franziskazimmermann.de\/#\/schema\/logo\/image\/","url":"https:\/\/franziskazimmermann.de\/wp-content\/uploads\/2025\/05\/Eventmoderator-Speaker-Franziska-Zimmermann-Logo-beige.jpg","contentUrl":"https:\/\/franziskazimmermann.de\/wp-content\/uploads\/2025\/05\/Eventmoderator-Speaker-Franziska-Zimmermann-Logo-beige.jpg","width":625,"height":165,"caption":"Moderator &amp; Speaker Franziska Zimmermann"},"image":{"@id":"https:\/\/franziskazimmermann.de\/#\/schema\/logo\/image\/"}}]}},"_links":{"self":[{"href":"https:\/\/franziskazimmermann.de\/en\/wp-json\/wp\/v2\/pages\/989113","targetHints":{"allow":["GET"]}}],"collection":[{"href":"https:\/\/franziskazimmermann.de\/en\/wp-json\/wp\/v2\/pages"}],"about":[{"href":"https:\/\/franziskazimmermann.de\/en\/wp-json\/wp\/v2\/types\/page"}],"author":[{"embeddable":true,"href":"https:\/\/franziskazimmermann.de\/en\/wp-json\/wp\/v2\/users\/4"}],"replies":[{"embeddable":true,"href":"https:\/\/franziskazimmermann.de\/en\/wp-json\/wp\/v2\/comments?post=989113"}],"version-history":[{"count":10,"href":"https:\/\/franziskazimmermann.de\/en\/wp-json\/wp\/v2\/pages\/989113\/revisions"}],"predecessor-version":[{"id":990564,"href":"https:\/\/franziskazimmermann.de\/en\/wp-json\/wp\/v2\/pages\/989113\/revisions\/990564"}],"wp:featuredmedia":[{"embeddable":true,"href":"https:\/\/franziskazimmermann.de\/en\/wp-json\/wp\/v2\/media\/989148"}],"wp:attachment":[{"href":"https:\/\/franziskazimmermann.de\/en\/wp-json\/wp\/v2\/media?parent=989113"}],"curies":[{"name":"wp","href":"https:\/\/api.w.org\/{rel}","templated":true}]}}