{"id":988478,"date":"2025-05-08T13:28:00","date_gmt":"2025-05-08T11:28:00","guid":{"rendered":"https:\/\/franziskazimmermann.de\/?page_id=988478"},"modified":"2026-04-20T17:08:02","modified_gmt":"2026-04-20T15:08:02","slug":"kongress-moderator","status":"publish","type":"page","link":"https:\/\/franziskazimmermann.de\/en\/kongress-moderator\/","title":{"rendered":"Congress moderator"},"content":{"rendered":"\t\t<div data-elementor-type=\"wp-page\" data-elementor-id=\"988478\" class=\"elementor elementor-988478\" data-elementor-post-type=\"page\">\n\t\t\t\t<div class=\"elementor-element elementor-element-e1e085c e-flex e-con-boxed e-con e-parent\" data-id=\"e1e085c\" data-element_type=\"container\" data-e-type=\"container\">\n\t\t\t\t\t<div class=\"e-con-inner\">\n\t\t<div class=\"elementor-element elementor-element-3794e72 e-con-full e-flex e-con e-child\" data-id=\"3794e72\" data-element_type=\"container\" data-e-type=\"container\">\n\t\t\t\t<div class=\"elementor-element elementor-element-57fdc8a elementor-widget__width-initial elementor-widget-tablet__width-initial elementor-widget-mobile__width-inherit elementor-widget elementor-widget-heading\" data-id=\"57fdc8a\" data-element_type=\"widget\" data-e-type=\"widget\" data-widget_type=\"heading.default\">\n\t\t\t\t<div class=\"elementor-widget-container\">\n\t\t\t\t\t<h1 class=\"elementor-heading-title elementor-size-default\">Kongress-Moderator &amp; Konferenz-Moderator Franziska Zimmermann \n<\/h1>\t\t\t\t<\/div>\n\t\t\t\t<\/div>\n\t\t\t\t<div class=\"elementor-element elementor-element-f34a3b3 elementor-widget__width-initial elementor-widget-tablet__width-inherit elementor-widget elementor-widget-text-editor\" data-id=\"f34a3b3\" data-element_type=\"widget\" data-e-type=\"widget\" data-widget_type=\"text-editor.default\">\n\t\t\t\t<div class=\"elementor-widget-container\">\n\t\t\t\t\t\t\t\t\t<p><span style=\"font-weight: 400;\">Ob auf internationalen Fachkongressen, Branchenevents oder hybriden Panel-Talks \u2013 ich moderiere komplexe Inhalte mit Klarheit, Charme und Struktur.<\/span><\/p><p><span style=\"font-weight: 400;\">Als\u00a0<\/span><b>Kongress-Moderatorin und Konferenz-Moderatorin<\/b><span style=\"font-weight: 400;\">\u00a0unterst\u00fctze ich Unternehmen, Veranstalter und Agenturen dabei, ihre Themen wirkungsvoll auf die B\u00fchne zu bringen \u2013 auf Deutsch oder Englisch, live, digital oder hybrid.<\/span><\/p><p><span style=\"font-weight: 400;\">Ich bin\u00a0<\/span><b>Franziska Zimmermann<\/b><span style=\"font-weight: 400;\">, Moderatorin mit echtem Business-Hintergrund und <\/span><b>\u00fcber 20 Jahren B\u00fchnenerfahrung<\/b><span style=\"font-weight: 400;\">. Als ehemalige Head of Business Development einer f\u00fchrenden Unternehmensberatung kenne ich die Themen, die heute z\u00e4hlen \u2013 von <\/span><b>Finance <\/b><span style=\"font-weight: 400;\">und<\/span><b> M&amp;A \u00fcber KI &amp; Digitalisierung<\/b><span style=\"font-weight: 400;\"> bis zu <\/span><b>Nachhaltigkeit, Tech &amp; Innovation.<\/b><\/p><p><span style=\"font-weight: 400;\">Ich moderiere nicht \u201e\u00fcber\u201c, sondern entlang der Themen \u2013 mit klarem Verst\u00e4ndnis, strukturierter Vorbereitung und einem L\u00e4cheln, das auch komplexe Diskussionen leichtf\u00fc\u00dfig macht.<\/span><\/p><p><span style=\"font-weight: 400;\">Zuhause in Stuttgart, unterwegs in ganz Deutschland und weltweit \u2013 als Kongress-Moderatorin bin ich dort, wo Menschen, Marken und Inhalte zusammenkommen: ob in M\u00fcnchen, Frankfurt, D\u00fcsseldorf, Berlin, Hamburg und \u00fcberall, wo Sie mich brauchen!<\/span><\/p>\t\t\t\t\t\t\t\t<\/div>\n\t\t\t\t<\/div>\n\t\t\t\t<div class=\"elementor-element elementor-element-99856a0 elementor-mobile-align-center elementor-align-left elementor-widget elementor-widget-button\" data-id=\"99856a0\" data-element_type=\"widget\" data-e-type=\"widget\" data-widget_type=\"button.default\">\n\t\t\t\t<div class=\"elementor-widget-container\">\n\t\t\t\t\t\t\t\t\t<div class=\"elementor-button-wrapper\">\n\t\t\t\t\t<a class=\"elementor-button elementor-button-link elementor-size-sm\" href=\"https:\/\/franziskazimmermann.de\/kontakt\/\">\n\t\t\t\t\t\t<span class=\"elementor-button-content-wrapper\">\n\t\t\t\t\t\t<span class=\"elementor-button-icon\">\n\t\t\t\t<i aria-hidden=\"true\" class=\"vamtamtheme- vamtam-theme-arrow-right\"><\/i>\t\t\t<\/span>\n\t\t\t\t\t\t\t\t\t<span class=\"elementor-button-text\">Jetzt Moderation anfragen<\/span>\n\t\t\t\t\t<\/span>\n\t\t\t\t\t<\/a>\n\t\t\t\t<\/div>\n\t\t\t\t\t\t\t\t<\/div>\n\t\t\t\t<\/div>\n\t\t\t\t<\/div>\n\t\t<div class=\"elementor-element elementor-element-7d87e1a e-con-full e-flex e-con e-child\" data-id=\"7d87e1a\" data-element_type=\"container\" data-e-type=\"container\" data-settings=\"{&quot;background_background&quot;:&quot;classic&quot;}\">\n\t\t\t\t<\/div>\n\t\t\t\t\t<\/div>\n\t\t\t\t<\/div>\n\t\t<div class=\"elementor-element elementor-element-8881da3 e-flex e-con-boxed e-con e-parent\" data-id=\"8881da3\" data-element_type=\"container\" data-e-type=\"container\" data-settings=\"{&quot;background_background&quot;:&quot;classic&quot;,&quot;shape_divider_bottom&quot;:&quot;opacity-tilt&quot;}\">\n\t\t\t\t\t<div class=\"e-con-inner\">\n\t\t\t\t<div class=\"elementor-shape elementor-shape-bottom\" aria-hidden=\"true\" data-negative=\"false\">\n\t\t\t<svg xmlns=\"http:\/\/www.w3.org\/2000\/svg\" viewBox=\"0 0 2600 131.1\" preserveAspectRatio=\"none\">\n\t<path class=\"elementor-shape-fill\" d=\"M0 0L2600 0 2600 69.1 0 0z\"\/>\n\t<path class=\"elementor-shape-fill\" style=\"opacity:0.5\" d=\"M0 0L2600 0 2600 69.1 0 69.1z\"\/>\n\t<path class=\"elementor-shape-fill\" style=\"opacity:0.25\" d=\"M2600 0L0 0 0 130.1 2600 69.1z\"\/>\n<\/svg>\t\t<\/div>\n\t\t<div class=\"elementor-element elementor-element-de8b516 e-con-full e-flex e-con e-child\" data-id=\"de8b516\" data-element_type=\"container\" data-e-type=\"container\">\n\t\t\t\t<div class=\"elementor-element elementor-element-cbd6737 elementor-widget elementor-widget-image\" data-id=\"cbd6737\" data-element_type=\"widget\" data-e-type=\"widget\" data-widget_type=\"image.default\">\n\t\t\t\t<div class=\"elementor-widget-container\">\n\t\t\t\t\t\t\t\t\t\t\t\t\t\t\t<img fetchpriority=\"high\" decoding=\"async\" width=\"768\" height=\"1024\" src=\"https:\/\/franziskazimmermann.de\/wp-content\/uploads\/2026\/01\/KI-Kongress-Moderatorin-Franziska-Zimmermann-Mainz-768x1024.jpg\" class=\"attachment-large size-large wp-image-990625\" alt=\"KI Konferenz Moderatorin Franziska Zimmermann aus Stuttgart auf der B\u00fchne des Unternehmen Kompetenz KI Kongresses\" srcset=\"https:\/\/franziskazimmermann.de\/wp-content\/uploads\/2026\/01\/KI-Kongress-Moderatorin-Franziska-Zimmermann-Mainz-768x1024.jpg 768w, https:\/\/franziskazimmermann.de\/wp-content\/uploads\/2026\/01\/KI-Kongress-Moderatorin-Franziska-Zimmermann-Mainz-225x300.jpg 225w, https:\/\/franziskazimmermann.de\/wp-content\/uploads\/2026\/01\/KI-Kongress-Moderatorin-Franziska-Zimmermann-Mainz-1152x1536.jpg 1152w, https:\/\/franziskazimmermann.de\/wp-content\/uploads\/2026\/01\/KI-Kongress-Moderatorin-Franziska-Zimmermann-Mainz-1536x2048.jpg 1536w, https:\/\/franziskazimmermann.de\/wp-content\/uploads\/2026\/01\/KI-Kongress-Moderatorin-Franziska-Zimmermann-Mainz-9x12.jpg 9w, https:\/\/franziskazimmermann.de\/wp-content\/uploads\/2026\/01\/KI-Kongress-Moderatorin-Franziska-Zimmermann-Mainz-scaled.jpg 1920w\" sizes=\"(max-width: 768px) 100vw, 768px\" \/>\t\t\t\t\t\t\t\t\t\t\t\t\t\t\t<\/div>\n\t\t\t\t<\/div>\n\t\t\t\t<\/div>\n\t\t<div class=\"elementor-element elementor-element-a38dff0 e-con-full e-flex e-con e-child\" data-id=\"a38dff0\" data-element_type=\"container\" data-e-type=\"container\">\n\t\t\t\t<div class=\"elementor-element elementor-element-16f87ee elementor-widget__width-initial elementor-widget-tablet__width-initial elementor-widget-mobile__width-inherit elementor-widget elementor-widget-heading\" data-id=\"16f87ee\" data-element_type=\"widget\" data-e-type=\"widget\" data-widget_type=\"heading.default\">\n\t\t\t\t<div class=\"elementor-widget-container\">\n\t\t\t\t\t<h2 class=\"elementor-heading-title elementor-size-default\">KongressmoderatorIN mit Wirtschaftskompetenz<\/h2>\t\t\t\t<\/div>\n\t\t\t\t<\/div>\n\t\t\t\t<div class=\"elementor-element elementor-element-d38e1df elementor-widget__width-initial elementor-widget-tablet__width-inherit elementor-widget elementor-widget-text-editor\" data-id=\"d38e1df\" data-element_type=\"widget\" data-e-type=\"widget\" data-widget_type=\"text-editor.default\">\n\t\t\t\t<div class=\"elementor-widget-container\">\n\t\t\t\t\t\t\t\t\t<p><span style=\"font-weight: 400;\">Viele Kongress- oder Konferenzmoderator:innen kommen aus dem Journalismus \u2013 ich komme <\/span><b>aus der Wirtschafts- &amp; Unternehmenswelt.<\/b><\/p><p><span style=\"font-weight: 400;\">Ich bringe langj\u00e4hrige Erfahrung in der Beratung und Zusammenarbeit mit C-Level-Entscheider:innen mit.<\/span><\/p><p><span style=\"font-weight: 400;\">Das macht mich zur idealen Begleitung f\u00fcr anspruchsvolle Kongresse, die mehr brauchen als nur B\u00fchnenpr\u00e4senz. <\/span><\/p><p><span style=\"font-weight: 400;\"><strong>Ich bin<\/strong> <\/span><b>eine Partnerin mit Struktur, strategischem Verst\u00e4ndnis und nat\u00fcrlicher Wirkung.<\/b><\/p>\t\t\t\t\t\t\t\t<\/div>\n\t\t\t\t<\/div>\n\t\t\t\t<\/div>\n\t\t\t\t\t<\/div>\n\t\t\t\t<\/div>\n\t\t<div class=\"elementor-element elementor-element-d4f8a6c e-flex e-con-boxed e-con e-parent\" data-id=\"d4f8a6c\" data-element_type=\"container\" data-e-type=\"container\">\n\t\t\t\t\t<div class=\"e-con-inner\">\n\t\t<div class=\"elementor-element elementor-element-d19654f e-con-full e-flex e-con e-child\" data-id=\"d19654f\" data-element_type=\"container\" data-e-type=\"container\">\n\t\t\t\t<div class=\"elementor-element elementor-element-0cb917e elementor-widget__width-initial elementor-widget-tablet__width-inherit elementor-widget elementor-widget-heading\" data-id=\"0cb917e\" data-element_type=\"widget\" data-e-type=\"widget\" data-widget_type=\"heading.default\">\n\t\t\t\t<div class=\"elementor-widget-container\">\n\t\t\t\t\t<h3 class=\"elementor-heading-title elementor-size-default\">360\u00b0 Konferenz-Moderation<\/h3>\t\t\t\t<\/div>\n\t\t\t\t<\/div>\n\t\t\t\t<div class=\"elementor-element elementor-element-99fd498 elementor-widget__width-initial elementor-widget-tablet__width-inherit elementor-widget elementor-widget-text-editor\" data-id=\"99fd498\" data-element_type=\"widget\" data-e-type=\"widget\" data-widget_type=\"text-editor.default\">\n\t\t\t\t<div class=\"elementor-widget-container\">\n\t\t\t\t\t\t\t\t\t<p><strong>Ich denke Konferenz-Moderationen immer 360\u00b0: <br \/><\/strong><span style=\"font-weight: 400;\">von der sorgf\u00e4ltigen Vorbereitung und thematischen Abstimmung \u00fcber die gezielte<\/span> <span style=\"font-weight: 400;\">Dramaturgie, der Bewerbung \u00fcber soziale Medien wie LinkedIn (wenn gew\u00fcnscht) bis hin zur souver\u00e4nen Durchf\u00fchrung auf der B\u00fchne.<\/span><\/p><p><span style=\"font-weight: 400;\">Kunden sch\u00e4tzen meine mitdenkende, flexible und professionelle Art \u2013 und eine Zusammenarbeit auf Augenh\u00f6he.<\/span><\/p>\t\t\t\t\t\t\t\t<\/div>\n\t\t\t\t<\/div>\n\t\t\t\t<div class=\"elementor-element elementor-element-918dfd8 elementor-mobile-align-center elementor-align-center elementor-widget__width-initial elementor-widget elementor-widget-button\" data-id=\"918dfd8\" data-element_type=\"widget\" data-e-type=\"widget\" data-widget_type=\"button.default\">\n\t\t\t\t<div class=\"elementor-widget-container\">\n\t\t\t\t\t\t\t\t\t<div class=\"elementor-button-wrapper\">\n\t\t\t\t\t<a class=\"elementor-button elementor-button-link elementor-size-sm\" href=\"https:\/\/franziskazimmermann.de\/about\/\">\n\t\t\t\t\t\t<span class=\"elementor-button-content-wrapper\">\n\t\t\t\t\t\t<span class=\"elementor-button-icon\">\n\t\t\t\t<i aria-hidden=\"true\" class=\"vamtamtheme- vamtam-theme-arrow-right\"><\/i>\t\t\t<\/span>\n\t\t\t\t\t\t\t\t\t<span class=\"elementor-button-text\">Lernen Sie mich pers\u00f6nlich kennen<\/span>\n\t\t\t\t\t<\/span>\n\t\t\t\t\t<\/a>\n\t\t\t\t<\/div>\n\t\t\t\t\t\t\t\t<\/div>\n\t\t\t\t<\/div>\n\t\t\t\t<\/div>\n\t\t\t\t\t<\/div>\n\t\t\t\t<\/div>\n\t\t<div class=\"elementor-element elementor-element-76d212c e-flex e-con-boxed e-con e-parent\" data-id=\"76d212c\" data-element_type=\"container\" data-e-type=\"container\">\n\t\t\t\t\t<div class=\"e-con-inner\">\n\t\t<div class=\"elementor-element elementor-element-9b098ac e-con-full e-flex e-con e-child\" data-id=\"9b098ac\" data-element_type=\"container\" data-e-type=\"container\" data-settings=\"{&quot;background_background&quot;:&quot;classic&quot;}\">\n\t\t\t\t<\/div>\n\t\t<div class=\"elementor-element elementor-element-751b685 e-con-full e-flex e-con e-child\" data-id=\"751b685\" data-element_type=\"container\" data-e-type=\"container\">\n\t\t\t\t<div class=\"elementor-element elementor-element-7aedfe7 elementor-widget__width-initial elementor-widget-tablet__width-initial elementor-widget elementor-widget-heading\" data-id=\"7aedfe7\" data-element_type=\"widget\" data-e-type=\"widget\" data-widget_type=\"heading.default\">\n\t\t\t\t<div class=\"elementor-widget-container\">\n\t\t\t\t\t<h2 class=\"elementor-heading-title elementor-size-default\">Thematische Tiefe &amp; Kongress-Moderation auf Augenh\u00f6he\n<\/h2>\t\t\t\t<\/div>\n\t\t\t\t<\/div>\n\t\t\t\t<div class=\"elementor-element elementor-element-d26456e elementor-widget__width-initial elementor-widget-tablet__width-inherit elementor-widget elementor-widget-text-editor\" data-id=\"d26456e\" data-element_type=\"widget\" data-e-type=\"widget\" data-widget_type=\"text-editor.default\">\n\t\t\t\t<div class=\"elementor-widget-container\">\n\t\t\t\t\t\t\t\t\t<p><span style=\"font-weight: 400;\">Mein inhaltlicher Fokus f\u00fcr die Moderation von Kongressen und Konferenzen liegt auf folgenden Themengebieten:\u00a0<\/span><\/p>\t\t\t\t\t\t\t\t<\/div>\n\t\t\t\t<\/div>\n\t\t\t\t<div class=\"elementor-element elementor-element-8e4fdb7 elementor-position-inline-start elementor-widget__width-initial elementor-mobile-position-inline-start elementor-widget-mobile__width-inherit elementor-view-default elementor-invisible elementor-widget elementor-widget-icon-box\" data-id=\"8e4fdb7\" data-element_type=\"widget\" data-e-type=\"widget\" data-settings=\"{&quot;_animation&quot;:&quot;fadeIn&quot;}\" data-widget_type=\"icon-box.default\">\n\t\t\t\t<div class=\"elementor-widget-container\">\n\t\t\t\t\t\t\t<div class=\"elementor-icon-box-wrapper\">\n\n\t\t\t\t\t\t<div class=\"elementor-icon-box-icon\">\n\t\t\t\t<a href=\"https:\/\/franziskazimmermann.de\/wirtschaftsmoderatorin-fuer-politik-finance-tech-und-ki\/\" class=\"elementor-icon\" tabindex=\"-1\">\n\t\t\t\t<i aria-hidden=\"true\" class=\"vamtamtheme- vamtam-theme-check\"><\/i>\t\t\t\t<\/a>\n\t\t\t<\/div>\n\t\t\t\n\t\t\t\t\t\t<div class=\"elementor-icon-box-content\">\n\n\t\t\t\t\n\t\t\t\t\t\t\t\t\t<p class=\"elementor-icon-box-description\">\n\t\t\t\t\t\t<b>Wirtschaft<\/b> <b>&amp;<\/b> <b>Politik<\/b>\t\t\t\t\t<\/p>\n\t\t\t\t\n\t\t\t<\/div>\n\t\t\t\n\t\t<\/div>\n\t\t\t\t\t\t<\/div>\n\t\t\t\t<\/div>\n\t\t\t\t<div class=\"elementor-element elementor-element-ac87e43 elementor-position-inline-start elementor-widget__width-initial elementor-mobile-position-inline-start elementor-widget-mobile__width-inherit elementor-view-default elementor-invisible elementor-widget elementor-widget-icon-box\" data-id=\"ac87e43\" data-element_type=\"widget\" data-e-type=\"widget\" data-settings=\"{&quot;_animation&quot;:&quot;fadeIn&quot;}\" data-widget_type=\"icon-box.default\">\n\t\t\t\t<div class=\"elementor-widget-container\">\n\t\t\t\t\t\t\t<div class=\"elementor-icon-box-wrapper\">\n\n\t\t\t\t\t\t<div class=\"elementor-icon-box-icon\">\n\t\t\t\t<span  class=\"elementor-icon\">\n\t\t\t\t<i aria-hidden=\"true\" class=\"vamtamtheme- vamtam-theme-check\"><\/i>\t\t\t\t<\/span>\n\t\t\t<\/div>\n\t\t\t\n\t\t\t\t\t\t<div class=\"elementor-icon-box-content\">\n\n\t\t\t\t\n\t\t\t\t\t\t\t\t\t<p class=\"elementor-icon-box-description\">\n\t\t\t\t\t\t<b>Tech<\/b> <b>&amp;<\/b> <b>Innovation<\/b>\t\t\t\t\t<\/p>\n\t\t\t\t\n\t\t\t<\/div>\n\t\t\t\n\t\t<\/div>\n\t\t\t\t\t\t<\/div>\n\t\t\t\t<\/div>\n\t\t\t\t<div class=\"elementor-element elementor-element-235a942 elementor-position-inline-start elementor-widget__width-initial elementor-mobile-position-inline-start elementor-widget-mobile__width-inherit elementor-view-default elementor-invisible elementor-widget elementor-widget-icon-box\" data-id=\"235a942\" data-element_type=\"widget\" data-e-type=\"widget\" data-settings=\"{&quot;_animation&quot;:&quot;fadeIn&quot;}\" data-widget_type=\"icon-box.default\">\n\t\t\t\t<div class=\"elementor-widget-container\">\n\t\t\t\t\t\t\t<div class=\"elementor-icon-box-wrapper\">\n\n\t\t\t\t\t\t<div class=\"elementor-icon-box-icon\">\n\t\t\t\t<a href=\"https:\/\/franziskazimmermann.de\/ki-moderatorin\/\" class=\"elementor-icon\" tabindex=\"-1\">\n\t\t\t\t<i aria-hidden=\"true\" class=\"vamtamtheme- vamtam-theme-check\"><\/i>\t\t\t\t<\/a>\n\t\t\t<\/div>\n\t\t\t\n\t\t\t\t\t\t<div class=\"elementor-icon-box-content\">\n\n\t\t\t\t\n\t\t\t\t\t\t\t\t\t<p class=\"elementor-icon-box-description\">\n\t\t\t\t\t\t<b>Digitalisierung, Software &amp; KI<\/b>\t\t\t\t\t<\/p>\n\t\t\t\t\n\t\t\t<\/div>\n\t\t\t\n\t\t<\/div>\n\t\t\t\t\t\t<\/div>\n\t\t\t\t<\/div>\n\t\t\t\t<div class=\"elementor-element elementor-element-872437a elementor-position-inline-start elementor-widget__width-initial elementor-mobile-position-inline-start elementor-widget-mobile__width-inherit elementor-view-default elementor-invisible elementor-widget elementor-widget-icon-box\" data-id=\"872437a\" data-element_type=\"widget\" data-e-type=\"widget\" data-settings=\"{&quot;_animation&quot;:&quot;fadeIn&quot;}\" data-widget_type=\"icon-box.default\">\n\t\t\t\t<div class=\"elementor-widget-container\">\n\t\t\t\t\t\t\t<div class=\"elementor-icon-box-wrapper\">\n\n\t\t\t\t\t\t<div class=\"elementor-icon-box-icon\">\n\t\t\t\t<span  class=\"elementor-icon\">\n\t\t\t\t<i aria-hidden=\"true\" class=\"vamtamtheme- vamtam-theme-check\"><\/i>\t\t\t\t<\/span>\n\t\t\t<\/div>\n\t\t\t\n\t\t\t\t\t\t<div class=\"elementor-icon-box-content\">\n\n\t\t\t\t\n\t\t\t\t\t\t\t\t\t<p class=\"elementor-icon-box-description\">\n\t\t\t\t\t\t<b>Finance, Investment &amp; Immobilien<\/b>\t\t\t\t\t<\/p>\n\t\t\t\t\n\t\t\t<\/div>\n\t\t\t\n\t\t<\/div>\n\t\t\t\t\t\t<\/div>\n\t\t\t\t<\/div>\n\t\t\t\t<div class=\"elementor-element elementor-element-991506b elementor-widget__width-initial elementor-widget-tablet__width-inherit elementor-widget elementor-widget-text-editor\" data-id=\"991506b\" data-element_type=\"widget\" data-e-type=\"widget\" data-widget_type=\"text-editor.default\">\n\t\t\t\t<div class=\"elementor-widget-container\">\n\t\t\t\t\t\t\t\t\t<p>Ich habe gro\u00dfen Spa\u00df daran mich noch tiefer in bestehende, oder ganz neue Themengebiete einzuarbeiten und bereite mich immer intensiv auf das jeweilige Konferenz- oder Kongressthema vor!<\/p><p><span style=\"font-weight: 400;\">Ob <\/span><span style=\"font-weight: 400;\"><strong>Keynote-Anmoderation,<\/strong> <span style=\"text-decoration: underline;\"><a href=\"https:\/\/franziskazimmermann.de\/panel-moderatorin\/\"><strong>Paneldiskussion<\/strong><\/a><\/span>, <strong>Interviews<\/strong> oder Moderation ganzer <strong>Fachkonferenzen<\/strong> \u2013 ich verbinde Perspektiven, stelle kluge Fragen und f\u00fchre souver\u00e4n durchs Programm.<\/span><\/p><p><span style=\"font-weight: 400;\">Dabei richte ich mich flexibel nach Zielgruppe, Ton und Format \u2013\u00a0<\/span><b>ob Vorstand, Fachpublikum oder internationale Speaker-Runde.<\/b><span style=\"font-weight: 400;\"><br style=\"font-weight: 400;\" \/><\/span><\/p>\t\t\t\t\t\t\t\t<\/div>\n\t\t\t\t<\/div>\n\t\t\t\t<\/div>\n\t\t\t\t\t<\/div>\n\t\t\t\t<\/div>\n\t\t\t\t<section class=\"elementor-section elementor-top-section elementor-element elementor-element-e6fff4e elementor-section-boxed elementor-section-height-default elementor-section-height-default\" data-id=\"e6fff4e\" data-element_type=\"section\" data-e-type=\"section\">\n\t\t\t\t\t\t<div class=\"elementor-container elementor-column-gap-no\">\n\t\t\t\t\t<div class=\"elementor-column elementor-col-100 elementor-top-column elementor-element elementor-element-f8b7a21\" data-id=\"f8b7a21\" data-element_type=\"column\" data-e-type=\"column\" data-settings=\"{&quot;background_background&quot;:&quot;classic&quot;}\">\n\t\t\t<div class=\"elementor-widget-wrap elementor-element-populated\">\n\t\t\t\t\t\t<div class=\"elementor-element elementor-element-dc05c07 elementor-widget elementor-widget-spacer\" data-id=\"dc05c07\" data-element_type=\"widget\" data-e-type=\"widget\" data-widget_type=\"spacer.default\">\n\t\t\t\t<div class=\"elementor-widget-container\">\n\t\t\t\t\t\t\t<div class=\"elementor-spacer\">\n\t\t\t<div class=\"elementor-spacer-inner\"><\/div>\n\t\t<\/div>\n\t\t\t\t\t\t<\/div>\n\t\t\t\t<\/div>\n\t\t\t\t\t<\/div>\n\t\t<\/div>\n\t\t\t\t\t<\/div>\n\t\t<\/section>\n\t\t\t\t<section class=\"elementor-section elementor-top-section elementor-element elementor-element-2425ef4 elementor-section-height-min-height elementor-section-items-bottom elementor-section-boxed elementor-section-height-default\" data-id=\"2425ef4\" data-element_type=\"section\" data-e-type=\"section\" data-settings=\"{&quot;background_background&quot;:&quot;classic&quot;,&quot;background_motion_fx_motion_fx_scrolling&quot;:&quot;yes&quot;,&quot;background_motion_fx_translateY_effect&quot;:&quot;yes&quot;,&quot;background_motion_fx_translateY_direction&quot;:&quot;negative&quot;,&quot;background_motion_fx_translateY_speed&quot;:{&quot;unit&quot;:&quot;px&quot;,&quot;size&quot;:4,&quot;sizes&quot;:[]},&quot;background_motion_fx_translateY_affectedRange&quot;:{&quot;unit&quot;:&quot;%&quot;,&quot;size&quot;:&quot;&quot;,&quot;sizes&quot;:{&quot;start&quot;:0,&quot;end&quot;:100}},&quot;background_motion_fx_devices&quot;:[&quot;desktop&quot;,&quot;tablet&quot;,&quot;mobile&quot;]}\">\n\t\t\t\t\t\t\t<div class=\"elementor-background-overlay\"><\/div>\n\t\t\t\t\t\t\t<div class=\"elementor-container elementor-column-gap-default\">\n\t\t\t\t\t<div class=\"elementor-column elementor-col-100 elementor-top-column elementor-element elementor-element-b3a71f3\" data-id=\"b3a71f3\" data-element_type=\"column\" data-e-type=\"column\">\n\t\t\t<div class=\"elementor-widget-wrap elementor-element-populated\">\n\t\t\t\t\t\t<div class=\"elementor-element elementor-element-e859eb6 elementor-widget__width-initial elementor-widget-mobile__width-initial elementor-widget elementor-widget-heading\" data-id=\"e859eb6\" data-element_type=\"widget\" data-e-type=\"widget\" data-widget_type=\"heading.default\">\n\t\t\t\t<div class=\"elementor-widget-container\">\n\t\t\t\t\t<p class=\"elementor-heading-title elementor-size-default\">Lernen Sie mich kennen<\/p>\t\t\t\t<\/div>\n\t\t\t\t<\/div>\n\t\t\t\t<div class=\"elementor-element elementor-element-94230d4 elementor-widget elementor-widget-button\" data-id=\"94230d4\" data-element_type=\"widget\" data-e-type=\"widget\" data-widget_type=\"button.default\">\n\t\t\t\t<div class=\"elementor-widget-container\">\n\t\t\t\t\t\t\t\t\t<div class=\"elementor-button-wrapper\">\n\t\t\t\t\t<a class=\"elementor-button elementor-button-link elementor-size-sm\" href=\"https:\/\/franziskazimmermann.de\/kontakt\/\">\n\t\t\t\t\t\t<span class=\"elementor-button-content-wrapper\">\n\t\t\t\t\t\t<span class=\"elementor-button-icon\">\n\t\t\t\t<i aria-hidden=\"true\" class=\"vamtamtheme- vamtam-theme-arrow-right\"><\/i>\t\t\t<\/span>\n\t\t\t\t\t\t\t\t\t<span class=\"elementor-button-text\">Jetzt als Kongress-Moderator anfragen<\/span>\n\t\t\t\t\t<\/span>\n\t\t\t\t\t<\/a>\n\t\t\t\t<\/div>\n\t\t\t\t\t\t\t\t<\/div>\n\t\t\t\t<\/div>\n\t\t\t\t\t<\/div>\n\t\t<\/div>\n\t\t\t\t\t<\/div>\n\t\t<\/section>\n\t\t<div class=\"elementor-element elementor-element-987bd1d e-flex e-con-boxed e-con e-parent\" data-id=\"987bd1d\" data-element_type=\"container\" data-e-type=\"container\">\n\t\t\t\t\t<div class=\"e-con-inner\">\n\t\t\t\t<div class=\"elementor-element elementor-element-321469d elementor-widget__width-initial elementor-widget-tablet__width-inherit elementor-widget elementor-widget-heading\" data-id=\"321469d\" data-element_type=\"widget\" data-e-type=\"widget\" data-widget_type=\"heading.default\">\n\t\t\t\t<div class=\"elementor-widget-container\">\n\t\t\t\t\t<h2 class=\"elementor-heading-title elementor-size-default\">Warum mit mir als Kongress-Moderator?<\/h2>\t\t\t\t<\/div>\n\t\t\t\t<\/div>\n\t\t\t\t<div class=\"elementor-element elementor-element-1321310 elementor-mobile-align-center elementor-align-center elementor-widget__width-initial elementor-widget elementor-widget-button\" data-id=\"1321310\" data-element_type=\"widget\" data-e-type=\"widget\" data-widget_type=\"button.default\">\n\t\t\t\t<div class=\"elementor-widget-container\">\n\t\t\t\t\t\t\t\t\t<div class=\"elementor-button-wrapper\">\n\t\t\t\t\t<a class=\"elementor-button elementor-button-link elementor-size-sm\" href=\"https:\/\/www.linkedin.com\/in\/franziska-zimmermann-hengst\/\">\n\t\t\t\t\t\t<span class=\"elementor-button-content-wrapper\">\n\t\t\t\t\t\t<span class=\"elementor-button-icon\">\n\t\t\t\t<i aria-hidden=\"true\" class=\"vamtamtheme- vamtam-theme-arrow-right\"><\/i>\t\t\t<\/span>\n\t\t\t\t\t\t\t\t\t<span class=\"elementor-button-text\">Jetzt auf LinkedIn vernetzen<\/span>\n\t\t\t\t\t<\/span>\n\t\t\t\t\t<\/a>\n\t\t\t\t<\/div>\n\t\t\t\t\t\t\t\t<\/div>\n\t\t\t\t<\/div>\n\t\t\t\t<div class=\"elementor-element elementor-element-0ef7716 elementor-widget__width-initial elementor-widget-tablet__width-inherit elementor-widget elementor-widget-heading\" data-id=\"0ef7716\" data-element_type=\"widget\" data-e-type=\"widget\" data-widget_type=\"heading.default\">\n\t\t\t\t<div class=\"elementor-widget-container\">\n\t\t\t\t\t<p class=\"elementor-heading-title elementor-size-default\">Ihre Vorteile auf einen Blick<\/p>\t\t\t\t<\/div>\n\t\t\t\t<\/div>\n\t\t<div class=\"elementor-element elementor-element-d2b1fc1 e-con-full e-flex e-con e-child\" data-id=\"d2b1fc1\" data-element_type=\"container\" data-e-type=\"container\">\n\t\t<div class=\"elementor-element elementor-element-153a9a3 e-con-full e-flex e-con e-child\" data-id=\"153a9a3\" data-element_type=\"container\" data-e-type=\"container\" data-settings=\"{&quot;background_background&quot;:&quot;classic&quot;}\">\n\t\t\t\t<div class=\"elementor-element elementor-element-26a5e02 elementor-view-stacked elementor-shape-circle elementor-widget elementor-widget-icon\" data-id=\"26a5e02\" data-element_type=\"widget\" data-e-type=\"widget\" data-widget_type=\"icon.default\">\n\t\t\t\t<div class=\"elementor-widget-container\">\n\t\t\t\t\t\t\t<div class=\"elementor-icon-wrapper\">\n\t\t\t<div class=\"elementor-icon elementor-animation-grow\">\n\t\t\t<i aria-hidden=\"true\" class=\"far fa-handshake\"><\/i>\t\t\t<\/div>\n\t\t<\/div>\n\t\t\t\t\t\t<\/div>\n\t\t\t\t<\/div>\n\t\t\t\t<div class=\"elementor-element elementor-element-e1c6ca4 elementor-widget elementor-widget-heading\" data-id=\"e1c6ca4\" data-element_type=\"widget\" data-e-type=\"widget\" data-widget_type=\"heading.default\">\n\t\t\t\t<div class=\"elementor-widget-container\">\n\t\t\t\t\t<h3 class=\"elementor-heading-title elementor-size-default\">Business-Kompetenz auf der B\u00fchne<\/h3>\t\t\t\t<\/div>\n\t\t\t\t<\/div>\n\t\t\t\t<div class=\"elementor-element elementor-element-ebdbcbb elementor-widget elementor-widget-text-editor\" data-id=\"ebdbcbb\" data-element_type=\"widget\" data-e-type=\"widget\" data-widget_type=\"text-editor.default\">\n\t\t\t\t<div class=\"elementor-widget-container\">\n\t\t\t\t\t\t\t\t\t<p>Ich kenne die Unternehmenswelt nicht aus dem Lehrbuch, sondern aus der Praxis: \u00dcber 15 Jahre war ich in der Personal- und Unternehmensberatung t\u00e4tig \u2013 von Start-ups bis DAX-Konzernen, von Automotive bis Pharma &amp; MedTech.<\/p><p>Als ehemalige Head of Business Development moderiere ich auf Augenh\u00f6he mit Vorst\u00e4nden, Fachexpert:innen und Entscheider:innen.<\/p>\t\t\t\t\t\t\t\t<\/div>\n\t\t\t\t<\/div>\n\t\t\t\t<\/div>\n\t\t<div class=\"elementor-element elementor-element-31e0dad e-con-full e-flex e-con e-child\" data-id=\"31e0dad\" data-element_type=\"container\" data-e-type=\"container\" data-settings=\"{&quot;background_background&quot;:&quot;classic&quot;}\">\n\t\t\t\t<div class=\"elementor-element elementor-element-d1d165a elementor-view-stacked elementor-shape-circle elementor-widget elementor-widget-icon\" data-id=\"d1d165a\" data-element_type=\"widget\" data-e-type=\"widget\" data-widget_type=\"icon.default\">\n\t\t\t\t<div class=\"elementor-widget-container\">\n\t\t\t\t\t\t\t<div class=\"elementor-icon-wrapper\">\n\t\t\t<div class=\"elementor-icon elementor-animation-grow\">\n\t\t\t<i aria-hidden=\"true\" class=\"fas fa-sync\"><\/i>\t\t\t<\/div>\n\t\t<\/div>\n\t\t\t\t\t\t<\/div>\n\t\t\t\t<\/div>\n\t\t\t\t<div class=\"elementor-element elementor-element-fad5ce4 elementor-widget elementor-widget-heading\" data-id=\"fad5ce4\" data-element_type=\"widget\" data-e-type=\"widget\" data-widget_type=\"heading.default\">\n\t\t\t\t<div class=\"elementor-widget-container\">\n\t\t\t\t\t<h3 class=\"elementor-heading-title elementor-size-default\">Mehr als B\u00fchne: 360\u00b0-Moderation mit Konzept<\/h3>\t\t\t\t<\/div>\n\t\t\t\t<\/div>\n\t\t\t\t<div class=\"elementor-element elementor-element-6c0b8b6 elementor-widget elementor-widget-text-editor\" data-id=\"6c0b8b6\" data-element_type=\"widget\" data-e-type=\"widget\" data-widget_type=\"text-editor.default\">\n\t\t\t\t<div class=\"elementor-widget-container\">\n\t\t\t\t\t\t\t\t\t<p>Starke Kongressmoderation beginnt lange vor dem ersten Mikrofon-Check.<br \/>Was ist das Ziel Ihres Kongresses?<br \/>Genau dort setze ich an.<\/p><p>Ich entwickle ein passendes Moderationskonzept, bereite mich inhaltlich fundiert vor und stimme mich eng mit allen Beteiligten ab \u2013 f\u00fcr einen Ablauf, der nicht nur funktioniert, sondern inspiriert.<\/p>\t\t\t\t\t\t\t\t<\/div>\n\t\t\t\t<\/div>\n\t\t\t\t<\/div>\n\t\t<div class=\"elementor-element elementor-element-8ae1cb0 e-con-full e-flex e-con e-child\" data-id=\"8ae1cb0\" data-element_type=\"container\" data-e-type=\"container\" data-settings=\"{&quot;background_background&quot;:&quot;classic&quot;}\">\n\t\t\t\t<div class=\"elementor-element elementor-element-9bcbadc elementor-view-stacked elementor-shape-circle elementor-widget elementor-widget-icon\" data-id=\"9bcbadc\" data-element_type=\"widget\" data-e-type=\"widget\" data-widget_type=\"icon.default\">\n\t\t\t\t<div class=\"elementor-widget-container\">\n\t\t\t\t\t\t\t<div class=\"elementor-icon-wrapper\">\n\t\t\t<div class=\"elementor-icon elementor-animation-grow\">\n\t\t\t<i aria-hidden=\"true\" class=\"fas fa-microphone\"><\/i>\t\t\t<\/div>\n\t\t<\/div>\n\t\t\t\t\t\t<\/div>\n\t\t\t\t<\/div>\n\t\t\t\t<div class=\"elementor-element elementor-element-7ce08cf elementor-widget elementor-widget-heading\" data-id=\"7ce08cf\" data-element_type=\"widget\" data-e-type=\"widget\" data-widget_type=\"heading.default\">\n\t\t\t\t<div class=\"elementor-widget-container\">\n\t\t\t\t\t<h3 class=\"elementor-heading-title elementor-size-default\">Moderation auf Deutsch &amp; Englisch<\/h3>\t\t\t\t<\/div>\n\t\t\t\t<\/div>\n\t\t\t\t<div class=\"elementor-element elementor-element-e25c013 elementor-widget elementor-widget-text-editor\" data-id=\"e25c013\" data-element_type=\"widget\" data-e-type=\"widget\" data-widget_type=\"text-editor.default\">\n\t\t\t\t<div class=\"elementor-widget-container\">\n\t\t\t\t\t\t\t\t\t<p><strong>Ohne Umwege<\/strong><\/p><p>Ich moderiere flie\u00dfend auf Deutsch und Englisch \u2013 auf internationalen Kongressen, hybriden Panels oder digitalen Fachveranstaltungen.<\/p><p>Klar, direkt und ohne \u00dcbersetzungsschleifen \u2013 f\u00fcr mehr Wirkung auf allen Ebenen.<\/p>\t\t\t\t\t\t\t\t<\/div>\n\t\t\t\t<\/div>\n\t\t\t\t<\/div>\n\t\t<div class=\"elementor-element elementor-element-fd35e3b e-con-full e-flex e-con e-child\" data-id=\"fd35e3b\" data-element_type=\"container\" data-e-type=\"container\" data-settings=\"{&quot;background_background&quot;:&quot;classic&quot;}\">\n\t\t\t\t<div class=\"elementor-element elementor-element-33c3fc0 elementor-view-stacked elementor-shape-circle elementor-widget elementor-widget-icon\" data-id=\"33c3fc0\" data-element_type=\"widget\" data-e-type=\"widget\" data-widget_type=\"icon.default\">\n\t\t\t\t<div class=\"elementor-widget-container\">\n\t\t\t\t\t\t\t<div class=\"elementor-icon-wrapper\">\n\t\t\t<div class=\"elementor-icon elementor-animation-grow\">\n\t\t\t<i aria-hidden=\"true\" class=\"far fa-eye\"><\/i>\t\t\t<\/div>\n\t\t<\/div>\n\t\t\t\t\t\t<\/div>\n\t\t\t\t<\/div>\n\t\t\t\t<div class=\"elementor-element elementor-element-da85115 elementor-widget elementor-widget-heading\" data-id=\"da85115\" data-element_type=\"widget\" data-e-type=\"widget\" data-widget_type=\"heading.default\">\n\t\t\t\t<div class=\"elementor-widget-container\">\n\t\t\t\t\t<h3 class=\"elementor-heading-title elementor-size-default\"> Mehr Sichtbarkeit<\/h3>\t\t\t\t<\/div>\n\t\t\t\t<\/div>\n\t\t\t\t<div class=\"elementor-element elementor-element-9d4490f elementor-widget elementor-widget-text-editor\" data-id=\"9d4490f\" data-element_type=\"widget\" data-e-type=\"widget\" data-widget_type=\"text-editor.default\">\n\t\t\t\t<div class=\"elementor-widget-container\">\n\t\t\t\t\t\t\t\t\t<p><strong>Mein Social-Media-Bonus f\u00fcr Ihren Kongress<\/strong><\/p><p>Gute Veranstaltungen verdienen Sichtbarkeit \u2013 auch digital. Auf Wunsch begleite und bewerbe ich Ihre Konferenz zus\u00e4tzlich auf Social Media: mit Storys, Behind-the-Scenes-Eindr\u00fccken oder kurzen Experteninterviews f\u00fcr LinkedIn, Instagram &amp; Co.<\/p><p>So bleibt Ihr Event auch digital sichtbar \u2013 davor, w\u00e4hrenddessen und danach.<\/p>\t\t\t\t\t\t\t\t<\/div>\n\t\t\t\t<\/div>\n\t\t\t\t<\/div>\n\t\t\t\t<\/div>\n\t\t\t\t\t<\/div>\n\t\t\t\t<\/div>\n\t\t\t\t<section class=\"elementor-section elementor-top-section elementor-element elementor-element-3ada961 elementor-section-boxed elementor-section-height-default elementor-section-height-default\" data-id=\"3ada961\" data-element_type=\"section\" data-e-type=\"section\">\n\t\t\t\t\t\t<div class=\"elementor-container elementor-column-gap-no\">\n\t\t\t\t\t<div class=\"elementor-column elementor-col-100 elementor-top-column elementor-element elementor-element-ca7fe6f\" data-id=\"ca7fe6f\" data-element_type=\"column\" data-e-type=\"column\" data-settings=\"{&quot;background_background&quot;:&quot;classic&quot;}\">\n\t\t\t<div class=\"elementor-widget-wrap elementor-element-populated\">\n\t\t\t\t\t\t<div class=\"elementor-element elementor-element-968cc9e elementor-widget elementor-widget-spacer\" data-id=\"968cc9e\" data-element_type=\"widget\" data-e-type=\"widget\" data-widget_type=\"spacer.default\">\n\t\t\t\t<div class=\"elementor-widget-container\">\n\t\t\t\t\t\t\t<div class=\"elementor-spacer\">\n\t\t\t<div class=\"elementor-spacer-inner\"><\/div>\n\t\t<\/div>\n\t\t\t\t\t\t<\/div>\n\t\t\t\t<\/div>\n\t\t\t\t\t<\/div>\n\t\t<\/div>\n\t\t\t\t\t<\/div>\n\t\t<\/section>\n\t\t\t\t<section class=\"elementor-section elementor-top-section elementor-element elementor-element-5bc0dab elementor-section-height-min-height elementor-section-items-bottom elementor-section-boxed elementor-section-height-default\" data-id=\"5bc0dab\" data-element_type=\"section\" data-e-type=\"section\" data-settings=\"{&quot;background_background&quot;:&quot;classic&quot;,&quot;background_motion_fx_motion_fx_scrolling&quot;:&quot;yes&quot;,&quot;background_motion_fx_translateY_effect&quot;:&quot;yes&quot;,&quot;background_motion_fx_translateY_direction&quot;:&quot;negative&quot;,&quot;background_motion_fx_translateY_speed&quot;:{&quot;unit&quot;:&quot;px&quot;,&quot;size&quot;:4,&quot;sizes&quot;:[]},&quot;background_motion_fx_translateY_affectedRange&quot;:{&quot;unit&quot;:&quot;%&quot;,&quot;size&quot;:&quot;&quot;,&quot;sizes&quot;:{&quot;start&quot;:0,&quot;end&quot;:100}},&quot;background_motion_fx_devices&quot;:[&quot;desktop&quot;,&quot;tablet&quot;,&quot;mobile&quot;]}\">\n\t\t\t\t\t\t<div class=\"elementor-container elementor-column-gap-default\">\n\t\t\t\t\t<div class=\"elementor-column elementor-col-100 elementor-top-column elementor-element elementor-element-95c8b9f\" data-id=\"95c8b9f\" data-element_type=\"column\" data-e-type=\"column\">\n\t\t\t<div class=\"elementor-widget-wrap\">\n\t\t\t\t\t\t\t<\/div>\n\t\t<\/div>\n\t\t\t\t\t<\/div>\n\t\t<\/section>\n\t\t<div class=\"elementor-element elementor-element-c54fb51 e-flex e-con-boxed e-con e-parent\" data-id=\"c54fb51\" data-element_type=\"container\" data-e-type=\"container\">\n\t\t\t\t\t<div class=\"e-con-inner\">\n\t\t<div class=\"elementor-element elementor-element-26aeb08 e-con-full e-flex e-con e-child\" data-id=\"26aeb08\" data-element_type=\"container\" data-e-type=\"container\">\n\t\t\t\t<div class=\"elementor-element elementor-element-d042f15 elementor-view-default elementor-widget elementor-widget-icon\" data-id=\"d042f15\" data-element_type=\"widget\" data-e-type=\"widget\" data-widget_type=\"icon.default\">\n\t\t\t\t<div class=\"elementor-widget-container\">\n\t\t\t\t\t\t\t<div class=\"elementor-icon-wrapper\">\n\t\t\t<div class=\"elementor-icon\">\n\t\t\t<i aria-hidden=\"true\" class=\"fas fa-film\"><\/i>\t\t\t<\/div>\n\t\t<\/div>\n\t\t\t\t\t\t<\/div>\n\t\t\t\t<\/div>\n\t\t\t\t<div class=\"elementor-element elementor-element-0fd8dd0 elementor-widget__width-initial elementor-widget-tablet__width-inherit elementor-widget elementor-widget-heading\" data-id=\"0fd8dd0\" data-element_type=\"widget\" data-e-type=\"widget\" data-widget_type=\"heading.default\">\n\t\t\t\t<div class=\"elementor-widget-container\">\n\t\t\t\t\t<h3 class=\"elementor-heading-title elementor-size-default\">Mein Showreel als Kongress Moderator ansehen: <\/h3>\t\t\t\t<\/div>\n\t\t\t\t<\/div>\n\t\t\t\t<div class=\"elementor-element elementor-element-2075884 elementor-widget__width-initial elementor-widget-tablet__width-inherit elementor-widget elementor-widget-text-editor\" data-id=\"2075884\" data-element_type=\"widget\" data-e-type=\"widget\" data-widget_type=\"text-editor.default\">\n\t\t\t\t<div class=\"elementor-widget-container\">\n\t\t\t\t\t\t\t\t\t<p><span style=\"font-weight: 400;\">Verschaffen Sie sich selbst einen Eindruck meines Moderationsstils<\/span><\/p>\t\t\t\t\t\t\t\t<\/div>\n\t\t\t\t<\/div>\n\t\t\t\t<div class=\"elementor-element elementor-element-c66ef98 elementor-widget__width-initial elementor-widget elementor-widget-video\" data-id=\"c66ef98\" data-element_type=\"widget\" data-e-type=\"widget\" data-settings=\"{&quot;youtube_url&quot;:&quot;https:\\\/\\\/youtu.be\\\/JqWdjniRoF8?si=LqsA2XXAxhGORIjK&quot;,&quot;video_type&quot;:&quot;youtube&quot;,&quot;controls&quot;:&quot;yes&quot;}\" data-widget_type=\"video.default\">\n\t\t\t\t<div class=\"elementor-widget-container\">\n\t\t\t\t\t\t\t<div class=\"elementor-wrapper elementor-open-inline\">\n\t\t\t<div class=\"elementor-video\"><\/div>\t\t<\/div>\n\t\t\t\t\t\t<\/div>\n\t\t\t\t<\/div>\n\t\t\t\t<\/div>\n\t\t\t\t\t<\/div>\n\t\t\t\t<\/div>\n\t\t<div class=\"elementor-element elementor-element-9d09256 e-con-full e-flex e-con e-parent\" data-id=\"9d09256\" data-element_type=\"container\" data-e-type=\"container\" data-settings=\"{&quot;background_background&quot;:&quot;classic&quot;,&quot;shape_divider_top&quot;:&quot;opacity-tilt&quot;}\">\n\t\t\t\t<div class=\"elementor-shape elementor-shape-top\" aria-hidden=\"true\" data-negative=\"false\">\n\t\t\t<svg xmlns=\"http:\/\/www.w3.org\/2000\/svg\" viewBox=\"0 0 2600 131.1\" preserveAspectRatio=\"none\">\n\t<path class=\"elementor-shape-fill\" d=\"M0 0L2600 0 2600 69.1 0 0z\"\/>\n\t<path class=\"elementor-shape-fill\" style=\"opacity:0.5\" d=\"M0 0L2600 0 2600 69.1 0 69.1z\"\/>\n\t<path class=\"elementor-shape-fill\" style=\"opacity:0.25\" d=\"M2600 0L0 0 0 130.1 2600 69.1z\"\/>\n<\/svg>\t\t<\/div>\n\t\t\t\t<div class=\"elementor-element elementor-element-d46c45b elementor-widget__width-initial elementor-widget-tablet__width-initial elementor-widget elementor-widget-heading\" data-id=\"d46c45b\" data-element_type=\"widget\" data-e-type=\"widget\" data-widget_type=\"heading.default\">\n\t\t\t\t<div class=\"elementor-widget-container\">\n\t\t\t\t\t<h2 class=\"elementor-heading-title elementor-size-default\">Kundenfeedback zu mir als Konferenzmoderatorin (Auszug)<\/h2>\t\t\t\t<\/div>\n\t\t\t\t<\/div>\n\t\t\t\t<div class=\"elementor-element elementor-element-779ed1d elementor-widget__width-initial elementor-widget-tablet__width-inherit elementor-widget elementor-widget-text-editor\" data-id=\"779ed1d\" data-element_type=\"widget\" data-e-type=\"widget\" data-widget_type=\"text-editor.default\">\n\t\t\t\t<div class=\"elementor-widget-container\">\n\t\t\t\t\t\t\t\t\t<p>Als Kongress-Moderatorin und Konferenz-Moderatorin arbeite ich schon vor dem Event eng mit meinen Kunden zusammen. Denn ohne gute Vorbereitung, kein erfolgreicher Kongress! Wenn das Feedback danach so ausf\u00e4llt, bin ich sehr happy!<\/p>\t\t\t\t\t\t\t\t<\/div>\n\t\t\t\t<\/div>\n\t\t\t\t<div class=\"elementor-element elementor-element-edca16e elementor-testimonial--skin-bubble elementor-testimonial--layout-image_inline elementor-testimonial--align-center elementor-arrows-yes elementor-pagination-type-bullets elementor-widget elementor-widget-testimonial-carousel\" data-id=\"edca16e\" data-element_type=\"widget\" data-e-type=\"widget\" data-settings=\"{&quot;slides_per_view&quot;:&quot;3&quot;,&quot;show_arrows&quot;:&quot;yes&quot;,&quot;pagination&quot;:&quot;bullets&quot;,&quot;speed&quot;:500,&quot;autoplay&quot;:&quot;yes&quot;,&quot;autoplay_speed&quot;:5000,&quot;loop&quot;:&quot;yes&quot;,&quot;pause_on_hover&quot;:&quot;yes&quot;,&quot;pause_on_interaction&quot;:&quot;yes&quot;,&quot;space_between&quot;:{&quot;unit&quot;:&quot;px&quot;,&quot;size&quot;:10,&quot;sizes&quot;:[]},&quot;space_between_tablet&quot;:{&quot;unit&quot;:&quot;px&quot;,&quot;size&quot;:10,&quot;sizes&quot;:[]},&quot;space_between_mobile&quot;:{&quot;unit&quot;:&quot;px&quot;,&quot;size&quot;:10,&quot;sizes&quot;:[]}}\" data-widget_type=\"testimonial-carousel.default\">\n\t\t\t\t<div class=\"elementor-widget-container\">\n\t\t\t\t\t\t\t\t\t<div class=\"elementor-swiper\">\n\t\t\t\t\t<div class=\"elementor-main-swiper swiper\" role=\"region\" aria-roledescription=\"carousel\" aria-label=\"Slider\">\n\t\t\t\t<div class=\"swiper-wrapper\">\n\t\t\t\t\t\t\t\t\t\t\t<div class=\"swiper-slide\" role=\"group\" aria-roledescription=\"slide\">\n\t\t\t\t\t\t\t\t\t<div class=\"elementor-testimonial\">\n\t\t\t\t\t\t\t<div class=\"elementor-testimonial__content\">\n\t\t\t\t\t<div class=\"elementor-testimonial__text\">\n\t\t\t\t\t\t\u201eDie Zusammenarbeit mit Franziska war sehr angenehm, inspirierend, motivierend und immer auch mit dem notwendigen Spa\u00df besetzt. Sie war f\u00fcr unsere Konferenz eine wahre Bereicherung und wir haben von unseren KundInnen, PartnerInnen und MitarbeiterInnen ausschlie\u00dflich positives Feedback bekommen. Franziska hat einen wesentlichen Beitrag f\u00fcr den Erfolg der CCH Tagetik DACH inTouch geleistet und wir freuen uns auf die weitere Zusammenarbeit mit ihr!\u201c <br> <br> \u2605\u2605\u2605\u2605\u2605\n\t\t\t\t\t<\/div>\n\t\t\t\t\t\t\t\t\t<\/div>\n\t\t\t\t\t\t<div class=\"elementor-testimonial__footer\">\n\t\t\t\t\t\t\t\t<cite class=\"elementor-testimonial__cite\"><span class=\"elementor-testimonial__name\">Pamela Schneider<\/span><span class=\"elementor-testimonial__title\">Senior Marketing Event Specialist bei der CCH Tagetik GmbH<\/span><\/cite>\t\t\t<\/div>\n\t\t<\/div>\n\t\t\t\t\t\t\t\t<\/div>\n\t\t\t\t\t\t\t\t\t\t\t<div class=\"swiper-slide\" role=\"group\" aria-roledescription=\"slide\">\n\t\t\t\t\t\t\t\t\t<div class=\"elementor-testimonial\">\n\t\t\t\t\t\t\t<div class=\"elementor-testimonial__content\">\n\t\t\t\t\t<div class=\"elementor-testimonial__text\">\n\t\t\t\t\t\t\u201eFranziska hat schon zum zweiten Mal f\u00fcr uns moderiert \u2013 und wieder absolut \u00fcberzeugt! Mit ihrer professionellen, sympathischen Art und ihrem tiefen Verst\u00e4ndnis f\u00fcr die Inhalte hat sie die FINANCE SUMMIT Mainstage souver\u00e4n geleitet. Besonders stark: Ihre elegante Moderation auf Deutsch und Englisch sowie die zus\u00e4tzliche Unterst\u00fctzung \u00fcber ihr LinkedIn-Netzwerk. Wir freuen uns sehr auf die n\u00e4chste Zusammenarbeit! <br> <br> \u2605\u2605\u2605\u2605\u2605\n\t\t\t\t\t<\/div>\n\t\t\t\t\t\t\t\t\t<\/div>\n\t\t\t\t\t\t<div class=\"elementor-testimonial__footer\">\n\t\t\t\t\t\t\t\t<cite class=\"elementor-testimonial__cite\"><span class=\"elementor-testimonial__name\">Benjamin Cordes-Vorberg<\/span><span class=\"elementor-testimonial__title\">Head of Conference @Trailblazer Summits<\/span><\/cite>\t\t\t<\/div>\n\t\t<\/div>\n\t\t\t\t\t\t\t\t<\/div>\n\t\t\t\t\t\t\t\t\t\t\t<div class=\"swiper-slide\" role=\"group\" aria-roledescription=\"slide\">\n\t\t\t\t\t\t\t\t\t<div class=\"elementor-testimonial\">\n\t\t\t\t\t\t\t<div class=\"elementor-testimonial__content\">\n\t\t\t\t\t<div class=\"elementor-testimonial__text\">\n\t\t\t\t\t\t\"Ich kann Franziska Zimmermann als Moderatorin uneingeschr\u00e4nkt empfehlen.\nSie hat unsere Konferenz \"Unternehmen Kompetenz KI\" in Mainz auf au\u00dfergew\u00f6hnlich hohem Niveau moderiert \u2013 fachlich exzellent, menschlich verbindend und mit einem beeindruckenden Gesp\u00fcr f\u00fcr Dynamik, Timing und Situation auf der B\u00fchne. \nBesonders hervorzuheben ist, dass Franziska ihre Moderation vollst\u00e4ndig eigenst\u00e4ndig vorbereitet und umgesetzt hat, ohne dass wir als Veranstalter detaillierte Vorgaben machen mussten. Das Ergebnis war eine Moderation, die pr\u00e4zise, souver\u00e4n und zugleich angenehm leicht wirkte.\nIhr betriebswirtschaftliches und technologisches Fachwissen erm\u00f6glicht Gespr\u00e4che auf Augenh\u00f6he mit hochkar\u00e4tigen Expert:innen \u2013 in einer Qualit\u00e4t, wie man sie von f\u00fchrenden Wirtschaftsmedien kennt. Gleichzeitig schafft sie es mit Charme, Empathie und echter Aufmerksamkeit, auch Gespr\u00e4chspartner:innen ohne B\u00fchnenerfahrung sicher durch Interviews zu f\u00fchren und deren Inhalte spannend, klar und lebendig f\u00fcr das Publikum aufzubereiten.\nVielen Dank, liebe Franziska, f\u00fcr diese Weltklasse-Moderation. Wir hoffen sehr, auch bei zuk\u00fcnftigen Konferenzen wieder mit dir zusammenarbeiten zu d\u00fcrfen.\"\n\u201c <br> <br> \u2605\u2605\u2605\u2605\u2605\n\t\t\t\t\t<\/div>\n\t\t\t\t\t\t\t\t\t<\/div>\n\t\t\t\t\t\t<div class=\"elementor-testimonial__footer\">\n\t\t\t\t\t\t\t\t<cite class=\"elementor-testimonial__cite\"><span class=\"elementor-testimonial__name\">Stephan Heinrich<\/span><span class=\"elementor-testimonial__title\">Veranstalter & Gesch\u00e4ftsf\u00fchrer der Content Butler GmbH<\/span><\/cite>\t\t\t<\/div>\n\t\t<\/div>\n\t\t\t\t\t\t\t\t<\/div>\n\t\t\t\t\t\t\t\t\t\t\t<div class=\"swiper-slide\" role=\"group\" aria-roledescription=\"slide\">\n\t\t\t\t\t\t\t\t\t<div class=\"elementor-testimonial\">\n\t\t\t\t\t\t\t<div class=\"elementor-testimonial__content\">\n\t\t\t\t\t<div class=\"elementor-testimonial__text\">\n\t\t\t\t\t\t \u201eIch hatte die Freude bei diversen Workshops auf dem Accounting Summit 2024 dabei zu sein, die Franziska moderierte. Sie hat nicht nur die Moderation hervorragend gemacht, sondern konnte auch fachlich brillieren.\u201c <br> <br> \u2605\u2605\u2605\u2605\u2605\n\t\t\t\t\t<\/div>\n\t\t\t\t\t\t\t\t\t<\/div>\n\t\t\t\t\t\t<div class=\"elementor-testimonial__footer\">\n\t\t\t\t\t\t\t\t<cite class=\"elementor-testimonial__cite\"><span class=\"elementor-testimonial__name\">Arthur Lebsack<\/span><span class=\"elementor-testimonial__title\">Director Financial Operations bei der ElringKlinger AG<\/span><\/cite>\t\t\t<\/div>\n\t\t<\/div>\n\t\t\t\t\t\t\t\t<\/div>\n\t\t\t\t\t\t\t\t\t\t\t<div class=\"swiper-slide\" role=\"group\" aria-roledescription=\"slide\">\n\t\t\t\t\t\t\t\t\t<div class=\"elementor-testimonial\">\n\t\t\t\t\t\t\t<div class=\"elementor-testimonial__content\">\n\t\t\t\t\t<div class=\"elementor-testimonial__text\">\n\t\t\t\t\t\t\u201eFranziska hat die Immo Stage auf der Founder Summit Konferenz 2025 mit ganz viel Energie und Pr\u00e4senz moderiert \u2013 einfach mitrei\u00dfend! Ich bin selbst Immobilieninvestorin und war schon auf vielen Branchenevents, aber so eine frische, lebendige Moderation erlebt man selten. Franziska wusste, wovon sie spricht. Sie hat die Themen verstanden und klug eingeordnet. Statt 0815-Ansagen gab\u2019s pers\u00f6nliche, pointierte Ank\u00fcndigungen mit Storytelling, die Lust auf die Vortr\u00e4ge gemacht haben. Das war informativ, spannend und hat richtig Spa\u00df gemacht \u2013 f\u00fcr die Speaker und das Publikum gleicherma\u00dfen.\u201c\n <br> <br> \u2605\u2605\u2605\u2605\u2605\n\t\t\t\t\t<\/div>\n\t\t\t\t\t\t\t\t\t<\/div>\n\t\t\t\t\t\t<div class=\"elementor-testimonial__footer\">\n\t\t\t\t\t\t\t\t<cite class=\"elementor-testimonial__cite\"><span class=\"elementor-testimonial__name\">Jara L\u00f3pez Coll<\/span><span class=\"elementor-testimonial__title\">Immobilienmaklerin<\/span><\/cite>\t\t\t<\/div>\n\t\t<\/div>\n\t\t\t\t\t\t\t\t<\/div>\n\t\t\t\t\t\t\t\t\t\t\t<div class=\"swiper-slide\" role=\"group\" aria-roledescription=\"slide\">\n\t\t\t\t\t\t\t\t\t<div class=\"elementor-testimonial\">\n\t\t\t\t\t\t\t<div class=\"elementor-testimonial__content\">\n\t\t\t\t\t<div class=\"elementor-testimonial__text\">\n\t\t\t\t\t\t\"Franziska Zimmermann sprang auf der Cashflow Conference in Frankfurt kurzfristig f\u00fcr einen anderen Moderator ein. Mit gut durchdachten Fragen und einer sehr sympathischen Art verhalf Sie der Paneldiskussion \u201eWelche Assetklassen profitieren im aktuellen Marktumfeld?\u201c zum vollen Erfolg.\u201c\n <br> <br> \u2605\u2605\u2605\u2605\u2605\n\t\t\t\t\t<\/div>\n\t\t\t\t\t\t\t\t\t<\/div>\n\t\t\t\t\t\t<div class=\"elementor-testimonial__footer\">\n\t\t\t\t\t\t\t\t<cite class=\"elementor-testimonial__cite\"><span class=\"elementor-testimonial__name\">Torsten Tiedt<\/span><span class=\"elementor-testimonial__title\">Gr\u00fcnder und Gesch\u00e4ftsf\u00fchrer der Aktienfinder.Net GmbH <\/span><\/cite>\t\t\t<\/div>\n\t\t<\/div>\n\t\t\t\t\t\t\t\t<\/div>\n\t\t\t\t\t\t\t\t\t<\/div>\n\t\t\t\t\t\t\t\t\t\t\t\t\t\t\t<div class=\"elementor-swiper-button elementor-swiper-button-prev\" role=\"button\" tabindex=\"0\" aria-label=\"Voriger\">\n\t\t\t\t\t\t\t<i aria-hidden=\"true\" class=\"eicon-chevron-left\"><\/i>\t\t\t\t\t\t<\/div>\n\t\t\t\t\t\t<div class=\"elementor-swiper-button elementor-swiper-button-next\" role=\"button\" tabindex=\"0\" aria-label=\"N\u00e4chster\">\n\t\t\t\t\t\t\t<i aria-hidden=\"true\" class=\"eicon-chevron-right\"><\/i>\t\t\t\t\t\t<\/div>\n\t\t\t\t\t\t\t\t\t\t\t\t\t\t\t\t<div class=\"swiper-pagination\"><\/div>\n\t\t\t\t\t\t\t\t\t\t\t\t<\/div>\n\t\t\t\t<\/div>\n\t\t\t\t\t\t\t\t<\/div>\n\t\t\t\t<\/div>\n\t\t\t\t<\/div>\n\t\t<div class=\"elementor-element elementor-element-f8412ce e-flex e-con-boxed e-con e-parent\" data-id=\"f8412ce\" data-element_type=\"container\" data-e-type=\"container\">\n\t\t\t\t\t<div class=\"e-con-inner\">\n\t\t<div class=\"elementor-element elementor-element-bc80f0d e-con-full e-flex e-con e-child\" data-id=\"bc80f0d\" data-element_type=\"container\" data-e-type=\"container\">\n\t\t\t\t<div class=\"elementor-element elementor-element-3d6ab0f elementor-widget elementor-widget-image\" data-id=\"3d6ab0f\" data-element_type=\"widget\" data-e-type=\"widget\" data-widget_type=\"image.default\">\n\t\t\t\t<div class=\"elementor-widget-container\">\n\t\t\t\t\t\t\t\t\t\t\t\t\t\t\t<img decoding=\"async\" width=\"1024\" height=\"683\" src=\"https:\/\/franziskazimmermann.de\/wp-content\/uploads\/2025\/07\/0005_8891_2025-07-04_CFC-1-1024x683.jpg\" class=\"attachment-large size-large wp-image-989812\" alt=\"Konferenz Moderatorin Franziska Zimmermann moderiert einen Panel Talk mit 3 Teilnehmern auf einer gro\u00dfen Konferenz\" srcset=\"https:\/\/franziskazimmermann.de\/wp-content\/uploads\/2025\/07\/0005_8891_2025-07-04_CFC-1-1024x683.jpg 1024w, https:\/\/franziskazimmermann.de\/wp-content\/uploads\/2025\/07\/0005_8891_2025-07-04_CFC-1-300x200.jpg 300w, https:\/\/franziskazimmermann.de\/wp-content\/uploads\/2025\/07\/0005_8891_2025-07-04_CFC-1-768x512.jpg 768w, https:\/\/franziskazimmermann.de\/wp-content\/uploads\/2025\/07\/0005_8891_2025-07-04_CFC-1-1536x1024.jpg 1536w, https:\/\/franziskazimmermann.de\/wp-content\/uploads\/2025\/07\/0005_8891_2025-07-04_CFC-1-2048x1365.jpg 2048w, https:\/\/franziskazimmermann.de\/wp-content\/uploads\/2025\/07\/0005_8891_2025-07-04_CFC-1-18x12.jpg 18w\" sizes=\"(max-width: 1024px) 100vw, 1024px\" \/>\t\t\t\t\t\t\t\t\t\t\t\t\t\t\t<\/div>\n\t\t\t\t<\/div>\n\t\t\t\t<\/div>\n\t\t<div class=\"elementor-element elementor-element-485e573 e-con-full e-flex e-con e-child\" data-id=\"485e573\" data-element_type=\"container\" data-e-type=\"container\">\n\t\t\t\t<div class=\"elementor-element elementor-element-7b88c2e elementor-widget__width-initial elementor-widget-tablet__width-initial elementor-widget elementor-widget-heading\" data-id=\"7b88c2e\" data-element_type=\"widget\" data-e-type=\"widget\" data-widget_type=\"heading.default\">\n\t\t\t\t<div class=\"elementor-widget-container\">\n\t\t\t\t\t<h2 class=\"elementor-heading-title elementor-size-default\">Jetzt Kongress-Moderatorin anfragen<\/h2>\t\t\t\t<\/div>\n\t\t\t\t<\/div>\n\t\t\t\t<div class=\"elementor-element elementor-element-833a76c elementor-widget__width-initial elementor-widget-tablet__width-inherit elementor-widget elementor-widget-text-editor\" data-id=\"833a76c\" data-element_type=\"widget\" data-e-type=\"widget\" data-widget_type=\"text-editor.default\">\n\t\t\t\t<div class=\"elementor-widget-container\">\n\t\t\t\t\t\t\t\t\t<p><\/p>\n<p><span style=\"font-weight: 400;\">Sie suchen eine Kongress-Moderatorin, die Ihre Inhalte mit Tiefe, Haltung und Wirkung pr\u00e4sentiert?<\/span><\/p>\n<p><span style=\"font-weight: 400;\">Ob Stuttgart, M\u00fcnchen, Dresden, Frankfurt oder bundesweit \u2013 ich freue mich auf Ihre Anfrage und darauf, gemeinsam eine Veranstaltung zu gestalten, die im Ged\u00e4chtnis bleibt.<\/span><br style=\"font-weight: 400;\"><\/p>\t\t\t\t\t\t\t\t<\/div>\n\t\t\t\t<\/div>\n\t\t\t\t<div class=\"elementor-element elementor-element-86e16fe elementor-mobile-align-center elementor-align-left elementor-widget__width-initial elementor-tablet-align-left elementor-widget elementor-widget-button\" data-id=\"86e16fe\" data-element_type=\"widget\" data-e-type=\"widget\" data-widget_type=\"button.default\">\n\t\t\t\t<div class=\"elementor-widget-container\">\n\t\t\t\t\t\t\t\t\t<div class=\"elementor-button-wrapper\">\n\t\t\t\t\t<a class=\"elementor-button elementor-button-link elementor-size-sm\" href=\"https:\/\/franziskazimmermann.de\/kontakt\/\">\n\t\t\t\t\t\t<span class=\"elementor-button-content-wrapper\">\n\t\t\t\t\t\t<span class=\"elementor-button-icon\">\n\t\t\t\t<i aria-hidden=\"true\" class=\"vamtamtheme- vamtam-theme-arrow-right\"><\/i>\t\t\t<\/span>\n\t\t\t\t\t\t\t\t\t<span class=\"elementor-button-text\">Jetzt Kontakt mit mir als Kongress-Moderatorin aufnehmen<\/span>\n\t\t\t\t\t<\/span>\n\t\t\t\t\t<\/a>\n\t\t\t\t<\/div>\n\t\t\t\t\t\t\t\t<\/div>\n\t\t\t\t<\/div>\n\t\t\t\t<\/div>\n\t\t\t\t\t<\/div>\n\t\t\t\t<\/div>\n\t\t\t\t<\/div>\n\t\t","protected":false},"excerpt":{"rendered":"<p>Kongress-Moderator &amp; Konferenz-Moderator Franziska Zimmermann Ob auf internationalen Fachkongressen, Branchenevents oder hybriden Panel-Talks \u2013 ich moderiere komplexe Inhalte mit Klarheit, Charme und Struktur. Als\u00a0Kongress-Moderatorin und Konferenz-Moderatorin\u00a0unterst\u00fctze ich Unternehmen, Veranstalter und Agenturen dabei, ihre Themen wirkungsvoll auf die B\u00fchne zu bringen \u2013 auf Deutsch oder Englisch, live, digital oder hybrid. Ich bin\u00a0Franziska Zimmermann, Moderatorin mit echtem&#8230;<\/p>","protected":false},"author":4,"featured_media":988485,"parent":0,"menu_order":0,"comment_status":"closed","ping_status":"closed","template":"elementor_theme","meta":{"footnotes":""},"class_list":["post-988478","page","type-page","status-publish","has-post-thumbnail","hentry"],"yoast_head":"<!-- This site is optimized with the Yoast SEO plugin v27.5 - https:\/\/yoast.com\/product\/yoast-seo-wordpress\/ -->\n<title>Kongress- &amp; Konferenz-Moderator | Franziska Zimmermann<\/title>\n<meta name=\"description\" content=\"Profi-Moderatorin f\u00fcr Kongresse &amp; Konferenzen. Fokus: Wirtschaft, Finance, Tech &amp; KI. In Stuttgart, M\u00fcnchen, Frankfurt &amp; weltweit. DE &amp; EN\" \/>\n<meta name=\"robots\" content=\"index, follow, max-snippet:-1, max-image-preview:large, max-video-preview:-1\" \/>\n<link rel=\"canonical\" href=\"https:\/\/franziskazimmermann.de\/en\/kongress-moderator\/\" \/>\n<meta property=\"og:locale\" content=\"en_GB\" \/>\n<meta property=\"og:type\" content=\"article\" \/>\n<meta property=\"og:title\" content=\"Kongress Moderatorin Franziska Zimmermann aus Stuttgart\" \/>\n<meta property=\"og:description\" content=\"Profi-Moderatorin f\u00fcr Kongresse &amp; Konferenzen. Fokus: Wirtschaft, Finance, Tech &amp; KI. In Stuttgart, M\u00fcnchen, Frankfurt &amp; weltweit. DE &amp; EN\" \/>\n<meta property=\"og:url\" content=\"https:\/\/franziskazimmermann.de\/en\/kongress-moderator\/\" \/>\n<meta property=\"og:site_name\" content=\"Moderator &amp; Speaker Franziska Zimmermann\" \/>\n<meta property=\"article:modified_time\" content=\"2026-04-20T15:08:02+00:00\" \/>\n<meta property=\"og:image\" content=\"https:\/\/franziskazimmermann.de\/wp-content\/uploads\/2025\/05\/kongress-moderator-franziska-zimmermann-scaled.webp\" \/>\n\t<meta property=\"og:image:width\" content=\"1811\" \/>\n\t<meta property=\"og:image:height\" content=\"2560\" \/>\n\t<meta property=\"og:image:type\" content=\"image\/webp\" \/>\n<meta name=\"twitter:card\" content=\"summary_large_image\" \/>\n<meta name=\"twitter:label1\" content=\"Estimated reading time\" \/>\n\t<meta name=\"twitter:data1\" content=\"10 minutes\" \/>\n<script type=\"application\/ld+json\" class=\"yoast-schema-graph\">{\"@context\":\"https:\\\/\\\/schema.org\",\"@graph\":[{\"@type\":\"WebPage\",\"@id\":\"https:\\\/\\\/franziskazimmermann.de\\\/kongress-moderator\\\/\",\"url\":\"https:\\\/\\\/franziskazimmermann.de\\\/kongress-moderator\\\/\",\"name\":\"Kongress- & Konferenz-Moderator | Franziska Zimmermann\",\"isPartOf\":{\"@id\":\"https:\\\/\\\/franziskazimmermann.de\\\/#website\"},\"primaryImageOfPage\":{\"@id\":\"https:\\\/\\\/franziskazimmermann.de\\\/kongress-moderator\\\/#primaryimage\"},\"image\":{\"@id\":\"https:\\\/\\\/franziskazimmermann.de\\\/kongress-moderator\\\/#primaryimage\"},\"thumbnailUrl\":\"https:\\\/\\\/franziskazimmermann.de\\\/wp-content\\\/uploads\\\/2025\\\/05\\\/kongress-moderator-franziska-zimmermann-scaled.webp\",\"datePublished\":\"2025-05-08T11:28:00+00:00\",\"dateModified\":\"2026-04-20T15:08:02+00:00\",\"description\":\"Profi-Moderatorin f\u00fcr Kongresse & Konferenzen. Fokus: Wirtschaft, Finance, Tech & KI. In Stuttgart, M\u00fcnchen, Frankfurt & weltweit. DE & EN\",\"breadcrumb\":{\"@id\":\"https:\\\/\\\/franziskazimmermann.de\\\/kongress-moderator\\\/#breadcrumb\"},\"inLanguage\":\"en-GB\",\"potentialAction\":[{\"@type\":\"ReadAction\",\"target\":[\"https:\\\/\\\/franziskazimmermann.de\\\/kongress-moderator\\\/\"]}]},{\"@type\":\"ImageObject\",\"inLanguage\":\"en-GB\",\"@id\":\"https:\\\/\\\/franziskazimmermann.de\\\/kongress-moderator\\\/#primaryimage\",\"url\":\"https:\\\/\\\/franziskazimmermann.de\\\/wp-content\\\/uploads\\\/2025\\\/05\\\/kongress-moderator-franziska-zimmermann-scaled.webp\",\"contentUrl\":\"https:\\\/\\\/franziskazimmermann.de\\\/wp-content\\\/uploads\\\/2025\\\/05\\\/kongress-moderator-franziska-zimmermann-scaled.webp\",\"width\":1811,\"height\":2560,\"caption\":\"Kongress Moderator Franziska Zimmermann in wei\u00dfer Kleidung lachend an einer Glaswand lehnend mit Blick in die Kamera\"},{\"@type\":\"BreadcrumbList\",\"@id\":\"https:\\\/\\\/franziskazimmermann.de\\\/kongress-moderator\\\/#breadcrumb\",\"itemListElement\":[{\"@type\":\"ListItem\",\"position\":1,\"name\":\"Startseite\",\"item\":\"https:\\\/\\\/franziskazimmermann.de\\\/\"},{\"@type\":\"ListItem\",\"position\":2,\"name\":\"Kongress-Moderator\"}]},{\"@type\":\"WebSite\",\"@id\":\"https:\\\/\\\/franziskazimmermann.de\\\/#website\",\"url\":\"https:\\\/\\\/franziskazimmermann.de\\\/\",\"name\":\"Moderator &amp; Speaker Franziska Zimmermann\",\"description\":\"\",\"publisher\":{\"@id\":\"https:\\\/\\\/franziskazimmermann.de\\\/#organization\"},\"potentialAction\":[{\"@type\":\"SearchAction\",\"target\":{\"@type\":\"EntryPoint\",\"urlTemplate\":\"https:\\\/\\\/franziskazimmermann.de\\\/?s={search_term_string}\"},\"query-input\":{\"@type\":\"PropertyValueSpecification\",\"valueRequired\":true,\"valueName\":\"search_term_string\"}}],\"inLanguage\":\"en-GB\"},{\"@type\":\"Organization\",\"@id\":\"https:\\\/\\\/franziskazimmermann.de\\\/#organization\",\"name\":\"Moderator &amp; Speaker Franziska Zimmermann\",\"url\":\"https:\\\/\\\/franziskazimmermann.de\\\/\",\"logo\":{\"@type\":\"ImageObject\",\"inLanguage\":\"en-GB\",\"@id\":\"https:\\\/\\\/franziskazimmermann.de\\\/#\\\/schema\\\/logo\\\/image\\\/\",\"url\":\"https:\\\/\\\/franziskazimmermann.de\\\/wp-content\\\/uploads\\\/2025\\\/05\\\/Eventmoderator-Speaker-Franziska-Zimmermann-Logo-beige.jpg\",\"contentUrl\":\"https:\\\/\\\/franziskazimmermann.de\\\/wp-content\\\/uploads\\\/2025\\\/05\\\/Eventmoderator-Speaker-Franziska-Zimmermann-Logo-beige.jpg\",\"width\":625,\"height\":165,\"caption\":\"Moderator &amp; Speaker Franziska Zimmermann\"},\"image\":{\"@id\":\"https:\\\/\\\/franziskazimmermann.de\\\/#\\\/schema\\\/logo\\\/image\\\/\"}}]}<\/script>\n<!-- \/ Yoast SEO plugin. -->","yoast_head_json":{"title":"Kongress- & Konferenz-Moderator | Franziska Zimmermann","description":"Profi-Moderatorin f\u00fcr Kongresse & Konferenzen. Fokus: Wirtschaft, Finance, Tech & KI. In Stuttgart, M\u00fcnchen, Frankfurt & weltweit. DE & EN","robots":{"index":"index","follow":"follow","max-snippet":"max-snippet:-1","max-image-preview":"max-image-preview:large","max-video-preview":"max-video-preview:-1"},"canonical":"https:\/\/franziskazimmermann.de\/en\/kongress-moderator\/","og_locale":"en_GB","og_type":"article","og_title":"Kongress Moderatorin Franziska Zimmermann aus Stuttgart","og_description":"Profi-Moderatorin f\u00fcr Kongresse & Konferenzen. Fokus: Wirtschaft, Finance, Tech & KI. In Stuttgart, M\u00fcnchen, Frankfurt & weltweit. DE & EN","og_url":"https:\/\/franziskazimmermann.de\/en\/kongress-moderator\/","og_site_name":"Moderator &amp; Speaker Franziska Zimmermann","article_modified_time":"2026-04-20T15:08:02+00:00","og_image":[{"width":1811,"height":2560,"url":"https:\/\/franziskazimmermann.de\/wp-content\/uploads\/2025\/05\/kongress-moderator-franziska-zimmermann-scaled.webp","type":"image\/webp"}],"twitter_card":"summary_large_image","twitter_misc":{"Estimated reading time":"10 minutes"},"schema":{"@context":"https:\/\/schema.org","@graph":[{"@type":"WebPage","@id":"https:\/\/franziskazimmermann.de\/kongress-moderator\/","url":"https:\/\/franziskazimmermann.de\/kongress-moderator\/","name":"Kongress- & Konferenz-Moderator | Franziska Zimmermann","isPartOf":{"@id":"https:\/\/franziskazimmermann.de\/#website"},"primaryImageOfPage":{"@id":"https:\/\/franziskazimmermann.de\/kongress-moderator\/#primaryimage"},"image":{"@id":"https:\/\/franziskazimmermann.de\/kongress-moderator\/#primaryimage"},"thumbnailUrl":"https:\/\/franziskazimmermann.de\/wp-content\/uploads\/2025\/05\/kongress-moderator-franziska-zimmermann-scaled.webp","datePublished":"2025-05-08T11:28:00+00:00","dateModified":"2026-04-20T15:08:02+00:00","description":"Profi-Moderatorin f\u00fcr Kongresse & Konferenzen. Fokus: Wirtschaft, Finance, Tech & KI. In Stuttgart, M\u00fcnchen, Frankfurt & weltweit. DE & EN","breadcrumb":{"@id":"https:\/\/franziskazimmermann.de\/kongress-moderator\/#breadcrumb"},"inLanguage":"en-GB","potentialAction":[{"@type":"ReadAction","target":["https:\/\/franziskazimmermann.de\/kongress-moderator\/"]}]},{"@type":"ImageObject","inLanguage":"en-GB","@id":"https:\/\/franziskazimmermann.de\/kongress-moderator\/#primaryimage","url":"https:\/\/franziskazimmermann.de\/wp-content\/uploads\/2025\/05\/kongress-moderator-franziska-zimmermann-scaled.webp","contentUrl":"https:\/\/franziskazimmermann.de\/wp-content\/uploads\/2025\/05\/kongress-moderator-franziska-zimmermann-scaled.webp","width":1811,"height":2560,"caption":"Kongress Moderator Franziska Zimmermann in wei\u00dfer Kleidung lachend an einer Glaswand lehnend mit Blick in die Kamera"},{"@type":"BreadcrumbList","@id":"https:\/\/franziskazimmermann.de\/kongress-moderator\/#breadcrumb","itemListElement":[{"@type":"ListItem","position":1,"name":"Startseite","item":"https:\/\/franziskazimmermann.de\/"},{"@type":"ListItem","position":2,"name":"Kongress-Moderator"}]},{"@type":"WebSite","@id":"https:\/\/franziskazimmermann.de\/#website","url":"https:\/\/franziskazimmermann.de\/","name":"Moderator &amp; Speaker Franziska Zimmermann","description":"","publisher":{"@id":"https:\/\/franziskazimmermann.de\/#organization"},"potentialAction":[{"@type":"SearchAction","target":{"@type":"EntryPoint","urlTemplate":"https:\/\/franziskazimmermann.de\/?s={search_term_string}"},"query-input":{"@type":"PropertyValueSpecification","valueRequired":true,"valueName":"search_term_string"}}],"inLanguage":"en-GB"},{"@type":"Organization","@id":"https:\/\/franziskazimmermann.de\/#organization","name":"Moderator &amp; Speaker Franziska Zimmermann","url":"https:\/\/franziskazimmermann.de\/","logo":{"@type":"ImageObject","inLanguage":"en-GB","@id":"https:\/\/franziskazimmermann.de\/#\/schema\/logo\/image\/","url":"https:\/\/franziskazimmermann.de\/wp-content\/uploads\/2025\/05\/Eventmoderator-Speaker-Franziska-Zimmermann-Logo-beige.jpg","contentUrl":"https:\/\/franziskazimmermann.de\/wp-content\/uploads\/2025\/05\/Eventmoderator-Speaker-Franziska-Zimmermann-Logo-beige.jpg","width":625,"height":165,"caption":"Moderator &amp; Speaker Franziska Zimmermann"},"image":{"@id":"https:\/\/franziskazimmermann.de\/#\/schema\/logo\/image\/"}}]}},"_links":{"self":[{"href":"https:\/\/franziskazimmermann.de\/en\/wp-json\/wp\/v2\/pages\/988478","targetHints":{"allow":["GET"]}}],"collection":[{"href":"https:\/\/franziskazimmermann.de\/en\/wp-json\/wp\/v2\/pages"}],"about":[{"href":"https:\/\/franziskazimmermann.de\/en\/wp-json\/wp\/v2\/types\/page"}],"author":[{"embeddable":true,"href":"https:\/\/franziskazimmermann.de\/en\/wp-json\/wp\/v2\/users\/4"}],"replies":[{"embeddable":true,"href":"https:\/\/franziskazimmermann.de\/en\/wp-json\/wp\/v2\/comments?post=988478"}],"version-history":[{"count":10,"href":"https:\/\/franziskazimmermann.de\/en\/wp-json\/wp\/v2\/pages\/988478\/revisions"}],"predecessor-version":[{"id":991325,"href":"https:\/\/franziskazimmermann.de\/en\/wp-json\/wp\/v2\/pages\/988478\/revisions\/991325"}],"wp:featuredmedia":[{"embeddable":true,"href":"https:\/\/franziskazimmermann.de\/en\/wp-json\/wp\/v2\/media\/988485"}],"wp:attachment":[{"href":"https:\/\/franziskazimmermann.de\/en\/wp-json\/wp\/v2\/media?parent=988478"}],"curies":[{"name":"wp","href":"https:\/\/api.w.org\/{rel}","templated":true}]}}